{"id":1165,"date":"2015-03-01T18:25:00","date_gmt":"2015-03-01T17:25:00","guid":{"rendered":"https:\/\/www.speziell.net\/beta\/?page_id=1165"},"modified":"2023-11-06T11:21:59","modified_gmt":"2023-11-06T10:21:59","slug":"headamp-family","status":"publish","type":"page","link":"https:\/\/www.speziell.net\/beta\/en\/home\/headamp-family\/","title":{"rendered":"HEADAMP FAMILY"},"content":{"rendered":"<div data-elementor-type=\"wp-page\" data-elementor-id=\"1165\" class=\"elementor elementor-1165\" data-elementor-post-type=\"page\">\n\t\t\t\t\t\t<section class=\"elementor-section elementor-top-section elementor-element elementor-element-d4dc1ab elementor-section-boxed elementor-section-height-default elementor-section-height-default\" data-id=\"d4dc1ab\" data-element_type=\"section\" data-e-type=\"section\">\n\t\t\t\t\t\t<div class=\"elementor-container elementor-column-gap-default\">\n\t\t\t\t\t<div class=\"elementor-column elementor-col-100 elementor-top-column elementor-element elementor-element-1f823f7b\" data-id=\"1f823f7b\" data-element_type=\"column\" data-e-type=\"column\">\n\t\t\t<div class=\"elementor-widget-wrap elementor-element-populated\">\n\t\t\t\t\t\t<div class=\"elementor-element elementor-element-3850ff91 elementor-hidden-mobile elementor-hidden-tablet elementor-widget elementor-widget-image\" data-id=\"3850ff91\" data-element_type=\"widget\" data-e-type=\"widget\" data-widget_type=\"image.default\">\n\t\t\t\t<div class=\"elementor-widget-container\">\n\t\t\t\t\t\t\t\t\t\t\t\t\t\t\t\t<a href=\"https:\/\/www.speziell.net\/beta\/en\/home\/\">\n\t\t\t\t\t\t\t<img decoding=\"async\" width=\"100\" height=\"100\" src=\"https:\/\/www.speziell.net\/beta\/wp-content\/uploads\/2023\/02\/speziell_logo_grau-1.svg\" class=\"attachment-large size-large wp-image-731\" alt=\"Designstudio speziell\u00ae \u2013 Fleckenstein Pohlmann Schwer GbR\" \/>\t\t\t\t\t\t\t\t<\/a>\n\t\t\t\t\t\t\t\t\t\t\t\t\t\t\t<\/div>\n\t\t\t\t<\/div>\n\t\t\t\t<div class=\"elementor-element elementor-element-670b9199 elementor-hidden-desktop elementor-widget elementor-widget-image\" data-id=\"670b9199\" data-element_type=\"widget\" data-e-type=\"widget\" data-widget_type=\"image.default\">\n\t\t\t\t<div class=\"elementor-widget-container\">\n\t\t\t\t\t\t\t\t\t\t\t\t\t\t\t\t<a href=\"https:\/\/www.speziell.net\/beta\/en\/home\/\">\n\t\t\t\t\t\t\t<img decoding=\"async\" width=\"100\" height=\"100\" src=\"https:\/\/www.speziell.net\/beta\/wp-content\/uploads\/2023\/03\/speziell_logo_oSubline.svg\" class=\"attachment-large size-large wp-image-2739\" alt=\"\" \/>\t\t\t\t\t\t\t\t<\/a>\n\t\t\t\t\t\t\t\t\t\t\t\t\t\t\t<\/div>\n\t\t\t\t<\/div>\n\t\t\t\t\t<\/div>\n\t\t<\/div>\n\t\t\t\t\t<\/div>\n\t\t<\/section>\n\t\t\t\t<section class=\"elementor-section elementor-top-section elementor-element elementor-element-37e6cb58 elementor-section-boxed elementor-section-height-default elementor-section-height-default\" data-id=\"37e6cb58\" data-element_type=\"section\" data-e-type=\"section\">\n\t\t\t\t\t\t<div class=\"elementor-container elementor-column-gap-default\">\n\t\t\t\t\t<div class=\"elementor-column elementor-col-50 elementor-top-column elementor-element elementor-element-2bc3ea21\" data-id=\"2bc3ea21\" data-element_type=\"column\" data-e-type=\"column\">\n\t\t\t<div class=\"elementor-widget-wrap elementor-element-populated\">\n\t\t\t\t\t\t<div class=\"elementor-element elementor-element-223e8c36 elementor-widget elementor-widget-heading\" data-id=\"223e8c36\" data-element_type=\"widget\" data-e-type=\"widget\" data-widget_type=\"heading.default\">\n\t\t\t\t<div class=\"elementor-widget-container\">\n\t\t\t\t\t<h2 class=\"elementor-heading-title elementor-size-default\">LARS &amp; IVAN: HEADAMP<\/h2>\t\t\t\t<\/div>\n\t\t\t\t<\/div>\n\t\t\t\t<div class=\"elementor-element elementor-element-5244f97b elementor-widget elementor-widget-text-editor\" data-id=\"5244f97b\" data-element_type=\"widget\" data-e-type=\"widget\" data-widget_type=\"text-editor.default\">\n\t\t\t\t<div class=\"elementor-widget-container\">\n\t\t\t\t\t\t\t\t\t<p><strong>Product family of headphone amplifiers<\/strong><\/p>\t\t\t\t\t\t\t\t<\/div>\n\t\t\t\t<\/div>\n\t\t\t\t<div class=\"elementor-element elementor-element-2a1125e4 elementor-widget elementor-widget-text-editor\" data-id=\"2a1125e4\" data-element_type=\"widget\" data-e-type=\"widget\" data-widget_type=\"text-editor.default\">\n\t\t\t\t<div class=\"elementor-widget-container\">\n\t\t\t\t\t\t\t\t\t<p>Class A headphone amplifier with tubes (type 12AX7) in the preamplifier and separate power supply. The front panel has a three-dimensional relief with Y contour. The housing cover can be removed without tools for changing the tubes. Transparent windows on the sides provide a view of the tubes.<\/p><p>Mobile devices complete the series and continue the design idea of the Y contour. \nThe front panel visualises the conversion \/ signal amplification (bottom input, above output). In addition, the rocker function of the volume control is highlighted in the design. The mobile headphone amplifier series has an integrated DAC 384k digital-to-analogue converter (16\/24\/32-bit; DSD 64\/128).<\/p><p>Manufacturer: <br \/><a href=\"https:\/\/larsandivan.com\" target=\"_blank\" rel=\"noopener\">https:\/\/larsandivan.com<\/a><\/p>\t\t\t\t\t\t\t\t<\/div>\n\t\t\t\t<\/div>\n\t\t\t\t\t<\/div>\n\t\t<\/div>\n\t\t\t\t<div class=\"elementor-column elementor-col-50 elementor-top-column elementor-element elementor-element-524e6e7f\" data-id=\"524e6e7f\" data-element_type=\"column\" data-e-type=\"column\">\n\t\t\t<div class=\"elementor-widget-wrap elementor-element-populated\">\n\t\t\t\t\t\t<div class=\"elementor-element elementor-element-296739ea elementor-widget elementor-widget-gallery\" data-id=\"296739ea\" data-element_type=\"widget\" data-e-type=\"widget\" data-settings=\"{&quot;columns&quot;:2,&quot;gallery_layout&quot;:&quot;masonry&quot;,&quot;lazyload&quot;:&quot;yes&quot;,&quot;columns_tablet&quot;:2,&quot;columns_mobile&quot;:1,&quot;gap&quot;:{&quot;unit&quot;:&quot;px&quot;,&quot;size&quot;:10,&quot;sizes&quot;:[]},&quot;gap_tablet&quot;:{&quot;unit&quot;:&quot;px&quot;,&quot;size&quot;:10,&quot;sizes&quot;:[]},&quot;gap_mobile&quot;:{&quot;unit&quot;:&quot;px&quot;,&quot;size&quot;:10,&quot;sizes&quot;:[]},&quot;link_to&quot;:&quot;file&quot;,&quot;overlay_background&quot;:&quot;yes&quot;,&quot;content_hover_animation&quot;:&quot;fade-in&quot;}\" data-widget_type=\"gallery.default\">\n\t\t\t\t<div class=\"elementor-widget-container\">\n\t\t\t\t\t\t\t<div class=\"elementor-gallery__container\">\n\t\t\t\t\t\t\t<a class=\"e-gallery-item elementor-gallery-item elementor-animated-content\" href=\"https:\/\/www.speziell.net\/beta\/wp-content\/uploads\/2023\/03\/2015_LarsIvan_TubeHeadAmp_THA21_by_speziell_LivingRoom.jpg\" data-elementor-open-lightbox=\"yes\" data-elementor-lightbox-slideshow=\"296739ea\" data-elementor-lightbox-title=\"2015_LarsIvan_TubeHeadAmp_THA21_by_speziell_LivingRoom\" data-elementor-lightbox-description=\"Lars &amp; Ivan:  Kopfh\u00f6rerverst\u00e4rker THA 21 by Designstudio speziell\u00ae \u2013 Class A-Ger\u00e4t mit R\u00f6hrentechnik und Netzteil in externem Geh\u00e4use\" data-e-action-hash=\"#elementor-action%3Aaction%3Dlightbox%26settings%3DeyJpZCI6MTE1MSwidXJsIjoiaHR0cHM6XC9cL3d3dy5zcGV6aWVsbC5uZXRcL2JldGFcL3dwLWNvbnRlbnRcL3VwbG9hZHNcLzIwMjNcLzAzXC8yMDE1X0xhcnNJdmFuX1R1YmVIZWFkQW1wX1RIQTIxX2J5X3NwZXppZWxsX0xpdmluZ1Jvb20uanBnIiwic2xpZGVzaG93IjoiMjk2NzM5ZWEifQ%3D%3D\">\n\t\t\t\t\t<div class=\"e-gallery-image elementor-gallery-item__image\" data-thumbnail=\"https:\/\/www.speziell.net\/beta\/wp-content\/uploads\/2023\/03\/2015_LarsIvan_TubeHeadAmp_THA21_by_speziell_LivingRoom-768x768.jpg\" data-width=\"768\" data-height=\"768\" aria-label=\"Lars &amp; Ivan: Kopfh\u00f6rerverst\u00e4rker THA 21 by Designstudio speziell\u00ae \u2013 Class A-Ger\u00e4t mit R\u00f6hrentechnik und Netzteil in externem Geh\u00e4use\" role=\"img\" ><\/div>\n\t\t\t\t\t\t\t\t\t\t\t<div class=\"elementor-gallery-item__overlay\"><\/div>\n\t\t\t\t\t\t\t\t\t\t\t\t\t\t<\/a>\n\t\t\t\t\t\t\t<a class=\"e-gallery-item elementor-gallery-item elementor-animated-content\" href=\"https:\/\/www.speziell.net\/beta\/wp-content\/uploads\/2023\/03\/2015_LarsIvan_HeadAmp_DACFire384_by_speziell_Hand.jpg\" data-elementor-open-lightbox=\"yes\" data-elementor-lightbox-slideshow=\"296739ea\" data-elementor-lightbox-title=\"2015_LarsIvan_HeadAmp_DACFire384_by_speziell_Hand\" data-elementor-lightbox-description=\"Lars &amp; Ivan: Mobiler Kopfh\u00f6rerverst\u00e4rker DAC Fire 364 by Designstudio speziell\u00ae \u2013 F\u00fcr HighRes Audio\" data-e-action-hash=\"#elementor-action%3Aaction%3Dlightbox%26settings%3DeyJpZCI6MTE0NywidXJsIjoiaHR0cHM6XC9cL3d3dy5zcGV6aWVsbC5uZXRcL2JldGFcL3dwLWNvbnRlbnRcL3VwbG9hZHNcLzIwMjNcLzAzXC8yMDE1X0xhcnNJdmFuX0hlYWRBbXBfREFDRmlyZTM4NF9ieV9zcGV6aWVsbF9IYW5kLmpwZyIsInNsaWRlc2hvdyI6IjI5NjczOWVhIn0%3D\">\n\t\t\t\t\t<div class=\"e-gallery-image elementor-gallery-item__image\" data-thumbnail=\"https:\/\/www.speziell.net\/beta\/wp-content\/uploads\/2023\/03\/2015_LarsIvan_HeadAmp_DACFire384_by_speziell_Hand-768x512.jpg\" data-width=\"768\" data-height=\"512\" aria-label=\"Lars &amp; Ivan: Mobiler Kopfh\u00f6rerverst\u00e4rker DAC Fire 364 by Designstudio speziell\u00ae \u2013 F\u00fcr HighRes Audio\" role=\"img\" ><\/div>\n\t\t\t\t\t\t\t\t\t\t\t<div class=\"elementor-gallery-item__overlay\"><\/div>\n\t\t\t\t\t\t\t\t\t\t\t\t\t\t<\/a>\n\t\t\t\t\t\t\t<a class=\"e-gallery-item elementor-gallery-item elementor-animated-content\" href=\"https:\/\/www.speziell.net\/beta\/wp-content\/uploads\/2023\/03\/2015_LarsIvan_HeadAmp_dac-Fire_by_speziell_FreistellerRGB.jpg\" data-elementor-open-lightbox=\"yes\" data-elementor-lightbox-slideshow=\"296739ea\" data-elementor-lightbox-title=\"2015_LarsIvan_HeadAmp_dac Fire_by_speziell_FreistellerRGB\" data-elementor-lightbox-description=\"Lars &amp; Ivan: Mobiler Kopfh\u00f6rerverst\u00e4rker DAC Fire by Designstudio speziell\u00ae \u2013 Produktaufnahme\" data-e-action-hash=\"#elementor-action%3Aaction%3Dlightbox%26settings%3DeyJpZCI6MTE1NCwidXJsIjoiaHR0cHM6XC9cL3d3dy5zcGV6aWVsbC5uZXRcL2JldGFcL3dwLWNvbnRlbnRcL3VwbG9hZHNcLzIwMjNcLzAzXC8yMDE1X0xhcnNJdmFuX0hlYWRBbXBfZGFjLUZpcmVfYnlfc3BlemllbGxfRnJlaXN0ZWxsZXJSR0IuanBnIiwic2xpZGVzaG93IjoiMjk2NzM5ZWEifQ%3D%3D\">\n\t\t\t\t\t<div class=\"e-gallery-image elementor-gallery-item__image\" data-thumbnail=\"https:\/\/www.speziell.net\/beta\/wp-content\/uploads\/2023\/03\/2015_LarsIvan_HeadAmp_dac-Fire_by_speziell_FreistellerRGB-768x512.jpg\" data-width=\"768\" data-height=\"512\" aria-label=\"Lars &amp; Ivan: Mobiler Kopfh\u00f6rerverst\u00e4rker DAC Fire by Designstudio speziell\u00ae \u2013 Produktaufnahme\" role=\"img\" ><\/div>\n\t\t\t\t\t\t\t\t\t\t\t<div class=\"elementor-gallery-item__overlay\"><\/div>\n\t\t\t\t\t\t\t\t\t\t\t\t\t\t<\/a>\n\t\t\t\t\t\t\t<a class=\"e-gallery-item elementor-gallery-item elementor-animated-content\" href=\"https:\/\/www.speziell.net\/beta\/wp-content\/uploads\/2023\/03\/2015_LarsIvan_HeadAmp_DVA32_by_speziell_Kopfhoerer_2.jpg\" data-elementor-open-lightbox=\"yes\" data-elementor-lightbox-slideshow=\"296739ea\" data-elementor-lightbox-title=\"2015_LarsIvan_HeadAmp_DVA32_by_speziell_Kopfh\u00f6rer_2\" data-elementor-lightbox-description=\"Lars &amp; Ivan: Mobiler Kopfh\u00f6rerverst\u00e4rker DVA 32 by Designstudio speziell\u00ae \u2013 Mobilger\u00e4t mit R\u00f6hrentechnik\" data-e-action-hash=\"#elementor-action%3Aaction%3Dlightbox%26settings%3DeyJpZCI6MTE0OSwidXJsIjoiaHR0cHM6XC9cL3d3dy5zcGV6aWVsbC5uZXRcL2JldGFcL3dwLWNvbnRlbnRcL3VwbG9hZHNcLzIwMjNcLzAzXC8yMDE1X0xhcnNJdmFuX0hlYWRBbXBfRFZBMzJfYnlfc3BlemllbGxfS29wZmhvZXJlcl8yLmpwZyIsInNsaWRlc2hvdyI6IjI5NjczOWVhIn0%3D\">\n\t\t\t\t\t<div class=\"e-gallery-image elementor-gallery-item__image\" data-thumbnail=\"https:\/\/www.speziell.net\/beta\/wp-content\/uploads\/2023\/03\/2015_LarsIvan_HeadAmp_DVA32_by_speziell_Kopfhoerer_2-768x512.jpg\" data-width=\"768\" data-height=\"512\" aria-label=\"Lars &amp; Ivan: Mobiler Kopfh\u00f6rerverst\u00e4rker DVA 32 by Designstudio speziell\u00ae \u2013 Mobilger\u00e4t mit R\u00f6hrentechnik\" role=\"img\" ><\/div>\n\t\t\t\t\t\t\t\t\t\t\t<div class=\"elementor-gallery-item__overlay\"><\/div>\n\t\t\t\t\t\t\t\t\t\t\t\t\t\t<\/a>\n\t\t\t\t\t\t\t<a class=\"e-gallery-item elementor-gallery-item elementor-animated-content\" href=\"https:\/\/www.speziell.net\/beta\/wp-content\/uploads\/2023\/03\/2015_LarsIvan_HeadAmp_dac-Fire_by_speziell_Laptop_2.jpg\" data-elementor-open-lightbox=\"yes\" data-elementor-lightbox-slideshow=\"296739ea\" data-elementor-lightbox-title=\"2015_LarsIvan_HeadAmp_dac Fire_by_speziell_Laptop_2\" data-elementor-lightbox-description=\"Lars &amp; Ivan: Mobiler Kopfh\u00f6rerverst\u00e4rker DAC Fire by Designstudio speziell\u00ae \u2013 Produktnutzung mit Laptop\" data-e-action-hash=\"#elementor-action%3Aaction%3Dlightbox%26settings%3DeyJpZCI6MTE0NSwidXJsIjoiaHR0cHM6XC9cL3d3dy5zcGV6aWVsbC5uZXRcL2JldGFcL3dwLWNvbnRlbnRcL3VwbG9hZHNcLzIwMjNcLzAzXC8yMDE1X0xhcnNJdmFuX0hlYWRBbXBfZGFjLUZpcmVfYnlfc3BlemllbGxfTGFwdG9wXzIuanBnIiwic2xpZGVzaG93IjoiMjk2NzM5ZWEifQ%3D%3D\">\n\t\t\t\t\t<div class=\"e-gallery-image elementor-gallery-item__image\" data-thumbnail=\"https:\/\/www.speziell.net\/beta\/wp-content\/uploads\/2023\/03\/2015_LarsIvan_HeadAmp_dac-Fire_by_speziell_Laptop_2-768x512.jpg\" data-width=\"768\" data-height=\"512\" aria-label=\"Lars &amp; Ivan: Mobiler Kopfh\u00f6rerverst\u00e4rker DAC Fire by Designstudio speziell\u00ae \u2013 Produktnutzung mit Laptop\" role=\"img\" ><\/div>\n\t\t\t\t\t\t\t\t\t\t\t<div class=\"elementor-gallery-item__overlay\"><\/div>\n\t\t\t\t\t\t\t\t\t\t\t\t\t\t<\/a>\n\t\t\t\t\t\t\t<a class=\"e-gallery-item elementor-gallery-item elementor-animated-content\" href=\"https:\/\/www.speziell.net\/beta\/wp-content\/uploads\/2023\/03\/2015_LarsIvan_HeadAmp_DAH32_by_speziell_Kopfhoerer_2.jpg\" data-elementor-open-lightbox=\"yes\" data-elementor-lightbox-slideshow=\"296739ea\" data-elementor-lightbox-title=\"2015_LarsIvan_HeadAmp_DAH32_by_speziell_Kopfh\u00f6rer_2\" data-elementor-lightbox-description=\"Lars &amp; Ivan: Mobiler Kopfh\u00f6rerverst\u00e4rker DAH 32 by Designstudio speziell\u00ae \u2013 Nutzung mit Smartphone\" data-e-action-hash=\"#elementor-action%3Aaction%3Dlightbox%26settings%3DeyJpZCI6MTE0OCwidXJsIjoiaHR0cHM6XC9cL3d3dy5zcGV6aWVsbC5uZXRcL2JldGFcL3dwLWNvbnRlbnRcL3VwbG9hZHNcLzIwMjNcLzAzXC8yMDE1X0xhcnNJdmFuX0hlYWRBbXBfREFIMzJfYnlfc3BlemllbGxfS29wZmhvZXJlcl8yLmpwZyIsInNsaWRlc2hvdyI6IjI5NjczOWVhIn0%3D\">\n\t\t\t\t\t<div class=\"e-gallery-image elementor-gallery-item__image\" data-thumbnail=\"https:\/\/www.speziell.net\/beta\/wp-content\/uploads\/2023\/03\/2015_LarsIvan_HeadAmp_DAH32_by_speziell_Kopfhoerer_2-768x1152.jpg\" data-width=\"768\" data-height=\"1152\" aria-label=\"Lars &amp; Ivan: Mobiler Kopfh\u00f6rerverst\u00e4rker DAH 32 by Designstudio speziell\u00ae \u2013 Nutzung mit Smartphone\" role=\"img\" ><\/div>\n\t\t\t\t\t\t\t\t\t\t\t<div class=\"elementor-gallery-item__overlay\"><\/div>\n\t\t\t\t\t\t\t\t\t\t\t\t\t\t<\/a>\n\t\t\t\t\t\t\t<a class=\"e-gallery-item elementor-gallery-item elementor-animated-content\" href=\"https:\/\/www.speziell.net\/beta\/wp-content\/uploads\/2023\/03\/2015_LarsIvan_TubeHeadAmp_THA21_by_speziell_Detail_1.jpg\" data-elementor-open-lightbox=\"yes\" data-elementor-lightbox-slideshow=\"296739ea\" data-elementor-lightbox-title=\"2015_LarsIvan_TubeHeadAmp_THA21_by_speziell_Detail_1\" data-elementor-lightbox-description=\"Lars &amp; Ivan:  Kopfh\u00f6rerverst\u00e4rker THA 21 by Designstudio speziell\u00ae \u2013 Class A-Ger\u00e4t mit R\u00f6hrentechnik und Netzteil in externem Geh\u00e4use\" data-e-action-hash=\"#elementor-action%3Aaction%3Dlightbox%26settings%3DeyJpZCI6MTE1MCwidXJsIjoiaHR0cHM6XC9cL3d3dy5zcGV6aWVsbC5uZXRcL2JldGFcL3dwLWNvbnRlbnRcL3VwbG9hZHNcLzIwMjNcLzAzXC8yMDE1X0xhcnNJdmFuX1R1YmVIZWFkQW1wX1RIQTIxX2J5X3NwZXppZWxsX0RldGFpbF8xLmpwZyIsInNsaWRlc2hvdyI6IjI5NjczOWVhIn0%3D\">\n\t\t\t\t\t<div class=\"e-gallery-image elementor-gallery-item__image\" data-thumbnail=\"https:\/\/www.speziell.net\/beta\/wp-content\/uploads\/2023\/03\/2015_LarsIvan_TubeHeadAmp_THA21_by_speziell_Detail_1-768x768.jpg\" data-width=\"768\" data-height=\"768\" aria-label=\"Lars &amp; Ivan: Kopfh\u00f6rerverst\u00e4rker THA 21 by Designstudio speziell\u00ae \u2013 Class A-Ger\u00e4t mit R\u00f6hrentechnik und Netzteil in externem Geh\u00e4use\" role=\"img\" ><\/div>\n\t\t\t\t\t\t\t\t\t\t\t<div class=\"elementor-gallery-item__overlay\"><\/div>\n\t\t\t\t\t\t\t\t\t\t\t\t\t\t<\/a>\n\t\t\t\t\t<\/div>\n\t\t\t\t\t<\/div>\n\t\t\t\t<\/div>\n\t\t\t\t\t<\/div>\n\t\t<\/div>\n\t\t\t\t\t<\/div>\n\t\t<\/section>\n\t\t\t\t<\/div>","protected":false},"excerpt":{"rendered":"<p>LARS &amp; IVAN: HEADAMP Produktfamilie von Kopfh\u00f6rer-Verst\u00e4rkern Class A Kopfh\u00f6rerverst\u00e4rker mit Elektronenr\u00f6hren (Typ 12AX7) im Vorverst\u00e4rker und getrenntem Netzteil. Die Frontblende verf\u00fcgt \u00fcber ein dreidimensionales Relief mit Y-Kontur. Der Geh\u00e4usedeckel kann zum Wechseln der R\u00f6hren werkzeuglos abgenommen werden. Sichtfenster an den Seiten geben den Blick auf die R\u00f6hren frei. Mobilger\u00e4te erg\u00e4nzen die Serie und f\u00fchren [&hellip;]<\/p>\n","protected":false},"author":1,"featured_media":1150,"parent":9,"menu_order":0,"comment_status":"closed","ping_status":"closed","template":"","meta":{"footnotes":""},"class_list":["post-1165","page","type-page","status-publish","has-post-thumbnail","hentry"],"_links":{"self":[{"href":"https:\/\/www.speziell.net\/beta\/en\/wp-json\/wp\/v2\/pages\/1165","targetHints":{"allow":["GET"]}}],"collection":[{"href":"https:\/\/www.speziell.net\/beta\/en\/wp-json\/wp\/v2\/pages"}],"about":[{"href":"https:\/\/www.speziell.net\/beta\/en\/wp-json\/wp\/v2\/types\/page"}],"author":[{"embeddable":true,"href":"https:\/\/www.speziell.net\/beta\/en\/wp-json\/wp\/v2\/users\/1"}],"replies":[{"embeddable":true,"href":"https:\/\/www.speziell.net\/beta\/en\/wp-json\/wp\/v2\/comments?post=1165"}],"version-history":[{"count":123,"href":"https:\/\/www.speziell.net\/beta\/en\/wp-json\/wp\/v2\/pages\/1165\/revisions"}],"predecessor-version":[{"id":5027,"href":"https:\/\/www.speziell.net\/beta\/en\/wp-json\/wp\/v2\/pages\/1165\/revisions\/5027"}],"up":[{"embeddable":true,"href":"https:\/\/www.speziell.net\/beta\/en\/wp-json\/wp\/v2\/pages\/9"}],"wp:featuredmedia":[{"embeddable":true,"href":"https:\/\/www.speziell.net\/beta\/en\/wp-json\/wp\/v2\/media\/1150"}],"wp:attachment":[{"href":"https:\/\/www.speziell.net\/beta\/en\/wp-json\/wp\/v2\/media?parent=1165"}],"curies":[{"name":"wp","href":"https:\/\/api.w.org\/{rel}","templated":true}]}}