{"id":1943,"date":"2005-03-06T17:26:00","date_gmt":"2005-03-06T16:26:00","guid":{"rendered":"https:\/\/www.speziell.net\/beta\/?page_id=1943"},"modified":"2023-10-31T11:37:05","modified_gmt":"2023-10-31T10:37:05","slug":"aura","status":"publish","type":"page","link":"https:\/\/www.speziell.net\/beta\/en\/home\/aura\/","title":{"rendered":"AURA"},"content":{"rendered":"<div data-elementor-type=\"wp-page\" data-elementor-id=\"1943\" class=\"elementor elementor-1943\" data-elementor-post-type=\"page\">\n\t\t\t\t\t\t<section class=\"elementor-section elementor-top-section elementor-element elementor-element-fcdb30e elementor-section-boxed elementor-section-height-default elementor-section-height-default\" data-id=\"fcdb30e\" data-element_type=\"section\" data-e-type=\"section\">\n\t\t\t\t\t\t<div class=\"elementor-container elementor-column-gap-default\">\n\t\t\t\t\t<div class=\"elementor-column elementor-col-100 elementor-top-column elementor-element elementor-element-6fa51c17\" data-id=\"6fa51c17\" data-element_type=\"column\" data-e-type=\"column\">\n\t\t\t<div class=\"elementor-widget-wrap elementor-element-populated\">\n\t\t\t\t\t\t<div class=\"elementor-element elementor-element-1a7012aa elementor-hidden-mobile elementor-hidden-tablet elementor-widget elementor-widget-image\" data-id=\"1a7012aa\" data-element_type=\"widget\" data-e-type=\"widget\" data-widget_type=\"image.default\">\n\t\t\t\t<div class=\"elementor-widget-container\">\n\t\t\t\t\t\t\t\t\t\t\t\t\t\t\t\t<a href=\"https:\/\/www.speziell.net\/beta\/en\/home\/\">\n\t\t\t\t\t\t\t<img decoding=\"async\" width=\"100\" height=\"100\" src=\"https:\/\/www.speziell.net\/beta\/wp-content\/uploads\/2023\/02\/speziell_logo_grau-1.svg\" class=\"attachment-large size-large wp-image-731\" alt=\"Designstudio speziell\u00ae \u2013 Fleckenstein Pohlmann Schwer GbR\" \/>\t\t\t\t\t\t\t\t<\/a>\n\t\t\t\t\t\t\t\t\t\t\t\t\t\t\t<\/div>\n\t\t\t\t<\/div>\n\t\t\t\t<div class=\"elementor-element elementor-element-caa0eb4 elementor-hidden-desktop elementor-widget elementor-widget-image\" data-id=\"caa0eb4\" data-element_type=\"widget\" data-e-type=\"widget\" data-widget_type=\"image.default\">\n\t\t\t\t<div class=\"elementor-widget-container\">\n\t\t\t\t\t\t\t\t\t\t\t\t\t\t\t\t<a href=\"https:\/\/www.speziell.net\/beta\/en\/home\/\">\n\t\t\t\t\t\t\t<img decoding=\"async\" width=\"100\" height=\"100\" src=\"https:\/\/www.speziell.net\/beta\/wp-content\/uploads\/2023\/03\/speziell_logo_oSubline.svg\" class=\"attachment-large size-large wp-image-2739\" alt=\"\" \/>\t\t\t\t\t\t\t\t<\/a>\n\t\t\t\t\t\t\t\t\t\t\t\t\t\t\t<\/div>\n\t\t\t\t<\/div>\n\t\t\t\t\t<\/div>\n\t\t<\/div>\n\t\t\t\t\t<\/div>\n\t\t<\/section>\n\t\t\t\t<section class=\"elementor-section elementor-top-section elementor-element elementor-element-76b3f66 elementor-section-boxed elementor-section-height-default elementor-section-height-default\" data-id=\"76b3f66\" data-element_type=\"section\" data-e-type=\"section\">\n\t\t\t\t\t\t<div class=\"elementor-container elementor-column-gap-default\">\n\t\t\t\t\t<div class=\"elementor-column elementor-col-50 elementor-top-column elementor-element elementor-element-41a2e57d\" data-id=\"41a2e57d\" data-element_type=\"column\" data-e-type=\"column\">\n\t\t\t<div class=\"elementor-widget-wrap elementor-element-populated\">\n\t\t\t\t\t\t<div class=\"elementor-element elementor-element-39fed358 elementor-widget elementor-widget-heading\" data-id=\"39fed358\" data-element_type=\"widget\" data-e-type=\"widget\" data-widget_type=\"heading.default\">\n\t\t\t\t<div class=\"elementor-widget-container\">\n\t\t\t\t\t<h2 class=\"elementor-heading-title elementor-size-default\">SPEZIELL: AURA KOLLEKTION<\/h2>\t\t\t\t<\/div>\n\t\t\t\t<\/div>\n\t\t\t\t<div class=\"elementor-element elementor-element-1d8ed7b7 elementor-widget elementor-widget-text-editor\" data-id=\"1d8ed7b7\" data-element_type=\"widget\" data-e-type=\"widget\" data-widget_type=\"text-editor.default\">\n\t\t\t\t<div class=\"elementor-widget-container\">\n\t\t\t\t\t\t\t\t\t<p><strong><span class=\"text\">Furniture with radiating color effect<\/span><a class=\"linktext\" href=\"file:\/\/\/\/\/DiskStation\/Intern\/speziell_Homepage\/speziell_web1\/rel_01_16_Mai12_Slideshow\/html_deutsch\/abstrahleffekt.htm\" target=\"content\">\u00a0<\/a><\/strong><\/p>\t\t\t\t\t\t\t\t<\/div>\n\t\t\t\t<\/div>\n\t\t\t\t<div class=\"elementor-element elementor-element-8ee9a1b elementor-widget elementor-widget-text-editor\" data-id=\"8ee9a1b\" data-element_type=\"widget\" data-e-type=\"widget\" data-widget_type=\"text-editor.default\">\n\t\t\t\t<div class=\"elementor-widget-container\">\n\t\t\t\t\t\t\t\t\t<p class=\"text\">In the small furniture series, individual surfaces facing away from the view are covered with a strong colour. The intense luminosity alone causes the respective colour tone to radiate onto neighbouring white carcase parts or wall surfaces. Depending on changing lighting situations within a room this fascinating effect emerges strongly or subtly. This indirect colouring effect gives these objects a kind of \"aura\".<\/p><p class=\"text\">SHELF-MODULE: The asymmetrical modules can be arranged to various shelf formations. Depending on the chosen structure the result is more calm or vivid. The tilted base prevents the books from falling.<\/p><p class=\"text\">SIDE TABLE: The side tables two inner compartments can be used as storage room for magazines and books. Tabletop and stand seem to shape a closed unity, appearing more linear or laminar - depending on the point of view.<\/p><p class=\"text\">CD-BOARD: The shelfs tilted frame causes perspective confusion. The object-like character can be enhanced by combining several modules.<\/p>\t\t\t\t\t\t\t\t<\/div>\n\t\t\t\t<\/div>\n\t\t\t\t\t<\/div>\n\t\t<\/div>\n\t\t\t\t<div class=\"elementor-column elementor-col-50 elementor-top-column elementor-element elementor-element-31b44e14\" data-id=\"31b44e14\" data-element_type=\"column\" data-e-type=\"column\">\n\t\t\t<div class=\"elementor-widget-wrap elementor-element-populated\">\n\t\t\t\t\t\t<div class=\"elementor-element elementor-element-56b7cbe3 elementor-widget elementor-widget-gallery\" data-id=\"56b7cbe3\" data-element_type=\"widget\" data-e-type=\"widget\" data-settings=\"{&quot;gallery_layout&quot;:&quot;masonry&quot;,&quot;columns&quot;:2,&quot;lazyload&quot;:&quot;yes&quot;,&quot;columns_tablet&quot;:2,&quot;columns_mobile&quot;:1,&quot;gap&quot;:{&quot;unit&quot;:&quot;px&quot;,&quot;size&quot;:10,&quot;sizes&quot;:[]},&quot;gap_tablet&quot;:{&quot;unit&quot;:&quot;px&quot;,&quot;size&quot;:10,&quot;sizes&quot;:[]},&quot;gap_mobile&quot;:{&quot;unit&quot;:&quot;px&quot;,&quot;size&quot;:10,&quot;sizes&quot;:[]},&quot;link_to&quot;:&quot;file&quot;,&quot;overlay_background&quot;:&quot;yes&quot;,&quot;content_hover_animation&quot;:&quot;fade-in&quot;}\" data-widget_type=\"gallery.default\">\n\t\t\t\t<div class=\"elementor-widget-container\">\n\t\t\t\t\t\t\t<div class=\"elementor-gallery__container\">\n\t\t\t\t\t\t\t<a class=\"e-gallery-item elementor-gallery-item elementor-animated-content\" href=\"https:\/\/www.speziell.net\/beta\/wp-content\/uploads\/2023\/03\/2005_AURA_by_speziell_board-drei.jpg\" data-elementor-open-lightbox=\"yes\" data-elementor-lightbox-slideshow=\"56b7cbe3\" data-elementor-lightbox-title=\"2005_AURA_by_speziell_board drei\" data-elementor-lightbox-description=\"Aura Kollektion by Designstudio speziell\u00ae \u2013 CD-Regal mit faszinierendem Abstrahleffekt an der Wand\" data-e-action-hash=\"#elementor-action%3Aaction%3Dlightbox%26settings%3DeyJpZCI6MTk0NCwidXJsIjoiaHR0cHM6XC9cL3d3dy5zcGV6aWVsbC5uZXRcL2JldGFcL3dwLWNvbnRlbnRcL3VwbG9hZHNcLzIwMjNcLzAzXC8yMDA1X0FVUkFfYnlfc3BlemllbGxfYm9hcmQtZHJlaS5qcGciLCJzbGlkZXNob3ciOiI1NmI3Y2JlMyJ9\">\n\t\t\t\t\t<div class=\"e-gallery-image elementor-gallery-item__image\" data-thumbnail=\"https:\/\/www.speziell.net\/beta\/wp-content\/uploads\/2023\/03\/2005_AURA_by_speziell_board-drei-683x1024.jpg\" data-width=\"683\" data-height=\"1024\" aria-label=\"Aura Kollektion by Designstudio speziell\u00ae \u2013 CD-Regal mit faszinierendem Abstrahleffekt an der Wand\" role=\"img\" ><\/div>\n\t\t\t\t\t\t\t\t\t\t\t<div class=\"elementor-gallery-item__overlay\"><\/div>\n\t\t\t\t\t\t\t\t\t\t\t\t\t\t<\/a>\n\t\t\t\t\t\t\t<a class=\"e-gallery-item elementor-gallery-item elementor-animated-content\" href=\"https:\/\/www.speziell.net\/beta\/wp-content\/uploads\/2023\/03\/2005_AURA_by_speziell_board-einzeln.jpg\" data-elementor-open-lightbox=\"yes\" data-elementor-lightbox-slideshow=\"56b7cbe3\" data-elementor-lightbox-title=\"2005_AURA_by_speziell_board einzeln\" data-elementor-lightbox-description=\"Aura Kollektion by Designstudio speziell\u00ae \u2013 CD-Regal mit faszinierendem Abstrahleffekt an der Wand\" data-e-action-hash=\"#elementor-action%3Aaction%3Dlightbox%26settings%3DeyJpZCI6MTk0NSwidXJsIjoiaHR0cHM6XC9cL3d3dy5zcGV6aWVsbC5uZXRcL2JldGFcL3dwLWNvbnRlbnRcL3VwbG9hZHNcLzIwMjNcLzAzXC8yMDA1X0FVUkFfYnlfc3BlemllbGxfYm9hcmQtZWluemVsbi5qcGciLCJzbGlkZXNob3ciOiI1NmI3Y2JlMyJ9\">\n\t\t\t\t\t<div class=\"e-gallery-image elementor-gallery-item__image\" data-thumbnail=\"https:\/\/www.speziell.net\/beta\/wp-content\/uploads\/2023\/03\/2005_AURA_by_speziell_board-einzeln-1024x683.jpg\" data-width=\"800\" data-height=\"534\" aria-label=\"Aura Kollektion by Designstudio speziell\u00ae \u2013 CD-Regal mit faszinierendem Abstrahleffekt an der Wand\" role=\"img\" ><\/div>\n\t\t\t\t\t\t\t\t\t\t\t<div class=\"elementor-gallery-item__overlay\"><\/div>\n\t\t\t\t\t\t\t\t\t\t\t\t\t\t<\/a>\n\t\t\t\t\t\t\t<a class=\"e-gallery-item elementor-gallery-item elementor-animated-content\" href=\"https:\/\/www.speziell.net\/beta\/wp-content\/uploads\/2023\/03\/2005_AURA_by_speziell_shelf.jpg\" data-elementor-open-lightbox=\"yes\" data-elementor-lightbox-slideshow=\"56b7cbe3\" data-elementor-lightbox-title=\"2005_AURA_by_speziell_shelf\" data-elementor-lightbox-description=\"Aura Kollektion by Designstudio speziell\u00ae \u2013 Regalmodule f\u00fcr B\u00fccher\" data-e-action-hash=\"#elementor-action%3Aaction%3Dlightbox%26settings%3DeyJpZCI6MTk0NiwidXJsIjoiaHR0cHM6XC9cL3d3dy5zcGV6aWVsbC5uZXRcL2JldGFcL3dwLWNvbnRlbnRcL3VwbG9hZHNcLzIwMjNcLzAzXC8yMDA1X0FVUkFfYnlfc3BlemllbGxfc2hlbGYuanBnIiwic2xpZGVzaG93IjoiNTZiN2NiZTMifQ%3D%3D\">\n\t\t\t\t\t<div class=\"e-gallery-image elementor-gallery-item__image\" data-thumbnail=\"https:\/\/www.speziell.net\/beta\/wp-content\/uploads\/2023\/03\/2005_AURA_by_speziell_shelf-1024x885.jpg\" data-width=\"800\" data-height=\"691\" aria-label=\"Aura Kollektion by Designstudio speziell\u00ae \u2013 Regalmodule f\u00fcr B\u00fccher\" role=\"img\" ><\/div>\n\t\t\t\t\t\t\t\t\t\t\t<div class=\"elementor-gallery-item__overlay\"><\/div>\n\t\t\t\t\t\t\t\t\t\t\t\t\t\t<\/a>\n\t\t\t\t\t\t\t<a class=\"e-gallery-item elementor-gallery-item elementor-animated-content\" href=\"https:\/\/www.speziell.net\/beta\/wp-content\/uploads\/2023\/03\/2005_AURA_by_speziell_shelf_Gruppe-1.jpg\" data-elementor-open-lightbox=\"yes\" data-elementor-lightbox-slideshow=\"56b7cbe3\" data-elementor-lightbox-title=\"2005_AURA_by_speziell_shelf_Gruppe\" data-elementor-lightbox-description=\"Aura Kollektion by Designstudio speziell\u00ae \u2013 Wand mit Regalmodulen\" data-e-action-hash=\"#elementor-action%3Aaction%3Dlightbox%26settings%3DeyJpZCI6MTk1MiwidXJsIjoiaHR0cHM6XC9cL3d3dy5zcGV6aWVsbC5uZXRcL2JldGFcL3dwLWNvbnRlbnRcL3VwbG9hZHNcLzIwMjNcLzAzXC8yMDA1X0FVUkFfYnlfc3BlemllbGxfc2hlbGZfR3J1cHBlLTEuanBnIiwic2xpZGVzaG93IjoiNTZiN2NiZTMifQ%3D%3D\">\n\t\t\t\t\t<div class=\"e-gallery-image elementor-gallery-item__image\" data-thumbnail=\"https:\/\/www.speziell.net\/beta\/wp-content\/uploads\/2023\/03\/2005_AURA_by_speziell_shelf_Gruppe-1-1024x739.jpg\" data-width=\"800\" data-height=\"577\" aria-label=\"Aura Kollektion by Designstudio speziell\u00ae \u2013 Wand mit Regalmodulen\" role=\"img\" ><\/div>\n\t\t\t\t\t\t\t\t\t\t\t<div class=\"elementor-gallery-item__overlay\"><\/div>\n\t\t\t\t\t\t\t\t\t\t\t\t\t\t<\/a>\n\t\t\t\t\t\t\t<a class=\"e-gallery-item elementor-gallery-item elementor-animated-content\" href=\"https:\/\/www.speziell.net\/beta\/wp-content\/uploads\/2023\/03\/2005_AURA_by_speziell_shelf_Freisteller.jpg\" data-elementor-open-lightbox=\"yes\" data-elementor-lightbox-slideshow=\"56b7cbe3\" data-elementor-lightbox-title=\"2005_AURA_by_speziell_shelf_Freisteller\" data-elementor-lightbox-description=\"Aura Kollektion by Designstudio speziell\u00ae \u2013 Regalmodule f\u00fcr B\u00fccher\" data-e-action-hash=\"#elementor-action%3Aaction%3Dlightbox%26settings%3DeyJpZCI6MTk0NywidXJsIjoiaHR0cHM6XC9cL3d3dy5zcGV6aWVsbC5uZXRcL2JldGFcL3dwLWNvbnRlbnRcL3VwbG9hZHNcLzIwMjNcLzAzXC8yMDA1X0FVUkFfYnlfc3BlemllbGxfc2hlbGZfRnJlaXN0ZWxsZXIuanBnIiwic2xpZGVzaG93IjoiNTZiN2NiZTMifQ%3D%3D\">\n\t\t\t\t\t<div class=\"e-gallery-image elementor-gallery-item__image\" data-thumbnail=\"https:\/\/www.speziell.net\/beta\/wp-content\/uploads\/2023\/03\/2005_AURA_by_speziell_shelf_Freisteller-1024x683.jpg\" data-width=\"800\" data-height=\"534\" aria-label=\"Aura Kollektion by Designstudio speziell\u00ae \u2013 Regalmodule f\u00fcr B\u00fccher\" role=\"img\" ><\/div>\n\t\t\t\t\t\t\t\t\t\t\t<div class=\"elementor-gallery-item__overlay\"><\/div>\n\t\t\t\t\t\t\t\t\t\t\t\t\t\t<\/a>\n\t\t\t\t\t\t\t<a class=\"e-gallery-item elementor-gallery-item elementor-animated-content\" href=\"https:\/\/www.speziell.net\/beta\/wp-content\/uploads\/2023\/03\/2005_AURA_by_speziell_side-table.jpg\" data-elementor-open-lightbox=\"yes\" data-elementor-lightbox-slideshow=\"56b7cbe3\" data-elementor-lightbox-title=\"2005_AURA_by_speziell_side table\" data-elementor-lightbox-description=\"Aura Kollektion by Designstudio speziell\u00ae \u2013 Beistelltisch\" data-e-action-hash=\"#elementor-action%3Aaction%3Dlightbox%26settings%3DeyJpZCI6MTk0OSwidXJsIjoiaHR0cHM6XC9cL3d3dy5zcGV6aWVsbC5uZXRcL2JldGFcL3dwLWNvbnRlbnRcL3VwbG9hZHNcLzIwMjNcLzAzXC8yMDA1X0FVUkFfYnlfc3BlemllbGxfc2lkZS10YWJsZS5qcGciLCJzbGlkZXNob3ciOiI1NmI3Y2JlMyJ9\">\n\t\t\t\t\t<div class=\"e-gallery-image elementor-gallery-item__image\" data-thumbnail=\"https:\/\/www.speziell.net\/beta\/wp-content\/uploads\/2023\/03\/2005_AURA_by_speziell_side-table-1024x683.jpg\" data-width=\"800\" data-height=\"534\" aria-label=\"Aura Kollektion by Designstudio speziell\u00ae \u2013 Beistelltisch\" role=\"img\" ><\/div>\n\t\t\t\t\t\t\t\t\t\t\t<div class=\"elementor-gallery-item__overlay\"><\/div>\n\t\t\t\t\t\t\t\t\t\t\t\t\t\t<\/a>\n\t\t\t\t\t\t\t<a class=\"e-gallery-item elementor-gallery-item elementor-animated-content\" href=\"https:\/\/www.speziell.net\/beta\/wp-content\/uploads\/2023\/03\/2005_AURA_by_speziell_side-table_Freisteller.jpg\" data-elementor-open-lightbox=\"yes\" data-elementor-lightbox-slideshow=\"56b7cbe3\" data-elementor-lightbox-title=\"2005_AURA_by_speziell_side table_Freisteller\" data-elementor-lightbox-description=\"Aura Kollektion by Designstudio speziell\u00ae \u2013 Beistelltisch\" data-e-action-hash=\"#elementor-action%3Aaction%3Dlightbox%26settings%3DeyJpZCI6MTk1MCwidXJsIjoiaHR0cHM6XC9cL3d3dy5zcGV6aWVsbC5uZXRcL2JldGFcL3dwLWNvbnRlbnRcL3VwbG9hZHNcLzIwMjNcLzAzXC8yMDA1X0FVUkFfYnlfc3BlemllbGxfc2lkZS10YWJsZV9GcmVpc3RlbGxlci5qcGciLCJzbGlkZXNob3ciOiI1NmI3Y2JlMyJ9\">\n\t\t\t\t\t<div class=\"e-gallery-image elementor-gallery-item__image\" data-thumbnail=\"https:\/\/www.speziell.net\/beta\/wp-content\/uploads\/2023\/03\/2005_AURA_by_speziell_side-table_Freisteller-1024x683.jpg\" data-width=\"800\" data-height=\"534\" aria-label=\"Aura Kollektion by Designstudio speziell\u00ae \u2013 Beistelltisch\" role=\"img\" ><\/div>\n\t\t\t\t\t\t\t\t\t\t\t<div class=\"elementor-gallery-item__overlay\"><\/div>\n\t\t\t\t\t\t\t\t\t\t\t\t\t\t<\/a>\n\t\t\t\t\t<\/div>\n\t\t\t\t\t<\/div>\n\t\t\t\t<\/div>\n\t\t\t\t\t<\/div>\n\t\t<\/div>\n\t\t\t\t\t<\/div>\n\t\t<\/section>\n\t\t\t\t<\/div>","protected":false},"excerpt":{"rendered":"<p>SPEZIELL: AURA KOLLEKTION M\u00f6bel mit subtilem Farbeffekt\u00a0 Bei der Kleinm\u00f6belserie sind einzelne blickabgewandte Fl\u00e4chen mit einer kr\u00e4ftigen Farbe belegt. Allein die intensive Leuchtkraft bewirkt, dass der jeweilige Farbton auf benachbarte wei\u00dfe Korpusteile oder Wandfl\u00e4chen abstrahlt. Abh\u00e4ngig von den wechselnden Lichtsituationen eines Raumes tritt dieser faszinierende Effekt kr\u00e4ftig bis subtil in Erscheinung. Der indirekte Farbeindruck verleiht [&hellip;]<\/p>\n","protected":false},"author":1,"featured_media":1945,"parent":9,"menu_order":0,"comment_status":"closed","ping_status":"closed","template":"","meta":{"footnotes":""},"class_list":["post-1943","page","type-page","status-publish","has-post-thumbnail","hentry"],"_links":{"self":[{"href":"https:\/\/www.speziell.net\/beta\/en\/wp-json\/wp\/v2\/pages\/1943","targetHints":{"allow":["GET"]}}],"collection":[{"href":"https:\/\/www.speziell.net\/beta\/en\/wp-json\/wp\/v2\/pages"}],"about":[{"href":"https:\/\/www.speziell.net\/beta\/en\/wp-json\/wp\/v2\/types\/page"}],"author":[{"embeddable":true,"href":"https:\/\/www.speziell.net\/beta\/en\/wp-json\/wp\/v2\/users\/1"}],"replies":[{"embeddable":true,"href":"https:\/\/www.speziell.net\/beta\/en\/wp-json\/wp\/v2\/comments?post=1943"}],"version-history":[{"count":23,"href":"https:\/\/www.speziell.net\/beta\/en\/wp-json\/wp\/v2\/pages\/1943\/revisions"}],"predecessor-version":[{"id":4531,"href":"https:\/\/www.speziell.net\/beta\/en\/wp-json\/wp\/v2\/pages\/1943\/revisions\/4531"}],"up":[{"embeddable":true,"href":"https:\/\/www.speziell.net\/beta\/en\/wp-json\/wp\/v2\/pages\/9"}],"wp:featuredmedia":[{"embeddable":true,"href":"https:\/\/www.speziell.net\/beta\/en\/wp-json\/wp\/v2\/media\/1945"}],"wp:attachment":[{"href":"https:\/\/www.speziell.net\/beta\/en\/wp-json\/wp\/v2\/media?parent=1943"}],"curies":[{"name":"wp","href":"https:\/\/api.w.org\/{rel}","templated":true}]}}