{"id":3346,"date":"2006-01-16T18:02:00","date_gmt":"2006-01-16T17:02:00","guid":{"rendered":"https:\/\/www.speziell.net\/beta\/?page_id=3346"},"modified":"2023-10-31T11:40:12","modified_gmt":"2023-10-31T10:40:12","slug":"beflockte-tapeten","status":"publish","type":"page","link":"https:\/\/www.speziell.net\/beta\/en\/home\/beflockte-tapeten\/","title":{"rendered":"BEFLOCKTE TAPETEN"},"content":{"rendered":"<div data-elementor-type=\"wp-page\" data-elementor-id=\"3346\" class=\"elementor elementor-3346\" data-elementor-post-type=\"page\">\n\t\t\t\t\t\t<section class=\"elementor-section elementor-top-section elementor-element elementor-element-41b149e9 elementor-section-boxed elementor-section-height-default elementor-section-height-default\" data-id=\"41b149e9\" data-element_type=\"section\" data-e-type=\"section\">\n\t\t\t\t\t\t<div class=\"elementor-container elementor-column-gap-default\">\n\t\t\t\t\t<div class=\"elementor-column elementor-col-100 elementor-top-column elementor-element elementor-element-cdc3f5d\" data-id=\"cdc3f5d\" data-element_type=\"column\" data-e-type=\"column\">\n\t\t\t<div class=\"elementor-widget-wrap elementor-element-populated\">\n\t\t\t\t\t\t<div class=\"elementor-element elementor-element-594c1c2f elementor-hidden-mobile elementor-hidden-tablet elementor-widget elementor-widget-image\" data-id=\"594c1c2f\" data-element_type=\"widget\" data-e-type=\"widget\" data-widget_type=\"image.default\">\n\t\t\t\t<div class=\"elementor-widget-container\">\n\t\t\t\t\t\t\t\t\t\t\t\t\t\t\t\t<a href=\"https:\/\/www.speziell.net\/beta\/en\/home\/\">\n\t\t\t\t\t\t\t<img decoding=\"async\" width=\"100\" height=\"100\" src=\"https:\/\/www.speziell.net\/beta\/wp-content\/uploads\/2023\/02\/speziell_logo_grau-1.svg\" class=\"attachment-large size-large wp-image-731\" alt=\"Designstudio speziell\u00ae \u2013 Fleckenstein Pohlmann Schwer GbR\" \/>\t\t\t\t\t\t\t\t<\/a>\n\t\t\t\t\t\t\t\t\t\t\t\t\t\t\t<\/div>\n\t\t\t\t<\/div>\n\t\t\t\t<div class=\"elementor-element elementor-element-1e42423f elementor-hidden-desktop elementor-widget elementor-widget-image\" data-id=\"1e42423f\" data-element_type=\"widget\" data-e-type=\"widget\" data-widget_type=\"image.default\">\n\t\t\t\t<div class=\"elementor-widget-container\">\n\t\t\t\t\t\t\t\t\t\t\t\t\t\t\t\t<a href=\"https:\/\/www.speziell.net\/beta\/en\/home\/\">\n\t\t\t\t\t\t\t<img decoding=\"async\" width=\"100\" height=\"100\" src=\"https:\/\/www.speziell.net\/beta\/wp-content\/uploads\/2023\/03\/speziell_logo_oSubline.svg\" class=\"attachment-large size-large wp-image-2739\" alt=\"\" \/>\t\t\t\t\t\t\t\t<\/a>\n\t\t\t\t\t\t\t\t\t\t\t\t\t\t\t<\/div>\n\t\t\t\t<\/div>\n\t\t\t\t\t<\/div>\n\t\t<\/div>\n\t\t\t\t\t<\/div>\n\t\t<\/section>\n\t\t\t\t<section class=\"elementor-section elementor-top-section elementor-element elementor-element-1ed5db91 elementor-section-boxed elementor-section-height-default elementor-section-height-default\" data-id=\"1ed5db91\" data-element_type=\"section\" data-e-type=\"section\">\n\t\t\t\t\t\t<div class=\"elementor-container elementor-column-gap-default\">\n\t\t\t\t\t<div class=\"elementor-column elementor-col-50 elementor-top-column elementor-element elementor-element-e41de51\" data-id=\"e41de51\" data-element_type=\"column\" data-e-type=\"column\">\n\t\t\t<div class=\"elementor-widget-wrap elementor-element-populated\">\n\t\t\t\t\t\t<div class=\"elementor-element elementor-element-5c7403b1 elementor-widget elementor-widget-heading\" data-id=\"5c7403b1\" data-element_type=\"widget\" data-e-type=\"widget\" data-widget_type=\"heading.default\">\n\t\t\t\t<div class=\"elementor-widget-container\">\n\t\t\t\t\t<h2 class=\"elementor-heading-title elementor-size-default\">Kreativa: Flocked Wallcoverings<\/h2>\t\t\t\t<\/div>\n\t\t\t\t<\/div>\n\t\t\t\t<div class=\"elementor-element elementor-element-187c0f8d elementor-widget elementor-widget-text-editor\" data-id=\"187c0f8d\" data-element_type=\"widget\" data-e-type=\"widget\" data-widget_type=\"text-editor.default\">\n\t\t\t\t<div class=\"elementor-widget-container\">\n\t\t\t\t\t\t\t\t\t<p><strong><span class=\"text\">Three-dimensional decors<\/span><\/strong><\/p>\t\t\t\t\t\t\t\t<\/div>\n\t\t\t\t<\/div>\n\t\t\t\t<div class=\"elementor-element elementor-element-1e865678 elementor-widget elementor-widget-text-editor\" data-id=\"1e865678\" data-element_type=\"widget\" data-e-type=\"widget\" data-widget_type=\"text-editor.default\">\n\t\t\t\t<div class=\"elementor-widget-container\">\n\t\t\t\t\t\t\t\t\t<p class=\"text\">Wallpapers in different colors with flocked patterns partly with printed background.<\/p><p class=\"text\">The flocked patterns have a textile surface feel and create an illusion of depth.<\/p><p class=\"text\">All the patterns are designed to emphasise parts of a room subtly or vivaciously. The calm ones are mainly showing the light and shadow play of the flocked surfaces. In combination with bright colors and printed backgrounds the wallpapers are turning a wall into an object within a room.<\/p>\t\t\t\t\t\t\t\t<\/div>\n\t\t\t\t<\/div>\n\t\t\t\t\t<\/div>\n\t\t<\/div>\n\t\t\t\t<div class=\"elementor-column elementor-col-50 elementor-top-column elementor-element elementor-element-4e92e2bc\" data-id=\"4e92e2bc\" data-element_type=\"column\" data-e-type=\"column\">\n\t\t\t<div class=\"elementor-widget-wrap elementor-element-populated\">\n\t\t\t\t\t\t<div class=\"elementor-element elementor-element-10a416e3 elementor-widget elementor-widget-gallery\" data-id=\"10a416e3\" data-element_type=\"widget\" data-e-type=\"widget\" data-settings=\"{&quot;gallery_layout&quot;:&quot;masonry&quot;,&quot;columns&quot;:2,&quot;lazyload&quot;:&quot;yes&quot;,&quot;columns_tablet&quot;:2,&quot;columns_mobile&quot;:1,&quot;gap&quot;:{&quot;unit&quot;:&quot;px&quot;,&quot;size&quot;:10,&quot;sizes&quot;:[]},&quot;gap_tablet&quot;:{&quot;unit&quot;:&quot;px&quot;,&quot;size&quot;:10,&quot;sizes&quot;:[]},&quot;gap_mobile&quot;:{&quot;unit&quot;:&quot;px&quot;,&quot;size&quot;:10,&quot;sizes&quot;:[]},&quot;link_to&quot;:&quot;file&quot;,&quot;overlay_background&quot;:&quot;yes&quot;,&quot;content_hover_animation&quot;:&quot;fade-in&quot;}\" data-widget_type=\"gallery.default\">\n\t\t\t\t<div class=\"elementor-widget-container\">\n\t\t\t\t\t\t\t<div class=\"elementor-gallery__container\">\n\t\t\t\t\t\t\t<a class=\"e-gallery-item elementor-gallery-item elementor-animated-content\" href=\"https:\/\/www.speziell.net\/beta\/wp-content\/uploads\/2023\/05\/2005_Kreativa_Flocktapete_by_speziell_Molecule_2_Detail.jpg\" data-elementor-open-lightbox=\"yes\" data-elementor-lightbox-slideshow=\"10a416e3\" data-elementor-lightbox-title=\"2005_Kreativa_Flocktapete_by_speziell_Molecule_2_Detail\" data-elementor-lightbox-description=\"Das beflockte Dekor \u00fcberlagert die Struktur in Neongelb\" data-e-action-hash=\"#elementor-action%3Aaction%3Dlightbox%26settings%3DeyJpZCI6MzM1NSwidXJsIjoiaHR0cHM6XC9cL3d3dy5zcGV6aWVsbC5uZXRcL2JldGFcL3dwLWNvbnRlbnRcL3VwbG9hZHNcLzIwMjNcLzA1XC8yMDA1X0tyZWF0aXZhX0Zsb2NrdGFwZXRlX2J5X3NwZXppZWxsX01vbGVjdWxlXzJfRGV0YWlsLmpwZyIsInNsaWRlc2hvdyI6IjEwYTQxNmUzIn0%3D\">\n\t\t\t\t\t<div class=\"e-gallery-image elementor-gallery-item__image\" data-thumbnail=\"https:\/\/www.speziell.net\/beta\/wp-content\/uploads\/2023\/05\/2005_Kreativa_Flocktapete_by_speziell_Molecule_2_Detail-1024x683.jpg\" data-width=\"800\" data-height=\"534\" aria-label=\"Das beflockte Dekor \u00fcberlagert die Struktur in Neongelb\" role=\"img\" ><\/div>\n\t\t\t\t\t\t\t\t\t\t\t<div class=\"elementor-gallery-item__overlay\"><\/div>\n\t\t\t\t\t\t\t\t\t\t\t\t\t\t<\/a>\n\t\t\t\t\t\t\t<a class=\"e-gallery-item elementor-gallery-item elementor-animated-content\" href=\"https:\/\/www.speziell.net\/beta\/wp-content\/uploads\/2023\/05\/2005_Kreativa_Flocktapete_by_speziell_Messestand.jpg\" data-elementor-open-lightbox=\"yes\" data-elementor-lightbox-slideshow=\"10a416e3\" data-elementor-lightbox-title=\"2005_Kreativa_Flocktapete_by_speziell_Messestand\" data-elementor-lightbox-description=\"Flocktapeten werden auf dem Messestand pr\u00e4sentiert\" data-e-action-hash=\"#elementor-action%3Aaction%3Dlightbox%26settings%3DeyJpZCI6MzM1MiwidXJsIjoiaHR0cHM6XC9cL3d3dy5zcGV6aWVsbC5uZXRcL2JldGFcL3dwLWNvbnRlbnRcL3VwbG9hZHNcLzIwMjNcLzA1XC8yMDA1X0tyZWF0aXZhX0Zsb2NrdGFwZXRlX2J5X3NwZXppZWxsX01lc3Nlc3RhbmQuanBnIiwic2xpZGVzaG93IjoiMTBhNDE2ZTMifQ%3D%3D\">\n\t\t\t\t\t<div class=\"e-gallery-image elementor-gallery-item__image\" data-thumbnail=\"https:\/\/www.speziell.net\/beta\/wp-content\/uploads\/2023\/05\/2005_Kreativa_Flocktapete_by_speziell_Messestand-1024x683.jpg\" data-width=\"800\" data-height=\"534\" aria-label=\"Flocktapeten werden auf dem Messestand pr\u00e4sentiert\" role=\"img\" ><\/div>\n\t\t\t\t\t\t\t\t\t\t\t<div class=\"elementor-gallery-item__overlay\"><\/div>\n\t\t\t\t\t\t\t\t\t\t\t\t\t\t<\/a>\n\t\t\t\t\t\t\t<a class=\"e-gallery-item elementor-gallery-item elementor-animated-content\" href=\"https:\/\/www.speziell.net\/beta\/wp-content\/uploads\/2023\/05\/2005_Kreativa_Flocktapete_by_speziell_Molecule_2.jpg\" data-elementor-open-lightbox=\"yes\" data-elementor-lightbox-slideshow=\"10a416e3\" data-elementor-lightbox-title=\"2005_Kreativa_Flocktapete_by_speziell_Molecule_2\" data-elementor-lightbox-description=\"Das beflockte Dekor \u00fcberlagert die Struktur in Neongelb\" data-e-action-hash=\"#elementor-action%3Aaction%3Dlightbox%26settings%3DeyJpZCI6MzM1NCwidXJsIjoiaHR0cHM6XC9cL3d3dy5zcGV6aWVsbC5uZXRcL2JldGFcL3dwLWNvbnRlbnRcL3VwbG9hZHNcLzIwMjNcLzA1XC8yMDA1X0tyZWF0aXZhX0Zsb2NrdGFwZXRlX2J5X3NwZXppZWxsX01vbGVjdWxlXzIuanBnIiwic2xpZGVzaG93IjoiMTBhNDE2ZTMifQ%3D%3D\">\n\t\t\t\t\t<div class=\"e-gallery-image elementor-gallery-item__image\" data-thumbnail=\"https:\/\/www.speziell.net\/beta\/wp-content\/uploads\/2023\/05\/2005_Kreativa_Flocktapete_by_speziell_Molecule_2-1024x683.jpg\" data-width=\"800\" data-height=\"534\" aria-label=\"Das beflockte Dekor \u00fcberlagert die Struktur in Neongelb\" role=\"img\" ><\/div>\n\t\t\t\t\t\t\t\t\t\t\t<div class=\"elementor-gallery-item__overlay\"><\/div>\n\t\t\t\t\t\t\t\t\t\t\t\t\t\t<\/a>\n\t\t\t\t\t\t\t<a class=\"e-gallery-item elementor-gallery-item elementor-animated-content\" href=\"https:\/\/www.speziell.net\/beta\/wp-content\/uploads\/2023\/05\/2005_Kreativa_Flocktapete_by_speziell_Loops_1.jpg\" data-elementor-open-lightbox=\"yes\" data-elementor-lightbox-slideshow=\"10a416e3\" data-elementor-lightbox-title=\"2005_Kreativa_Flocktapete_by_speziell_Loops_1\" data-elementor-lightbox-description=\"Wei\u00dfes Flock auf grauem Vlies f\u00fchrt zu einer eleganten Anmutung\" data-e-action-hash=\"#elementor-action%3Aaction%3Dlightbox%26settings%3DeyJpZCI6MzM1MCwidXJsIjoiaHR0cHM6XC9cL3d3dy5zcGV6aWVsbC5uZXRcL2JldGFcL3dwLWNvbnRlbnRcL3VwbG9hZHNcLzIwMjNcLzA1XC8yMDA1X0tyZWF0aXZhX0Zsb2NrdGFwZXRlX2J5X3NwZXppZWxsX0xvb3BzXzEuanBnIiwic2xpZGVzaG93IjoiMTBhNDE2ZTMifQ%3D%3D\">\n\t\t\t\t\t<div class=\"e-gallery-image elementor-gallery-item__image\" data-thumbnail=\"https:\/\/www.speziell.net\/beta\/wp-content\/uploads\/2023\/05\/2005_Kreativa_Flocktapete_by_speziell_Loops_1-1024x683.jpg\" data-width=\"800\" data-height=\"534\" aria-label=\"Wei\u00dfes Flock auf grauem Vlies f\u00fchrt zu einer eleganten Anmutung\" role=\"img\" ><\/div>\n\t\t\t\t\t\t\t\t\t\t\t<div class=\"elementor-gallery-item__overlay\"><\/div>\n\t\t\t\t\t\t\t\t\t\t\t\t\t\t<\/a>\n\t\t\t\t\t\t\t<a class=\"e-gallery-item elementor-gallery-item elementor-animated-content\" href=\"https:\/\/www.speziell.net\/beta\/wp-content\/uploads\/2023\/05\/2005_Kreativa_Flocktapete_by_speziell_Molecule_1.jpg\" data-elementor-open-lightbox=\"yes\" data-elementor-lightbox-slideshow=\"10a416e3\" data-elementor-lightbox-title=\"2005_Kreativa_Flocktapete_by_speziell_Molecule_1\" data-elementor-lightbox-description=\"Das beflockte Dekor in wei\u00df auf einem naturwei\u00dfen Vlies hebt die Dreidimensionalit\u00e4t hervor\" data-e-action-hash=\"#elementor-action%3Aaction%3Dlightbox%26settings%3DeyJpZCI6MzM1MywidXJsIjoiaHR0cHM6XC9cL3d3dy5zcGV6aWVsbC5uZXRcL2JldGFcL3dwLWNvbnRlbnRcL3VwbG9hZHNcLzIwMjNcLzA1XC8yMDA1X0tyZWF0aXZhX0Zsb2NrdGFwZXRlX2J5X3NwZXppZWxsX01vbGVjdWxlXzEuanBnIiwic2xpZGVzaG93IjoiMTBhNDE2ZTMifQ%3D%3D\">\n\t\t\t\t\t<div class=\"e-gallery-image elementor-gallery-item__image\" data-thumbnail=\"https:\/\/www.speziell.net\/beta\/wp-content\/uploads\/2023\/05\/2005_Kreativa_Flocktapete_by_speziell_Molecule_1-1024x683.jpg\" data-width=\"800\" data-height=\"534\" aria-label=\"Das beflockte Dekor in wei\u00df auf einem naturwei\u00dfen Vlies hebt die Dreidimensionalit\u00e4t hervor\" role=\"img\" ><\/div>\n\t\t\t\t\t\t\t\t\t\t\t<div class=\"elementor-gallery-item__overlay\"><\/div>\n\t\t\t\t\t\t\t\t\t\t\t\t\t\t<\/a>\n\t\t\t\t\t\t\t<a class=\"e-gallery-item elementor-gallery-item elementor-animated-content\" href=\"https:\/\/www.speziell.net\/beta\/wp-content\/uploads\/2023\/05\/2005_Kreativa_Flocktapete_by_speziell_Loops_2.jpg\" data-elementor-open-lightbox=\"yes\" data-elementor-lightbox-slideshow=\"10a416e3\" data-elementor-lightbox-title=\"2005_Kreativa_Flocktapete_by_speziell_Loops_2\" data-elementor-lightbox-description=\"Das beflockte Dekor in wei\u00df auf einem naturwei\u00dfen Vlies hebt die Dreidimensionalit\u00e4t hervor\" data-e-action-hash=\"#elementor-action%3Aaction%3Dlightbox%26settings%3DeyJpZCI6MzM1MSwidXJsIjoiaHR0cHM6XC9cL3d3dy5zcGV6aWVsbC5uZXRcL2JldGFcL3dwLWNvbnRlbnRcL3VwbG9hZHNcLzIwMjNcLzA1XC8yMDA1X0tyZWF0aXZhX0Zsb2NrdGFwZXRlX2J5X3NwZXppZWxsX0xvb3BzXzIuanBnIiwic2xpZGVzaG93IjoiMTBhNDE2ZTMifQ%3D%3D\">\n\t\t\t\t\t<div class=\"e-gallery-image elementor-gallery-item__image\" data-thumbnail=\"https:\/\/www.speziell.net\/beta\/wp-content\/uploads\/2023\/05\/2005_Kreativa_Flocktapete_by_speziell_Loops_2-1024x683.jpg\" data-width=\"800\" data-height=\"534\" aria-label=\"Das beflockte Dekor in wei\u00df auf einem naturwei\u00dfen Vlies hebt die Dreidimensionalit\u00e4t hervor\" role=\"img\" ><\/div>\n\t\t\t\t\t\t\t\t\t\t\t<div class=\"elementor-gallery-item__overlay\"><\/div>\n\t\t\t\t\t\t\t\t\t\t\t\t\t\t<\/a>\n\t\t\t\t\t\t\t<a class=\"e-gallery-item elementor-gallery-item elementor-animated-content\" href=\"https:\/\/www.speziell.net\/beta\/wp-content\/uploads\/2023\/05\/2005_Kreativa_Flocktapete_by_speziell_Lines-1.jpg\" data-elementor-open-lightbox=\"yes\" data-elementor-lightbox-slideshow=\"10a416e3\" data-elementor-lightbox-title=\"2005_Kreativa_Flocktapete_by_speziell_Lines\" data-elementor-lightbox-description=\"Das beflockte Dekor in wei\u00df mit einem feinen Liniendekor\" data-e-action-hash=\"#elementor-action%3Aaction%3Dlightbox%26settings%3DeyJpZCI6Mzc3OSwidXJsIjoiaHR0cHM6XC9cL3d3dy5zcGV6aWVsbC5uZXRcL2JldGFcL3dwLWNvbnRlbnRcL3VwbG9hZHNcLzIwMjNcLzA1XC8yMDA1X0tyZWF0aXZhX0Zsb2NrdGFwZXRlX2J5X3NwZXppZWxsX0xpbmVzLTEuanBnIiwic2xpZGVzaG93IjoiMTBhNDE2ZTMifQ%3D%3D\">\n\t\t\t\t\t<div class=\"e-gallery-image elementor-gallery-item__image\" data-thumbnail=\"https:\/\/www.speziell.net\/beta\/wp-content\/uploads\/2023\/05\/2005_Kreativa_Flocktapete_by_speziell_Lines-1-1024x683.jpg\" data-width=\"800\" data-height=\"534\" aria-label=\"Das beflockte Dekor in wei\u00df mit einem feinen Liniendekor\" role=\"img\" ><\/div>\n\t\t\t\t\t\t\t\t\t\t\t<div class=\"elementor-gallery-item__overlay\"><\/div>\n\t\t\t\t\t\t\t\t\t\t\t\t\t\t<\/a>\n\t\t\t\t\t\t\t<a class=\"e-gallery-item elementor-gallery-item elementor-animated-content\" href=\"https:\/\/www.speziell.net\/beta\/wp-content\/uploads\/2023\/05\/2005_Kreativa_Flocktapete_by_speziell_Facet.jpg\" data-elementor-open-lightbox=\"yes\" data-elementor-lightbox-slideshow=\"10a416e3\" data-elementor-lightbox-title=\"2005_Kreativa_Flocktapete_by_speziell_Facet\" data-elementor-lightbox-description=\"Kr\u00e4ftige Akzente durch bunte Flockfasern\" data-e-action-hash=\"#elementor-action%3Aaction%3Dlightbox%26settings%3DeyJpZCI6MzM0OCwidXJsIjoiaHR0cHM6XC9cL3d3dy5zcGV6aWVsbC5uZXRcL2JldGFcL3dwLWNvbnRlbnRcL3VwbG9hZHNcLzIwMjNcLzA1XC8yMDA1X0tyZWF0aXZhX0Zsb2NrdGFwZXRlX2J5X3NwZXppZWxsX0ZhY2V0LmpwZyIsInNsaWRlc2hvdyI6IjEwYTQxNmUzIn0%3D\">\n\t\t\t\t\t<div class=\"e-gallery-image elementor-gallery-item__image\" data-thumbnail=\"https:\/\/www.speziell.net\/beta\/wp-content\/uploads\/2023\/05\/2005_Kreativa_Flocktapete_by_speziell_Facet-1024x683.jpg\" data-width=\"800\" data-height=\"534\" aria-label=\"Kr\u00e4ftige Akzente durch bunte Flockfasern\" role=\"img\" ><\/div>\n\t\t\t\t\t\t\t\t\t\t\t<div class=\"elementor-gallery-item__overlay\"><\/div>\n\t\t\t\t\t\t\t\t\t\t\t\t\t\t<\/a>\n\t\t\t\t\t<\/div>\n\t\t\t\t\t<\/div>\n\t\t\t\t<\/div>\n\t\t\t\t\t<\/div>\n\t\t<\/div>\n\t\t\t\t\t<\/div>\n\t\t<\/section>\n\t\t\t\t<\/div>","protected":false},"excerpt":{"rendered":"<p>KREATIVA: BEFLOCKTE TAPETEN Dreidimensionale Dekore Tapeten in verschiedenen Fondfarben mit beflocktem Dekor und Hintergrund-Druck. Die beflockten Muster haben eine textile Haptik und verleihen durch ihre Dreidimensionalit\u00e4t der Wand eine r\u00e4umliche Tiefe. Die Muster setzen innerhalb der R\u00e4ume dezente bis pr\u00e4gnante Akzente. Subtile Farbkombinationen wirken haupts\u00e4chlich durch ihr Licht- und Schattenspiel, bei Kombinationen mit kr\u00e4ftigen Farben [&hellip;]<\/p>\n","protected":false},"author":1,"featured_media":3351,"parent":9,"menu_order":0,"comment_status":"closed","ping_status":"closed","template":"","meta":{"footnotes":""},"class_list":["post-3346","page","type-page","status-publish","has-post-thumbnail","hentry"],"_links":{"self":[{"href":"https:\/\/www.speziell.net\/beta\/en\/wp-json\/wp\/v2\/pages\/3346","targetHints":{"allow":["GET"]}}],"collection":[{"href":"https:\/\/www.speziell.net\/beta\/en\/wp-json\/wp\/v2\/pages"}],"about":[{"href":"https:\/\/www.speziell.net\/beta\/en\/wp-json\/wp\/v2\/types\/page"}],"author":[{"embeddable":true,"href":"https:\/\/www.speziell.net\/beta\/en\/wp-json\/wp\/v2\/users\/1"}],"replies":[{"embeddable":true,"href":"https:\/\/www.speziell.net\/beta\/en\/wp-json\/wp\/v2\/comments?post=3346"}],"version-history":[{"count":35,"href":"https:\/\/www.speziell.net\/beta\/en\/wp-json\/wp\/v2\/pages\/3346\/revisions"}],"predecessor-version":[{"id":4541,"href":"https:\/\/www.speziell.net\/beta\/en\/wp-json\/wp\/v2\/pages\/3346\/revisions\/4541"}],"up":[{"embeddable":true,"href":"https:\/\/www.speziell.net\/beta\/en\/wp-json\/wp\/v2\/pages\/9"}],"wp:featuredmedia":[{"embeddable":true,"href":"https:\/\/www.speziell.net\/beta\/en\/wp-json\/wp\/v2\/media\/3351"}],"wp:attachment":[{"href":"https:\/\/www.speziell.net\/beta\/en\/wp-json\/wp\/v2\/media?parent=3346"}],"curies":[{"name":"wp","href":"https:\/\/api.w.org\/{rel}","templated":true}]}}