{"id":5517,"date":"2025-03-03T17:27:47","date_gmt":"2025-03-03T16:27:47","guid":{"rendered":"https:\/\/www.speziell.net\/beta\/?page_id=5517"},"modified":"2025-03-10T12:29:52","modified_gmt":"2025-03-10T11:29:52","slug":"palmberg-tubes-seating","status":"publish","type":"page","link":"https:\/\/www.speziell.net\/beta\/en\/home\/palmberg-tubes-seating\/","title":{"rendered":"Tubes Seating"},"content":{"rendered":"<div data-elementor-type=\"wp-page\" data-elementor-id=\"5517\" class=\"elementor elementor-5517\" data-elementor-post-type=\"page\">\n\t\t\t\t\t\t<section class=\"elementor-section elementor-top-section elementor-element elementor-element-547eb57e elementor-section-boxed elementor-section-height-default elementor-section-height-default\" data-id=\"547eb57e\" data-element_type=\"section\" data-e-type=\"section\">\n\t\t\t\t\t\t<div class=\"elementor-container elementor-column-gap-default\">\n\t\t\t\t\t<div class=\"elementor-column elementor-col-100 elementor-top-column elementor-element elementor-element-7eb8b64f\" data-id=\"7eb8b64f\" data-element_type=\"column\" data-e-type=\"column\">\n\t\t\t<div class=\"elementor-widget-wrap elementor-element-populated\">\n\t\t\t\t\t\t<div class=\"elementor-element elementor-element-e740643 elementor-hidden-mobile elementor-hidden-tablet elementor-widget elementor-widget-image\" data-id=\"e740643\" data-element_type=\"widget\" data-e-type=\"widget\" data-widget_type=\"image.default\">\n\t\t\t\t<div class=\"elementor-widget-container\">\n\t\t\t\t\t\t\t\t\t\t\t\t\t\t\t\t<a href=\"https:\/\/www.speziell.net\/beta\/en\/home\/\">\n\t\t\t\t\t\t\t<img decoding=\"async\" width=\"100\" height=\"100\" src=\"https:\/\/www.speziell.net\/beta\/wp-content\/uploads\/2023\/02\/speziell_logo_grau-1.svg\" class=\"attachment-large size-large wp-image-731\" alt=\"Designstudio speziell\u00ae \u2013 Fleckenstein Pohlmann Schwer GbR\" \/>\t\t\t\t\t\t\t\t<\/a>\n\t\t\t\t\t\t\t\t\t\t\t\t\t\t\t<\/div>\n\t\t\t\t<\/div>\n\t\t\t\t<div class=\"elementor-element elementor-element-659bab65 elementor-hidden-desktop elementor-widget elementor-widget-image\" data-id=\"659bab65\" data-element_type=\"widget\" data-e-type=\"widget\" data-widget_type=\"image.default\">\n\t\t\t\t<div class=\"elementor-widget-container\">\n\t\t\t\t\t\t\t\t\t\t\t\t\t\t\t\t<a href=\"https:\/\/www.speziell.net\/beta\/en\/home\/\">\n\t\t\t\t\t\t\t<img decoding=\"async\" width=\"100\" height=\"100\" src=\"https:\/\/www.speziell.net\/beta\/wp-content\/uploads\/2023\/03\/speziell_logo_oSubline.svg\" class=\"attachment-large size-large wp-image-2739\" alt=\"\" \/>\t\t\t\t\t\t\t\t<\/a>\n\t\t\t\t\t\t\t\t\t\t\t\t\t\t\t<\/div>\n\t\t\t\t<\/div>\n\t\t\t\t\t<\/div>\n\t\t<\/div>\n\t\t\t\t\t<\/div>\n\t\t<\/section>\n\t\t\t\t<section class=\"elementor-section elementor-top-section elementor-element elementor-element-3c313e3f elementor-section-boxed elementor-section-height-default elementor-section-height-default\" data-id=\"3c313e3f\" data-element_type=\"section\" data-e-type=\"section\">\n\t\t\t\t\t\t<div class=\"elementor-container elementor-column-gap-default\">\n\t\t\t\t\t<div class=\"elementor-column elementor-col-50 elementor-top-column elementor-element elementor-element-435f0038\" data-id=\"435f0038\" data-element_type=\"column\" data-e-type=\"column\">\n\t\t\t<div class=\"elementor-widget-wrap elementor-element-populated\">\n\t\t\t\t\t\t<div class=\"elementor-element elementor-element-35fb8d66 elementor-widget elementor-widget-heading\" data-id=\"35fb8d66\" data-element_type=\"widget\" data-e-type=\"widget\" data-widget_type=\"heading.default\">\n\t\t\t\t<div class=\"elementor-widget-container\">\n\t\t\t\t\t<h2 class=\"elementor-heading-title elementor-size-default\">PALMBERG: TUBES SEATING<\/h2>\t\t\t\t<\/div>\n\t\t\t\t<\/div>\n\t\t\t\t<div class=\"elementor-element elementor-element-4eb8a520 elementor-widget elementor-widget-text-editor\" data-id=\"4eb8a520\" data-element_type=\"widget\" data-e-type=\"widget\" data-widget_type=\"text-editor.default\">\n\t\t\t\t<div class=\"elementor-widget-container\">\n\t\t\t\t\t\t\t\t\t<p>Sustainable seating furniture with vivid functions<\/p>\t\t\t\t\t\t\t\t<\/div>\n\t\t\t\t<\/div>\n\t\t\t\t<div class=\"elementor-element elementor-element-5388c242 elementor-widget elementor-widget-text-editor\" data-id=\"5388c242\" data-element_type=\"widget\" data-e-type=\"widget\" data-widget_type=\"text-editor.default\">\n\t\t\t\t<div class=\"elementor-widget-container\">\n\t\t\t\t\t\t\t\t\t<p>Overall, the change in work, in its speed and complexity, places enormous demands on the cognitive abilities of employees. As a result, there is a social longing for low complexity and comprehensible physical things. Connected with the desire for sustainability, likeable materials and a harmonious atmosphere. This resulted in designs that stand for a positive productivity experience in the office or workplace.<\/p><p>The designs are derived from the collected insights and our motto in the following. They set different focusses:<\/p><p>\u2013 Flexible seating and standing options <br \/>\u2013 Low-complex, clear height adjustment via seat cushions of different heights<br \/>\u2013 Easy adjustment of the backrest via adjustable lumbar cushion<br \/>\u2013 Storage option for bags, books, water bottle etc.<br \/>\u2013 Mobile by concealed rollers<\/p><p>\u2013 Homely aesthetics through appropriate material selection <br \/>\u2013 Traceability through familiar, logical principles<\/p><p>\u2013 Armchair with optical and acoustic shielding (similar to wing chair)<br \/>\u2013 Stool also useable as a side table (without seat cushion)<br \/>\u2013 Armchair and stool can be combined (as a footrest) for relaxed sitting \/ working<\/p><p>\u2013 Sustainable materials (e.g. recyclable sheet material made from 100% recycled plastic packaging waste and natural upholstery materials resp. Fabrics (coconut mat, sheep's wool)<br \/>\u2013 Low complexity and comprehensible (sustainable) construction by deliberately dispensing with gas springs and complex mechanics<br \/>\u2013 All parts \/ elements are easily dismountable for a type-by-kind separation (or in case of defect or Conversion)<\/p><p>Projectpartner<br \/><a href=\"https:\/\/www.palmberg.de\"><span style=\"color: var( --e-global-color-text ); font-family: var( --e-global-typography-text-font-family ), Sans-serif; font-size: var( --e-global-typography-text-font-size ); font-weight: var( --e-global-typography-text-font-weight );\">http:\/\/www.palmberg.de<\/span><\/a><\/p>\t\t\t\t\t\t\t\t<\/div>\n\t\t\t\t<\/div>\n\t\t\t\t\t<\/div>\n\t\t<\/div>\n\t\t\t\t<div class=\"elementor-column elementor-col-50 elementor-top-column elementor-element elementor-element-16ecb958\" data-id=\"16ecb958\" data-element_type=\"column\" data-e-type=\"column\">\n\t\t\t<div class=\"elementor-widget-wrap elementor-element-populated\">\n\t\t\t\t\t\t<div class=\"elementor-element elementor-element-52c3305 elementor-widget elementor-widget-gallery\" data-id=\"52c3305\" data-element_type=\"widget\" data-e-type=\"widget\" data-settings=\"{&quot;gallery_layout&quot;:&quot;masonry&quot;,&quot;columns&quot;:2,&quot;lazyload&quot;:&quot;yes&quot;,&quot;columns_tablet&quot;:2,&quot;columns_mobile&quot;:1,&quot;gap&quot;:{&quot;unit&quot;:&quot;px&quot;,&quot;size&quot;:10,&quot;sizes&quot;:[]},&quot;gap_tablet&quot;:{&quot;unit&quot;:&quot;px&quot;,&quot;size&quot;:10,&quot;sizes&quot;:[]},&quot;gap_mobile&quot;:{&quot;unit&quot;:&quot;px&quot;,&quot;size&quot;:10,&quot;sizes&quot;:[]},&quot;link_to&quot;:&quot;file&quot;,&quot;content_hover_animation&quot;:&quot;fade-in&quot;}\" data-widget_type=\"gallery.default\">\n\t\t\t\t<div class=\"elementor-widget-container\">\n\t\t\t\t\t\t\t<div class=\"elementor-gallery__container\">\n\t\t\t\t\t\t\t<a class=\"e-gallery-item elementor-gallery-item elementor-animated-content\" href=\"https:\/\/www.speziell.net\/beta\/wp-content\/uploads\/2025\/03\/2024_Palmberg_TUBES_by-speziell_Arbeitssessel-und-Hocker-auf-der-Orgatec-2025.jpg\" data-elementor-open-lightbox=\"yes\" data-elementor-lightbox-slideshow=\"52c3305\" data-elementor-lightbox-title=\"2024_Palmberg_TUBES_by speziell_Arbeitssessel und Hocker auf der Orgatec 2025\" data-elementor-lightbox-description=\"Palmberg: Tubes by Designstudio speziell\u00ae - Arbeits-Sessel und Hocker w\u00e4hrend der Orgatec 2024 in K\u00f6ln\" data-e-action-hash=\"#elementor-action%3Aaction%3Dlightbox%26settings%3DeyJpZCI6NTUyNywidXJsIjoiaHR0cHM6XC9cL3d3dy5zcGV6aWVsbC5uZXRcL2JldGFcL3dwLWNvbnRlbnRcL3VwbG9hZHNcLzIwMjVcLzAzXC8yMDI0X1BhbG1iZXJnX1RVQkVTX2J5LXNwZXppZWxsX0FyYmVpdHNzZXNzZWwtdW5kLUhvY2tlci1hdWYtZGVyLU9yZ2F0ZWMtMjAyNS5qcGciLCJzbGlkZXNob3ciOiI1MmMzMzA1In0%3D\">\n\t\t\t\t\t<div class=\"e-gallery-image elementor-gallery-item__image\" data-thumbnail=\"https:\/\/www.speziell.net\/beta\/wp-content\/uploads\/2025\/03\/2024_Palmberg_TUBES_by-speziell_Arbeitssessel-und-Hocker-auf-der-Orgatec-2025-1024x753.jpg\" data-width=\"800\" data-height=\"588\" aria-label=\"Palmberg: Tubes by Designstudio speziell\u00ae - Arbeits-Sessel und Hocker w\u00e4hrend der Orgatec 2024 in K\u00f6ln\" role=\"img\" ><\/div>\n\t\t\t\t\t\t\t\t\t\t\t\t\t\t<\/a>\n\t\t\t\t\t\t\t<a class=\"e-gallery-item elementor-gallery-item elementor-animated-content\" href=\"https:\/\/www.speziell.net\/beta\/wp-content\/uploads\/2025\/03\/2024_Palmberg_TUBES_by-speziell_Arbeitssessel-auf-der-Orgatec-2025_Sybille-Fleckenstein.jpg\" data-elementor-open-lightbox=\"yes\" data-elementor-lightbox-slideshow=\"52c3305\" data-elementor-lightbox-title=\"2024_Palmberg_TUBES_by speziell_Arbeitssessel auf der Orgatec 2025_Sybille Fleckenstein\" data-elementor-lightbox-description=\"Palmberg: Tubes by Designstudio speziell\u00ae - Sybille Fleckenstein pr\u00e4sentiert den Arbeits-Sessel w\u00e4hrend der Orgatec 2024 in K\u00f6ln\" data-e-action-hash=\"#elementor-action%3Aaction%3Dlightbox%26settings%3DeyJpZCI6NTUyNiwidXJsIjoiaHR0cHM6XC9cL3d3dy5zcGV6aWVsbC5uZXRcL2JldGFcL3dwLWNvbnRlbnRcL3VwbG9hZHNcLzIwMjVcLzAzXC8yMDI0X1BhbG1iZXJnX1RVQkVTX2J5LXNwZXppZWxsX0FyYmVpdHNzZXNzZWwtYXVmLWRlci1PcmdhdGVjLTIwMjVfU3liaWxsZS1GbGVja2Vuc3RlaW4uanBnIiwic2xpZGVzaG93IjoiNTJjMzMwNSJ9\">\n\t\t\t\t\t<div class=\"e-gallery-image elementor-gallery-item__image\" data-thumbnail=\"https:\/\/www.speziell.net\/beta\/wp-content\/uploads\/2025\/03\/2024_Palmberg_TUBES_by-speziell_Arbeitssessel-auf-der-Orgatec-2025_Sybille-Fleckenstein-768x1024.jpg\" data-width=\"768\" data-height=\"1024\" aria-label=\"Palmberg: Tubes by Designstudio speziell\u00ae - Sybille Fleckenstein pr\u00e4sentiert den Arbeits-Sessel w\u00e4hrend der Orgatec 2024 in K\u00f6ln\" role=\"img\" ><\/div>\n\t\t\t\t\t\t\t\t\t\t\t\t\t\t<\/a>\n\t\t\t\t\t\t\t<a class=\"e-gallery-item elementor-gallery-item elementor-animated-content\" href=\"https:\/\/www.speziell.net\/beta\/wp-content\/uploads\/2025\/03\/2024_Palmberg_TUBES_by-speziell_Arbeitssessel-auf-der-Orgatec-2025-3.jpg\" data-elementor-open-lightbox=\"yes\" data-elementor-lightbox-slideshow=\"52c3305\" data-elementor-lightbox-title=\"2024_Palmberg_TUBES_by speziell_Arbeitssessel auf der Orgatec 2025\" data-elementor-lightbox-description=\"Palmberg: Tubes by Designstudio speziell\u00ae - Der Arbeits-Sessel mit verschiebbarer Lordosest\u00fctze zur Orgatec 2024 in K\u00f6ln\" data-e-action-hash=\"#elementor-action%3Aaction%3Dlightbox%26settings%3DeyJpZCI6NTY0NSwidXJsIjoiaHR0cHM6XC9cL3d3dy5zcGV6aWVsbC5uZXRcL2JldGFcL3dwLWNvbnRlbnRcL3VwbG9hZHNcLzIwMjVcLzAzXC8yMDI0X1BhbG1iZXJnX1RVQkVTX2J5LXNwZXppZWxsX0FyYmVpdHNzZXNzZWwtYXVmLWRlci1PcmdhdGVjLTIwMjUtMy5qcGciLCJzbGlkZXNob3ciOiI1MmMzMzA1In0%3D\">\n\t\t\t\t\t<div class=\"e-gallery-image elementor-gallery-item__image\" data-thumbnail=\"https:\/\/www.speziell.net\/beta\/wp-content\/uploads\/2025\/03\/2024_Palmberg_TUBES_by-speziell_Arbeitssessel-auf-der-Orgatec-2025-3-768x1024.jpg\" data-width=\"768\" data-height=\"1024\" aria-label=\"Palmberg: Tubes by Designstudio speziell\u00ae - Der Arbeits-Sessel mit verschiebbarer Lordosest\u00fctze zur Orgatec 2024 in K\u00f6ln\" role=\"img\" ><\/div>\n\t\t\t\t\t\t\t\t\t\t\t\t\t\t<\/a>\n\t\t\t\t\t\t\t<a class=\"e-gallery-item elementor-gallery-item elementor-animated-content\" href=\"https:\/\/www.speziell.net\/beta\/wp-content\/uploads\/2025\/03\/2024_Palmberg_TUBES_by-speziell_Hocker-auf-der-Orgatec-2025-1.jpg\" data-elementor-open-lightbox=\"yes\" data-elementor-lightbox-slideshow=\"52c3305\" data-elementor-lightbox-title=\"2024_Palmberg_TUBES_by speziell_Hocker auf der Orgatec 2025\" data-elementor-lightbox-description=\"Palmberg: Tubes by Designstudio speziell\u00ae - Kissen in zwei H\u00f6hen lassen sich abnehmen und austauschen (Orgatec 2024 in K\u00f6ln)\" data-e-action-hash=\"#elementor-action%3Aaction%3Dlightbox%26settings%3DeyJpZCI6NTYwMiwidXJsIjoiaHR0cHM6XC9cL3d3dy5zcGV6aWVsbC5uZXRcL2JldGFcL3dwLWNvbnRlbnRcL3VwbG9hZHNcLzIwMjVcLzAzXC8yMDI0X1BhbG1iZXJnX1RVQkVTX2J5LXNwZXppZWxsX0hvY2tlci1hdWYtZGVyLU9yZ2F0ZWMtMjAyNS0xLmpwZyIsInNsaWRlc2hvdyI6IjUyYzMzMDUifQ%3D%3D\">\n\t\t\t\t\t<div class=\"e-gallery-image elementor-gallery-item__image\" data-thumbnail=\"https:\/\/www.speziell.net\/beta\/wp-content\/uploads\/2025\/03\/2024_Palmberg_TUBES_by-speziell_Hocker-auf-der-Orgatec-2025-1-751x1024.jpg\" data-width=\"751\" data-height=\"1024\" aria-label=\"Palmberg: Tubes by Designstudio speziell\u00ae - Kissen in zwei H\u00f6hen lassen sich abnehmen und austauschen (Orgatec 2024 in K\u00f6ln)\" role=\"img\" ><\/div>\n\t\t\t\t\t\t\t\t\t\t\t\t\t\t<\/a>\n\t\t\t\t\t\t\t<a class=\"e-gallery-item elementor-gallery-item elementor-animated-content\" href=\"https:\/\/www.speziell.net\/beta\/wp-content\/uploads\/2025\/03\/2024_Palmberg_TUBES_by-speziell_Collage-nachhaltige-Materialien_blau-2.jpg\" data-elementor-open-lightbox=\"yes\" data-elementor-lightbox-slideshow=\"52c3305\" data-elementor-lightbox-title=\"2024_Palmberg_TUBES_by speziell_Collage nachhaltige Materialien_blau\" data-elementor-lightbox-description=\"Palmberg: Tubes by Designstudio speziell\u00ae - Eines von zwei urspr\u00fcnglichen Farbkonzepten der nachhaltigen Materialien (siehe Renderings)\" data-e-action-hash=\"#elementor-action%3Aaction%3Dlightbox%26settings%3DeyJpZCI6NTUzMywidXJsIjoiaHR0cHM6XC9cL3d3dy5zcGV6aWVsbC5uZXRcL2JldGFcL3dwLWNvbnRlbnRcL3VwbG9hZHNcLzIwMjVcLzAzXC8yMDI0X1BhbG1iZXJnX1RVQkVTX2J5LXNwZXppZWxsX0NvbGxhZ2UtbmFjaGhhbHRpZ2UtTWF0ZXJpYWxpZW5fYmxhdS0yLmpwZyIsInNsaWRlc2hvdyI6IjUyYzMzMDUifQ%3D%3D\">\n\t\t\t\t\t<div class=\"e-gallery-image elementor-gallery-item__image\" data-thumbnail=\"https:\/\/www.speziell.net\/beta\/wp-content\/uploads\/2025\/03\/2024_Palmberg_TUBES_by-speziell_Collage-nachhaltige-Materialien_blau-2-1024x753.jpg\" data-width=\"800\" data-height=\"588\" aria-label=\"Palmberg: Tubes by Designstudio speziell\u00ae - Eines von zwei urspr\u00fcnglichen Farbkonzepten der nachhaltigen Materialien (siehe Renderings)\" role=\"img\" ><\/div>\n\t\t\t\t\t\t\t\t\t\t\t\t\t\t<\/a>\n\t\t\t\t\t\t\t<a class=\"e-gallery-item elementor-gallery-item elementor-animated-content\" href=\"https:\/\/www.speziell.net\/beta\/wp-content\/uploads\/2025\/03\/2024_Palmberg_TUBES_by-speziell_Rendering_Arbeitssessel-und-Hocken_blau.jpg\" data-elementor-open-lightbox=\"yes\" data-elementor-lightbox-slideshow=\"52c3305\" data-elementor-lightbox-title=\"2024_Palmberg_TUBES_by speziell_Rendering_Arbeitssessel und Hocken_blau\" data-elementor-lightbox-description=\"Palmberg: Tubes by Designstudio speziell\u00ae - Rendering des Aufbaus der Arbeits-Sessel und Hocker: Formvlies-R\u00fccken, austauschbares Kissen, Fu\u00df mit Rollen \" data-e-action-hash=\"#elementor-action%3Aaction%3Dlightbox%26settings%3DeyJpZCI6NTUyMiwidXJsIjoiaHR0cHM6XC9cL3d3dy5zcGV6aWVsbC5uZXRcL2JldGFcL3dwLWNvbnRlbnRcL3VwbG9hZHNcLzIwMjVcLzAzXC8yMDI0X1BhbG1iZXJnX1RVQkVTX2J5LXNwZXppZWxsX1JlbmRlcmluZ19BcmJlaXRzc2Vzc2VsLXVuZC1Ib2NrZW5fYmxhdS5qcGciLCJzbGlkZXNob3ciOiI1MmMzMzA1In0%3D\">\n\t\t\t\t\t<div class=\"e-gallery-image elementor-gallery-item__image\" data-thumbnail=\"https:\/\/www.speziell.net\/beta\/wp-content\/uploads\/2025\/03\/2024_Palmberg_TUBES_by-speziell_Rendering_Arbeitssessel-und-Hocken_blau-1024x683.jpg\" data-width=\"800\" data-height=\"534\" aria-label=\"Palmberg: Tubes by Designstudio speziell\u00ae - Rendering des Aufbaus der Arbeits-Sessel und Hocker: Formvlies-R\u00fccken, austauschbares Kissen, Fu\u00df mit Rollen\" role=\"img\" ><\/div>\n\t\t\t\t\t\t\t\t\t\t\t\t\t\t<\/a>\n\t\t\t\t\t\t\t<a class=\"e-gallery-item elementor-gallery-item elementor-animated-content\" href=\"https:\/\/www.speziell.net\/beta\/wp-content\/uploads\/2025\/03\/2024_Palmberg_TUBES_by-speziell_Rendering_runder-Tisch-mit-Abschirmung_rot-1.jpg\" data-elementor-open-lightbox=\"yes\" data-elementor-lightbox-slideshow=\"52c3305\" data-elementor-lightbox-title=\"2024_Palmberg_TUBES_by speziell_Rendering_runder Tisch mit Abschirmung_rot\" data-elementor-lightbox-description=\"Palmberg: Tubes by Designstudio speziell\u00ae - Rendering einer Arbeitssituation mit dem runden Tubes-Tisch\" data-e-action-hash=\"#elementor-action%3Aaction%3Dlightbox%26settings%3DeyJpZCI6NTU3MywidXJsIjoiaHR0cHM6XC9cL3d3dy5zcGV6aWVsbC5uZXRcL2JldGFcL3dwLWNvbnRlbnRcL3VwbG9hZHNcLzIwMjVcLzAzXC8yMDI0X1BhbG1iZXJnX1RVQkVTX2J5LXNwZXppZWxsX1JlbmRlcmluZ19ydW5kZXItVGlzY2gtbWl0LUFic2NoaXJtdW5nX3JvdC0xLmpwZyIsInNsaWRlc2hvdyI6IjUyYzMzMDUifQ%3D%3D\">\n\t\t\t\t\t<div class=\"e-gallery-image elementor-gallery-item__image\" data-thumbnail=\"https:\/\/www.speziell.net\/beta\/wp-content\/uploads\/2025\/03\/2024_Palmberg_TUBES_by-speziell_Rendering_runder-Tisch-mit-Abschirmung_rot-1-1024x683.jpg\" data-width=\"800\" data-height=\"534\" aria-label=\"Palmberg: Tubes by Designstudio speziell\u00ae - Rendering einer Arbeitssituation mit dem runden Tubes-Tisch\" role=\"img\" ><\/div>\n\t\t\t\t\t\t\t\t\t\t\t\t\t\t<\/a>\n\t\t\t\t\t\t\t<a class=\"e-gallery-item elementor-gallery-item elementor-animated-content\" href=\"https:\/\/www.speziell.net\/beta\/wp-content\/uploads\/2025\/03\/2024_Palmberg_TUBES_by-speziell_Rendering_Sitzmoebel.jpg\" data-elementor-open-lightbox=\"yes\" data-elementor-lightbox-slideshow=\"52c3305\" data-elementor-lightbox-title=\"2024_Palmberg_TUBES_by speziell_Rendering_Sitzm\u00f6bel\" data-elementor-lightbox-description=\"Palmberg: Tubes by Designstudio speziell\u00ae - Rendering einer Lounge-Situation. Hier dient ein Hocker als Fu\u00dfauflage, ein anderer ohne Kissen als Tischchen\" data-e-action-hash=\"#elementor-action%3Aaction%3Dlightbox%26settings%3DeyJpZCI6NTUyNCwidXJsIjoiaHR0cHM6XC9cL3d3dy5zcGV6aWVsbC5uZXRcL2JldGFcL3dwLWNvbnRlbnRcL3VwbG9hZHNcLzIwMjVcLzAzXC8yMDI0X1BhbG1iZXJnX1RVQkVTX2J5LXNwZXppZWxsX1JlbmRlcmluZ19TaXR6bW9lYmVsLmpwZyIsInNsaWRlc2hvdyI6IjUyYzMzMDUifQ%3D%3D\">\n\t\t\t\t\t<div class=\"e-gallery-image elementor-gallery-item__image\" data-thumbnail=\"https:\/\/www.speziell.net\/beta\/wp-content\/uploads\/2025\/03\/2024_Palmberg_TUBES_by-speziell_Rendering_Sitzmoebel-1024x683.jpg\" data-width=\"800\" data-height=\"534\" aria-label=\"Palmberg: Tubes by Designstudio speziell\u00ae - Rendering einer Lounge-Situation. Hier dient ein Hocker als Fu\u00dfauflage, ein anderer ohne Kissen als Tischchen\" role=\"img\" ><\/div>\n\t\t\t\t\t\t\t\t\t\t\t\t\t\t<\/a>\n\t\t\t\t\t\t\t<a class=\"e-gallery-item elementor-gallery-item elementor-animated-content\" href=\"https:\/\/www.speziell.net\/beta\/wp-content\/uploads\/2025\/03\/2024_Palmberg_TUBES_by-speziell_Pappmodell_Arbeitssessel-frontal.jpg\" data-elementor-open-lightbox=\"yes\" data-elementor-lightbox-slideshow=\"52c3305\" data-elementor-lightbox-title=\"2024_Palmberg_TUBES_by speziell_Pappmodell_Arbeitssessel frontal\" data-elementor-lightbox-description=\"Palmberg: Tubes by Designstudio speziell\u00ae - Papp-Volumenmodell des Arbeitssessels von vorn\" data-e-action-hash=\"#elementor-action%3Aaction%3Dlightbox%26settings%3DeyJpZCI6NTUyOCwidXJsIjoiaHR0cHM6XC9cL3d3dy5zcGV6aWVsbC5uZXRcL2JldGFcL3dwLWNvbnRlbnRcL3VwbG9hZHNcLzIwMjVcLzAzXC8yMDI0X1BhbG1iZXJnX1RVQkVTX2J5LXNwZXppZWxsX1BhcHBtb2RlbGxfQXJiZWl0c3Nlc3NlbC1mcm9udGFsLmpwZyIsInNsaWRlc2hvdyI6IjUyYzMzMDUifQ%3D%3D\">\n\t\t\t\t\t<div class=\"e-gallery-image elementor-gallery-item__image\" data-thumbnail=\"https:\/\/www.speziell.net\/beta\/wp-content\/uploads\/2025\/03\/2024_Palmberg_TUBES_by-speziell_Pappmodell_Arbeitssessel-frontal-683x1024.jpg\" data-width=\"683\" data-height=\"1024\" aria-label=\"Palmberg: Tubes by Designstudio speziell\u00ae - Papp-Volumenmodell des Arbeitssessels von vorn\" role=\"img\" ><\/div>\n\t\t\t\t\t\t\t\t\t\t\t\t\t\t<\/a>\n\t\t\t\t\t\t\t<a class=\"e-gallery-item elementor-gallery-item elementor-animated-content\" href=\"https:\/\/www.speziell.net\/beta\/wp-content\/uploads\/2025\/03\/2024_Palmberg_TUBES_by-speziell_Pappmodell_Arbeitssessel-rueckseitig.jpg\" data-elementor-open-lightbox=\"yes\" data-elementor-lightbox-slideshow=\"52c3305\" data-elementor-lightbox-title=\"2024_Palmberg_TUBES_by speziell_Pappmodell_Arbeitssessel r\u00fcckseitig\" data-elementor-lightbox-description=\"Palmberg: Tubes by Designstudio speziell\u00ae - Abschirmende R\u00fcckenlehne des Sessels (Pappmodell)  \" data-e-action-hash=\"#elementor-action%3Aaction%3Dlightbox%26settings%3DeyJpZCI6NTUyOSwidXJsIjoiaHR0cHM6XC9cL3d3dy5zcGV6aWVsbC5uZXRcL2JldGFcL3dwLWNvbnRlbnRcL3VwbG9hZHNcLzIwMjVcLzAzXC8yMDI0X1BhbG1iZXJnX1RVQkVTX2J5LXNwZXppZWxsX1BhcHBtb2RlbGxfQXJiZWl0c3Nlc3NlbC1ydWVja3NlaXRpZy5qcGciLCJzbGlkZXNob3ciOiI1MmMzMzA1In0%3D\">\n\t\t\t\t\t<div class=\"e-gallery-image elementor-gallery-item__image\" data-thumbnail=\"https:\/\/www.speziell.net\/beta\/wp-content\/uploads\/2025\/03\/2024_Palmberg_TUBES_by-speziell_Pappmodell_Arbeitssessel-rueckseitig-683x1024.jpg\" data-width=\"683\" data-height=\"1024\" aria-label=\"Palmberg: Tubes by Designstudio speziell\u00ae - Abschirmende R\u00fcckenlehne des Sessels (Pappmodell)\" role=\"img\" ><\/div>\n\t\t\t\t\t\t\t\t\t\t\t\t\t\t<\/a>\n\t\t\t\t\t\t\t<a class=\"e-gallery-item elementor-gallery-item elementor-animated-content\" href=\"https:\/\/www.speziell.net\/beta\/wp-content\/uploads\/2025\/03\/2024_Palmberg_TUBES_by-speziell_Pappmodell_Arbeitssessel-seitlich.jpg\" data-elementor-open-lightbox=\"yes\" data-elementor-lightbox-slideshow=\"52c3305\" data-elementor-lightbox-title=\"2024_Palmberg_TUBES_by speziell_Pappmodell_Arbeitssessel seitlich\" data-elementor-lightbox-description=\"Palmberg: Tubes by Designstudio speziell\u00ae - Die R\u00fcckenlehne seht absichtlich steil, um das Arbeiten zu unterst\u00fctzen (Pappmodell)  \" data-e-action-hash=\"#elementor-action%3Aaction%3Dlightbox%26settings%3DeyJpZCI6NTUzMCwidXJsIjoiaHR0cHM6XC9cL3d3dy5zcGV6aWVsbC5uZXRcL2JldGFcL3dwLWNvbnRlbnRcL3VwbG9hZHNcLzIwMjVcLzAzXC8yMDI0X1BhbG1iZXJnX1RVQkVTX2J5LXNwZXppZWxsX1BhcHBtb2RlbGxfQXJiZWl0c3Nlc3NlbC1zZWl0bGljaC5qcGciLCJzbGlkZXNob3ciOiI1MmMzMzA1In0%3D\">\n\t\t\t\t\t<div class=\"e-gallery-image elementor-gallery-item__image\" data-thumbnail=\"https:\/\/www.speziell.net\/beta\/wp-content\/uploads\/2025\/03\/2024_Palmberg_TUBES_by-speziell_Pappmodell_Arbeitssessel-seitlich-683x1024.jpg\" data-width=\"683\" data-height=\"1024\" aria-label=\"Palmberg: Tubes by Designstudio speziell\u00ae - Die R\u00fcckenlehne seht absichtlich steil, um das Arbeiten zu unterst\u00fctzen (Pappmodell)\" role=\"img\" ><\/div>\n\t\t\t\t\t\t\t\t\t\t\t\t\t\t<\/a>\n\t\t\t\t\t\t\t<a class=\"e-gallery-item elementor-gallery-item elementor-animated-content\" href=\"https:\/\/www.speziell.net\/beta\/wp-content\/uploads\/2025\/03\/2024_Palmberg_TUBES_by-speziell_Pappmodell_Sitzhocker.jpg\" data-elementor-open-lightbox=\"yes\" data-elementor-lightbox-slideshow=\"52c3305\" data-elementor-lightbox-title=\"2024_Palmberg_TUBES_by speziell_Pappmodell_Sitzhocker\" data-elementor-lightbox-description=\"Palmberg: Tubes by Designstudio speziell\u00ae -   Hocker (Pappmodell) mit Stauraum\" data-e-action-hash=\"#elementor-action%3Aaction%3Dlightbox%26settings%3DeyJpZCI6NTUyMCwidXJsIjoiaHR0cHM6XC9cL3d3dy5zcGV6aWVsbC5uZXRcL2JldGFcL3dwLWNvbnRlbnRcL3VwbG9hZHNcLzIwMjVcLzAzXC8yMDI0X1BhbG1iZXJnX1RVQkVTX2J5LXNwZXppZWxsX1BhcHBtb2RlbGxfU2l0emhvY2tlci5qcGciLCJzbGlkZXNob3ciOiI1MmMzMzA1In0%3D\">\n\t\t\t\t\t<div class=\"e-gallery-image elementor-gallery-item__image\" data-thumbnail=\"https:\/\/www.speziell.net\/beta\/wp-content\/uploads\/2025\/03\/2024_Palmberg_TUBES_by-speziell_Pappmodell_Sitzhocker-683x1024.jpg\" data-width=\"683\" data-height=\"1024\" aria-label=\"Palmberg: Tubes by Designstudio speziell\u00ae - Hocker (Pappmodell) mit Stauraum\" role=\"img\" ><\/div>\n\t\t\t\t\t\t\t\t\t\t\t\t\t\t<\/a>\n\t\t\t\t\t\t\t<a class=\"e-gallery-item elementor-gallery-item elementor-animated-content\" href=\"https:\/\/www.speziell.net\/beta\/wp-content\/uploads\/2025\/03\/2024_Palmberg_TUBES_by-speziell_Pappmodell_Stehhocker.jpg\" data-elementor-open-lightbox=\"yes\" data-elementor-lightbox-slideshow=\"52c3305\" data-elementor-lightbox-title=\"2024_Palmberg_TUBES_by speziell_Pappmodell_Stehhocker\" data-elementor-lightbox-description=\"Palmberg: Tubes by Designstudio speziell\u00ae -   Stehhocker (Pappmodell)\" data-e-action-hash=\"#elementor-action%3Aaction%3Dlightbox%26settings%3DeyJpZCI6NTUyMSwidXJsIjoiaHR0cHM6XC9cL3d3dy5zcGV6aWVsbC5uZXRcL2JldGFcL3dwLWNvbnRlbnRcL3VwbG9hZHNcLzIwMjVcLzAzXC8yMDI0X1BhbG1iZXJnX1RVQkVTX2J5LXNwZXppZWxsX1BhcHBtb2RlbGxfU3RlaGhvY2tlci5qcGciLCJzbGlkZXNob3ciOiI1MmMzMzA1In0%3D\">\n\t\t\t\t\t<div class=\"e-gallery-image elementor-gallery-item__image\" data-thumbnail=\"https:\/\/www.speziell.net\/beta\/wp-content\/uploads\/2025\/03\/2024_Palmberg_TUBES_by-speziell_Pappmodell_Stehhocker-683x1024.jpg\" data-width=\"683\" data-height=\"1024\" aria-label=\"Palmberg: Tubes by Designstudio speziell\u00ae - Stehhocker (Pappmodell)\" role=\"img\" ><\/div>\n\t\t\t\t\t\t\t\t\t\t\t\t\t\t<\/a>\n\t\t\t\t\t<\/div>\n\t\t\t\t\t<\/div>\n\t\t\t\t<\/div>\n\t\t\t\t\t<\/div>\n\t\t<\/div>\n\t\t\t\t\t<\/div>\n\t\t<\/section>\n\t\t\t\t<\/div>","protected":false},"excerpt":{"rendered":"<p>PALMBERG: TUBES SEATING Nachhaltige Sitzm\u00f6bel mit anschaulichen Funktionen Insgesamt stellt der Wandel der Arbeit, in seiner Schnelligkeit und Komplexit\u00e4t, enorme Anforderungen an die kognitiven F\u00e4higkeiten der Mitarbeitenden. In Folge dessen gibt es eine gesellschaftliche Sehnsucht nach Niederkomplexit\u00e4t und nachvollziehbaren physischen Dingen. Verbunden mit dem Wunsch nach Nachhaltigkeit, sympathischen Materialien und einer harmonischen Atmosph\u00e4re. Dies f\u00fchrte [&hellip;]<\/p>\n","protected":false},"author":3,"featured_media":5522,"parent":9,"menu_order":0,"comment_status":"closed","ping_status":"closed","template":"","meta":{"footnotes":""},"class_list":["post-5517","page","type-page","status-publish","has-post-thumbnail","hentry"],"_links":{"self":[{"href":"https:\/\/www.speziell.net\/beta\/en\/wp-json\/wp\/v2\/pages\/5517","targetHints":{"allow":["GET"]}}],"collection":[{"href":"https:\/\/www.speziell.net\/beta\/en\/wp-json\/wp\/v2\/pages"}],"about":[{"href":"https:\/\/www.speziell.net\/beta\/en\/wp-json\/wp\/v2\/types\/page"}],"author":[{"embeddable":true,"href":"https:\/\/www.speziell.net\/beta\/en\/wp-json\/wp\/v2\/users\/3"}],"replies":[{"embeddable":true,"href":"https:\/\/www.speziell.net\/beta\/en\/wp-json\/wp\/v2\/comments?post=5517"}],"version-history":[{"count":49,"href":"https:\/\/www.speziell.net\/beta\/en\/wp-json\/wp\/v2\/pages\/5517\/revisions"}],"predecessor-version":[{"id":5884,"href":"https:\/\/www.speziell.net\/beta\/en\/wp-json\/wp\/v2\/pages\/5517\/revisions\/5884"}],"up":[{"embeddable":true,"href":"https:\/\/www.speziell.net\/beta\/en\/wp-json\/wp\/v2\/pages\/9"}],"wp:featuredmedia":[{"embeddable":true,"href":"https:\/\/www.speziell.net\/beta\/en\/wp-json\/wp\/v2\/media\/5522"}],"wp:attachment":[{"href":"https:\/\/www.speziell.net\/beta\/en\/wp-json\/wp\/v2\/media?parent=5517"}],"curies":[{"name":"wp","href":"https:\/\/api.w.org\/{rel}","templated":true}]}}