{"id":5839,"date":"2025-03-07T12:29:10","date_gmt":"2025-03-07T11:29:10","guid":{"rendered":"https:\/\/www.speziell.net\/beta\/?page_id=5839"},"modified":"2026-01-29T19:07:14","modified_gmt":"2026-01-29T18:07:14","slug":"marino","status":"publish","type":"page","link":"https:\/\/www.speziell.net\/beta\/en\/home\/marino\/","title":{"rendered":"Marino"},"content":{"rendered":"<div data-elementor-type=\"wp-page\" data-elementor-id=\"5839\" class=\"elementor elementor-5839\" data-elementor-post-type=\"page\">\n\t\t\t\t\t\t<section class=\"elementor-section elementor-top-section elementor-element elementor-element-32e933d0 elementor-section-boxed elementor-section-height-default elementor-section-height-default\" data-id=\"32e933d0\" data-element_type=\"section\" data-e-type=\"section\">\n\t\t\t\t\t\t<div class=\"elementor-container elementor-column-gap-default\">\n\t\t\t\t\t<div class=\"elementor-column elementor-col-100 elementor-top-column elementor-element elementor-element-398753f0\" data-id=\"398753f0\" data-element_type=\"column\" data-e-type=\"column\">\n\t\t\t<div class=\"elementor-widget-wrap elementor-element-populated\">\n\t\t\t\t\t\t<div class=\"elementor-element elementor-element-316dcc43 elementor-hidden-mobile elementor-hidden-tablet elementor-widget elementor-widget-image\" data-id=\"316dcc43\" data-element_type=\"widget\" data-e-type=\"widget\" data-widget_type=\"image.default\">\n\t\t\t\t<div class=\"elementor-widget-container\">\n\t\t\t\t\t\t\t\t\t\t\t\t\t\t\t\t<a href=\"https:\/\/www.speziell.net\/beta\/en\/home\/\">\n\t\t\t\t\t\t\t<img decoding=\"async\" width=\"100\" height=\"100\" src=\"https:\/\/www.speziell.net\/beta\/wp-content\/uploads\/2023\/02\/speziell_logo_grau-1.svg\" class=\"attachment-large size-large wp-image-731\" alt=\"Designstudio speziell\u00ae \u2013 Fleckenstein Pohlmann Schwer GbR\" \/>\t\t\t\t\t\t\t\t<\/a>\n\t\t\t\t\t\t\t\t\t\t\t\t\t\t\t<\/div>\n\t\t\t\t<\/div>\n\t\t\t\t<div class=\"elementor-element elementor-element-70d44f53 elementor-hidden-desktop elementor-widget elementor-widget-image\" data-id=\"70d44f53\" data-element_type=\"widget\" data-e-type=\"widget\" data-widget_type=\"image.default\">\n\t\t\t\t<div class=\"elementor-widget-container\">\n\t\t\t\t\t\t\t\t\t\t\t\t\t\t\t\t<a href=\"https:\/\/www.speziell.net\/beta\/en\/home\/\">\n\t\t\t\t\t\t\t<img decoding=\"async\" width=\"100\" height=\"100\" src=\"https:\/\/www.speziell.net\/beta\/wp-content\/uploads\/2023\/03\/speziell_logo_oSubline.svg\" class=\"attachment-large size-large wp-image-2739\" alt=\"\" \/>\t\t\t\t\t\t\t\t<\/a>\n\t\t\t\t\t\t\t\t\t\t\t\t\t\t\t<\/div>\n\t\t\t\t<\/div>\n\t\t\t\t\t<\/div>\n\t\t<\/div>\n\t\t\t\t\t<\/div>\n\t\t<\/section>\n\t\t\t\t<section class=\"elementor-section elementor-top-section elementor-element elementor-element-69b4d978 elementor-section-boxed elementor-section-height-default elementor-section-height-default\" data-id=\"69b4d978\" data-element_type=\"section\" data-e-type=\"section\">\n\t\t\t\t\t\t<div class=\"elementor-container elementor-column-gap-default\">\n\t\t\t\t\t<div class=\"elementor-column elementor-col-50 elementor-top-column elementor-element elementor-element-73fb7d66\" data-id=\"73fb7d66\" data-element_type=\"column\" data-e-type=\"column\">\n\t\t\t<div class=\"elementor-widget-wrap elementor-element-populated\">\n\t\t\t\t\t\t<div class=\"elementor-element elementor-element-21f82689 elementor-widget elementor-widget-heading\" data-id=\"21f82689\" data-element_type=\"widget\" data-e-type=\"widget\" data-widget_type=\"heading.default\">\n\t\t\t\t<div class=\"elementor-widget-container\">\n\t\t\t\t\t<h2 class=\"elementor-heading-title elementor-size-default\">Pulpo: Marino<\/h2>\t\t\t\t<\/div>\n\t\t\t\t<\/div>\n\t\t\t\t<div class=\"elementor-element elementor-element-546dad5e elementor-widget elementor-widget-text-editor\" data-id=\"546dad5e\" data-element_type=\"widget\" data-e-type=\"widget\" data-widget_type=\"text-editor.default\">\n\t\t\t\t<div class=\"elementor-widget-container\">\n\t\t\t\t\t\t\t\t\t<p><strong>Between industry and crafts<\/strong><\/p>\t\t\t\t\t\t\t\t<\/div>\n\t\t\t\t<\/div>\n\t\t\t\t<div class=\"elementor-element elementor-element-d8e185f elementor-widget elementor-widget-text-editor\" data-id=\"d8e185f\" data-element_type=\"widget\" data-e-type=\"widget\" data-widget_type=\"text-editor.default\">\n\t\t\t\t<div class=\"elementor-widget-container\">\n\t\t\t\t\t\t\t\t\t<p>The MARINO sideboard seamlessly combines industrial aesthetics with artisanal craftmanship. Made from extruded ceramic and finished with an intensely black glaze, this unique piece captivates with it`s striking materiality. The hollow chamber profiles lend MARINO a modern, minimalist form, while the handcrafted ceramic details evoke the sense of archaic warmth. A remarkable design object that perfectly balances functionality and artistry.<br \/><br \/>Manufacturer:\u00a0<br \/><a href=\"https:\/\/pulpoproducts.com\/product\/marino\/\" target=\"_blank\" rel=\"noopener\">www.pulpoproducts.com<\/a><\/p>\t\t\t\t\t\t\t\t<\/div>\n\t\t\t\t<\/div>\n\t\t\t\t\t<\/div>\n\t\t<\/div>\n\t\t\t\t<div class=\"elementor-column elementor-col-50 elementor-top-column elementor-element elementor-element-55dfcdb6\" data-id=\"55dfcdb6\" data-element_type=\"column\" data-e-type=\"column\">\n\t\t\t<div class=\"elementor-widget-wrap elementor-element-populated\">\n\t\t\t\t\t\t<div class=\"elementor-element elementor-element-791ad5a3 elementor-widget elementor-widget-gallery\" data-id=\"791ad5a3\" data-element_type=\"widget\" data-e-type=\"widget\" data-settings=\"{&quot;gallery_layout&quot;:&quot;masonry&quot;,&quot;columns&quot;:2,&quot;lazyload&quot;:&quot;yes&quot;,&quot;columns_tablet&quot;:2,&quot;columns_mobile&quot;:1,&quot;gap&quot;:{&quot;unit&quot;:&quot;px&quot;,&quot;size&quot;:10,&quot;sizes&quot;:[]},&quot;gap_tablet&quot;:{&quot;unit&quot;:&quot;px&quot;,&quot;size&quot;:10,&quot;sizes&quot;:[]},&quot;gap_mobile&quot;:{&quot;unit&quot;:&quot;px&quot;,&quot;size&quot;:10,&quot;sizes&quot;:[]},&quot;link_to&quot;:&quot;file&quot;,&quot;content_hover_animation&quot;:&quot;fade-in&quot;}\" data-widget_type=\"gallery.default\">\n\t\t\t\t<div class=\"elementor-widget-container\">\n\t\t\t\t\t\t\t<div class=\"elementor-gallery__container\">\n\t\t\t\t\t\t\t<a class=\"e-gallery-item elementor-gallery-item elementor-animated-content\" href=\"https:\/\/www.speziell.net\/beta\/wp-content\/uploads\/2026\/01\/2024_Pulpo_MARINO_by-speziell_Keramiksideboard-auf-der-Messe-MaisonObjet-2026-Paris.jpg\" data-elementor-open-lightbox=\"yes\" data-elementor-lightbox-slideshow=\"791ad5a3\" data-elementor-lightbox-title=\"2024_Pulpo_MARINO_by speziell_Keramiksideboard auf der Messe Maison+Objet 2026 Paris\" data-elementor-lightbox-description=\"Pulpo: Sideboard Marino by Designstudio speziell\u00ae \u2013 Le meuble est pr\u00e9sent\u00e9 pour la deuxi\u00e8me fois \u00e0 Paris\" data-e-action-hash=\"#elementor-action%3Aaction%3Dlightbox%26settings%3DeyJpZCI6NjA0MiwidXJsIjoiaHR0cHM6XC9cL3d3dy5zcGV6aWVsbC5uZXRcL2JldGFcL3dwLWNvbnRlbnRcL3VwbG9hZHNcLzIwMjZcLzAxXC8yMDI0X1B1bHBvX01BUklOT19ieS1zcGV6aWVsbF9LZXJhbWlrc2lkZWJvYXJkLWF1Zi1kZXItTWVzc2UtTWFpc29uT2JqZXQtMjAyNi1QYXJpcy5qcGciLCJzbGlkZXNob3ciOiI3OTFhZDVhMyJ9\">\n\t\t\t\t\t<div class=\"e-gallery-image elementor-gallery-item__image\" data-thumbnail=\"https:\/\/www.speziell.net\/beta\/wp-content\/uploads\/2026\/01\/2024_Pulpo_MARINO_by-speziell_Keramiksideboard-auf-der-Messe-MaisonObjet-2026-Paris-1024x683.jpg\" data-width=\"800\" data-height=\"534\" aria-label=\"Pulpo: Sideboard Marino by Designstudio speziell\u00ae \u2013 Marino auf dem Messestand von Pulpo zur Maison &amp; Objet in Paris Januar 2026\" role=\"img\" ><\/div>\n\t\t\t\t\t\t\t\t\t\t\t\t\t\t<\/a>\n\t\t\t\t\t\t\t<a class=\"e-gallery-item elementor-gallery-item elementor-animated-content\" href=\"https:\/\/www.speziell.net\/beta\/wp-content\/uploads\/2025\/09\/2025_Pulpo_MARINO_by-speziell-Lifestyle.jpg\" data-elementor-open-lightbox=\"yes\" data-elementor-lightbox-slideshow=\"791ad5a3\" data-elementor-lightbox-title=\"2025_Pulpo_MARINO_by speziell Lifestyle\" data-elementor-lightbox-description=\"Pulpo: Sideboard Marino by Designstudio speziell\u00ae \u2013 MARINO in einer Wohnumgebung\" data-e-action-hash=\"#elementor-action%3Aaction%3Dlightbox%26settings%3DeyJpZCI6NTkyNiwidXJsIjoiaHR0cHM6XC9cL3d3dy5zcGV6aWVsbC5uZXRcL2JldGFcL3dwLWNvbnRlbnRcL3VwbG9hZHNcLzIwMjVcLzA5XC8yMDI1X1B1bHBvX01BUklOT19ieS1zcGV6aWVsbC1MaWZlc3R5bGUuanBnIiwic2xpZGVzaG93IjoiNzkxYWQ1YTMifQ%3D%3D\">\n\t\t\t\t\t<div class=\"e-gallery-image elementor-gallery-item__image\" data-thumbnail=\"https:\/\/www.speziell.net\/beta\/wp-content\/uploads\/2025\/09\/2025_Pulpo_MARINO_by-speziell-Lifestyle-706x1024.jpg\" data-width=\"706\" data-height=\"1024\" aria-label=\"Pulpo: Sideboard Marino by Designstudio speziell\u00ae \u2013 MARINO in einer Wohnumgebung\" role=\"img\" ><\/div>\n\t\t\t\t\t\t\t\t\t\t\t\t\t\t<\/a>\n\t\t\t\t\t\t\t<a class=\"e-gallery-item elementor-gallery-item elementor-animated-content\" href=\"https:\/\/www.speziell.net\/beta\/wp-content\/uploads\/2025\/03\/2024_Pulpo_MARINO_by-speziell_Keramiksideboard-Detail-2.jpg\" data-elementor-open-lightbox=\"yes\" data-elementor-lightbox-slideshow=\"791ad5a3\" data-elementor-lightbox-title=\"2025_Pulpo_MARINO_by speziell_Keramiksideboard Detail 2\" data-elementor-lightbox-description=\"Pulpo: Sideboard Marino by Designstudio speziell\u00ae \u2013 Die Keramikplatten sind als Hohlkammerprofile extrudiert\" data-e-action-hash=\"#elementor-action%3Aaction%3Dlightbox%26settings%3DeyJpZCI6NTg1MSwidXJsIjoiaHR0cHM6XC9cL3d3dy5zcGV6aWVsbC5uZXRcL2JldGFcL3dwLWNvbnRlbnRcL3VwbG9hZHNcLzIwMjVcLzAzXC8yMDI0X1B1bHBvX01BUklOT19ieS1zcGV6aWVsbF9LZXJhbWlrc2lkZWJvYXJkLURldGFpbC0yLmpwZyIsInNsaWRlc2hvdyI6Ijc5MWFkNWEzIn0%3D\">\n\t\t\t\t\t<div class=\"e-gallery-image elementor-gallery-item__image\" data-thumbnail=\"https:\/\/www.speziell.net\/beta\/wp-content\/uploads\/2025\/03\/2024_Pulpo_MARINO_by-speziell_Keramiksideboard-Detail-2-683x1024.jpg\" data-width=\"683\" data-height=\"1024\" aria-label=\"Pulpo: Sideboard Marino by Designstudio speziell\u00ae \u2013 Die Keramikplatten sind als Hohlkammerprofile extrudiert\" role=\"img\" ><\/div>\n\t\t\t\t\t\t\t\t\t\t\t\t\t\t<\/a>\n\t\t\t\t\t\t\t<a class=\"e-gallery-item elementor-gallery-item elementor-animated-content\" href=\"https:\/\/www.speziell.net\/beta\/wp-content\/uploads\/2025\/09\/2025_Pulpo_MARINO_by-speziell-Lifestyle-Detail.jpg\" data-elementor-open-lightbox=\"yes\" data-elementor-lightbox-slideshow=\"791ad5a3\" data-elementor-lightbox-title=\"2025_Pulpo_MARINO_by speziell Lifestyle Detail\" data-elementor-lightbox-description=\"Pulpo: Sideboard Marino by Designstudio speziell\u00ae \u2013 MARINO in einer Wohnumgebung Detail\" data-e-action-hash=\"#elementor-action%3Aaction%3Dlightbox%26settings%3DeyJpZCI6NTkzMCwidXJsIjoiaHR0cHM6XC9cL3d3dy5zcGV6aWVsbC5uZXRcL2JldGFcL3dwLWNvbnRlbnRcL3VwbG9hZHNcLzIwMjVcLzA5XC8yMDI1X1B1bHBvX01BUklOT19ieS1zcGV6aWVsbC1MaWZlc3R5bGUtRGV0YWlsLmpwZyIsInNsaWRlc2hvdyI6Ijc5MWFkNWEzIn0%3D\">\n\t\t\t\t\t<div class=\"e-gallery-image elementor-gallery-item__image\" data-thumbnail=\"https:\/\/www.speziell.net\/beta\/wp-content\/uploads\/2025\/09\/2025_Pulpo_MARINO_by-speziell-Lifestyle-Detail-751x1024.jpg\" data-width=\"751\" data-height=\"1024\" aria-label=\"Pulpo: Sideboard Marino by Designstudio speziell\u00ae \u2013 MARINO in einer Wohnumgebung Detail\" role=\"img\" ><\/div>\n\t\t\t\t\t\t\t\t\t\t\t\t\t\t<\/a>\n\t\t\t\t\t\t\t<a class=\"e-gallery-item elementor-gallery-item elementor-animated-content\" href=\"https:\/\/www.speziell.net\/beta\/wp-content\/uploads\/2025\/03\/2024_Pulpo_MARINO_by-speziell_Keramiksideboard-geoeffnete-Auszuege.jpg\" data-elementor-open-lightbox=\"yes\" data-elementor-lightbox-slideshow=\"791ad5a3\" data-elementor-lightbox-title=\"2025_Pulpo_MARINO_by speziell_Keramiksideboard ge\u00f6ffnete Ausz\u00fcge\" data-elementor-lightbox-description=\"Pulpo: Sideboard Marino by Designstudio speziell\u00ae \u2013 Das Sideboard aus extrudierten Keramikprofilen mit leicht ge\u00f6ffneten Ausz\u00fcgen\" data-e-action-hash=\"#elementor-action%3Aaction%3Dlightbox%26settings%3DeyJpZCI6NTg0NSwidXJsIjoiaHR0cHM6XC9cL3d3dy5zcGV6aWVsbC5uZXRcL2JldGFcL3dwLWNvbnRlbnRcL3VwbG9hZHNcLzIwMjVcLzAzXC8yMDI0X1B1bHBvX01BUklOT19ieS1zcGV6aWVsbF9LZXJhbWlrc2lkZWJvYXJkLWdlb2VmZm5ldGUtQXVzenVlZ2UuanBnIiwic2xpZGVzaG93IjoiNzkxYWQ1YTMifQ%3D%3D\">\n\t\t\t\t\t<div class=\"e-gallery-image elementor-gallery-item__image\" data-thumbnail=\"https:\/\/www.speziell.net\/beta\/wp-content\/uploads\/2025\/03\/2024_Pulpo_MARINO_by-speziell_Keramiksideboard-geoeffnete-Auszuege-751x1024.jpg\" data-width=\"751\" data-height=\"1024\" aria-label=\"Pulpo: Sideboard Marino by Designstudio speziell\u00ae \u2013 Das Sideboard aus extrudierten Keramikprofilen mit leicht ge\u00f6ffneten Ausz\u00fcgen\" role=\"img\" ><\/div>\n\t\t\t\t\t\t\t\t\t\t\t\t\t\t<\/a>\n\t\t\t\t\t\t\t<a class=\"e-gallery-item elementor-gallery-item elementor-animated-content\" href=\"https:\/\/www.speziell.net\/beta\/wp-content\/uploads\/2025\/03\/2024_Pulpo_MARINO_by-speziell_Keramiksideboard-Detail-3-1.jpg\" data-elementor-open-lightbox=\"yes\" data-elementor-lightbox-slideshow=\"791ad5a3\" data-elementor-lightbox-title=\"2025_Pulpo_MARINO_by speziell_Keramiksideboard Detail 3\" data-elementor-lightbox-description=\"Pulpo: Sideboard Marino by Designstudio speziell\u00ae \u2013 Deckel und Boden stehen \u00fcber und lassen sich als Regal verwenden\" data-e-action-hash=\"#elementor-action%3Aaction%3Dlightbox%26settings%3DeyJpZCI6NTg1NywidXJsIjoiaHR0cHM6XC9cL3d3dy5zcGV6aWVsbC5uZXRcL2JldGFcL3dwLWNvbnRlbnRcL3VwbG9hZHNcLzIwMjVcLzAzXC8yMDI0X1B1bHBvX01BUklOT19ieS1zcGV6aWVsbF9LZXJhbWlrc2lkZWJvYXJkLURldGFpbC0zLTEuanBnIiwic2xpZGVzaG93IjoiNzkxYWQ1YTMifQ%3D%3D\">\n\t\t\t\t\t<div class=\"e-gallery-image elementor-gallery-item__image\" data-thumbnail=\"https:\/\/www.speziell.net\/beta\/wp-content\/uploads\/2025\/03\/2024_Pulpo_MARINO_by-speziell_Keramiksideboard-Detail-3-1-1024x1024.jpg\" data-width=\"800\" data-height=\"800\" aria-label=\"Pulpo: Sideboard Marino by Designstudio speziell\u00ae \u2013 Deckel und Boden stehen \u00fcber und lassen sich als Regal verwenden\" role=\"img\" ><\/div>\n\t\t\t\t\t\t\t\t\t\t\t\t\t\t<\/a>\n\t\t\t\t\t\t\t<a class=\"e-gallery-item elementor-gallery-item elementor-animated-content\" href=\"https:\/\/www.speziell.net\/beta\/wp-content\/uploads\/2025\/03\/2024_Pulpo_MARINO_by-speziell_Keramiksideboard-Detail-5.jpg\" data-elementor-open-lightbox=\"yes\" data-elementor-lightbox-slideshow=\"791ad5a3\" data-elementor-lightbox-title=\"2025_Pulpo_MARINO_by speziell_Keramiksideboard Detail 5\" data-elementor-lightbox-description=\"Pulpo: Sideboard Marino by Designstudio speziell\u00ae \u2013 Die glasierten Enden der Profile\" data-e-action-hash=\"#elementor-action%3Aaction%3Dlightbox%26settings%3DeyJpZCI6NTg1NCwidXJsIjoiaHR0cHM6XC9cL3d3dy5zcGV6aWVsbC5uZXRcL2JldGFcL3dwLWNvbnRlbnRcL3VwbG9hZHNcLzIwMjVcLzAzXC8yMDI0X1B1bHBvX01BUklOT19ieS1zcGV6aWVsbF9LZXJhbWlrc2lkZWJvYXJkLURldGFpbC01LmpwZyIsInNsaWRlc2hvdyI6Ijc5MWFkNWEzIn0%3D\">\n\t\t\t\t\t<div class=\"e-gallery-image elementor-gallery-item__image\" data-thumbnail=\"https:\/\/www.speziell.net\/beta\/wp-content\/uploads\/2025\/03\/2024_Pulpo_MARINO_by-speziell_Keramiksideboard-Detail-5-683x1024.jpg\" data-width=\"683\" data-height=\"1024\" aria-label=\"Pulpo: Sideboard Marino by Designstudio speziell\u00ae \u2013 Die glasierten Enden der Profile\" role=\"img\" ><\/div>\n\t\t\t\t\t\t\t\t\t\t\t\t\t\t<\/a>\n\t\t\t\t\t\t\t<a class=\"e-gallery-item elementor-gallery-item elementor-animated-content\" href=\"https:\/\/www.speziell.net\/beta\/wp-content\/uploads\/2025\/03\/2024_Pulpo_MARINO_by-speziell_Keramiksideboard-Detail-4.jpg\" data-elementor-open-lightbox=\"yes\" data-elementor-lightbox-slideshow=\"791ad5a3\" data-elementor-lightbox-title=\"2025_Pulpo_MARINO_by speziell_Keramiksideboard Detail 4\" data-elementor-lightbox-description=\"Pulpo: Sideboard Marino by Designstudio speziell\u00ae \u2013 Blick auf das Relief der schwarz glasierten Keramikprofile\" data-e-action-hash=\"#elementor-action%3Aaction%3Dlightbox%26settings%3DeyJpZCI6NTg1MywidXJsIjoiaHR0cHM6XC9cL3d3dy5zcGV6aWVsbC5uZXRcL2JldGFcL3dwLWNvbnRlbnRcL3VwbG9hZHNcLzIwMjVcLzAzXC8yMDI0X1B1bHBvX01BUklOT19ieS1zcGV6aWVsbF9LZXJhbWlrc2lkZWJvYXJkLURldGFpbC00LmpwZyIsInNsaWRlc2hvdyI6Ijc5MWFkNWEzIn0%3D\">\n\t\t\t\t\t<div class=\"e-gallery-image elementor-gallery-item__image\" data-thumbnail=\"https:\/\/www.speziell.net\/beta\/wp-content\/uploads\/2025\/03\/2024_Pulpo_MARINO_by-speziell_Keramiksideboard-Detail-4-1024x751.jpg\" data-width=\"800\" data-height=\"587\" aria-label=\"Pulpo: Sideboard Marino by Designstudio speziell\u00ae \u2013 Blick auf das Relief der schwarz glasierten Keramikprofile\" role=\"img\" ><\/div>\n\t\t\t\t\t\t\t\t\t\t\t\t\t\t<\/a>\n\t\t\t\t\t\t\t<a class=\"e-gallery-item elementor-gallery-item elementor-animated-content\" href=\"https:\/\/www.speziell.net\/beta\/wp-content\/uploads\/2025\/03\/2024_Pulpo_MARINO_by-speziell_Planung-Keramiksideboard.jpg\" data-elementor-open-lightbox=\"yes\" data-elementor-lightbox-slideshow=\"791ad5a3\" data-elementor-lightbox-title=\"2025_Pulpo_MARINO_by speziell_Planung Keramiksideboard\" data-elementor-lightbox-description=\"Pulpo: Sideboard Marino by Designstudio speziell\u00ae \u2013 Entw\u00fcrfe und  technische Zeichnungen zusammen mit Keramikprofilen\" data-e-action-hash=\"#elementor-action%3Aaction%3Dlightbox%26settings%3DeyJpZCI6NTg0OCwidXJsIjoiaHR0cHM6XC9cL3d3dy5zcGV6aWVsbC5uZXRcL2JldGFcL3dwLWNvbnRlbnRcL3VwbG9hZHNcLzIwMjVcLzAzXC8yMDI0X1B1bHBvX01BUklOT19ieS1zcGV6aWVsbF9QbGFudW5nLUtlcmFtaWtzaWRlYm9hcmQuanBnIiwic2xpZGVzaG93IjoiNzkxYWQ1YTMifQ%3D%3D\">\n\t\t\t\t\t<div class=\"e-gallery-image elementor-gallery-item__image\" data-thumbnail=\"https:\/\/www.speziell.net\/beta\/wp-content\/uploads\/2025\/03\/2024_Pulpo_MARINO_by-speziell_Planung-Keramiksideboard-1024x751.jpg\" data-width=\"800\" data-height=\"587\" aria-label=\"Pulpo: Sideboard Marino by Designstudio speziell\u00ae \u2013 Entw\u00fcrfe und technische Zeichnungen zusammen mit Keramikprofilen\" role=\"img\" ><\/div>\n\t\t\t\t\t\t\t\t\t\t\t\t\t\t<\/a>\n\t\t\t\t\t\t\t<a class=\"e-gallery-item elementor-gallery-item elementor-animated-content\" href=\"https:\/\/www.speziell.net\/beta\/wp-content\/uploads\/2025\/03\/2024_Pulpo_MARINO_by-speziell_Keramiksideboard-mit-Leuchte-Oda-und-Sfera.jpg\" data-elementor-open-lightbox=\"yes\" data-elementor-lightbox-slideshow=\"791ad5a3\" data-elementor-lightbox-title=\"2025_Pulpo_MARINO_by speziell_Keramiksideboard mit Leuchten Oda und Sfera\" data-elementor-lightbox-description=\"Pulpo: Sideboard Marino by Designstudio speziell\u00ae \u2013 Das Sideboard aus extrudierten Keramikprofilen mit den Leuchten Oda \/ Sebastian Herkner und Sfera \/ Victoria Wilmotte\" data-e-action-hash=\"#elementor-action%3Aaction%3Dlightbox%26settings%3DeyJpZCI6NTg0NiwidXJsIjoiaHR0cHM6XC9cL3d3dy5zcGV6aWVsbC5uZXRcL2JldGFcL3dwLWNvbnRlbnRcL3VwbG9hZHNcLzIwMjVcLzAzXC8yMDI0X1B1bHBvX01BUklOT19ieS1zcGV6aWVsbF9LZXJhbWlrc2lkZWJvYXJkLW1pdC1MZXVjaHRlLU9kYS11bmQtU2ZlcmEuanBnIiwic2xpZGVzaG93IjoiNzkxYWQ1YTMifQ%3D%3D\">\n\t\t\t\t\t<div class=\"e-gallery-image elementor-gallery-item__image\" data-thumbnail=\"https:\/\/www.speziell.net\/beta\/wp-content\/uploads\/2025\/03\/2024_Pulpo_MARINO_by-speziell_Keramiksideboard-mit-Leuchte-Oda-und-Sfera-1024x683.jpg\" data-width=\"800\" data-height=\"534\" aria-label=\"Pulpo: Sideboard Marino by Designstudio speziell\u00ae \u2013 Das Sideboard aus extrudierten Keramikprofilen mit den Leuchten Oda \/ Sebastian Herkner und Sfera \/ Victoria Wilmotte\" role=\"img\" ><\/div>\n\t\t\t\t\t\t\t\t\t\t\t\t\t\t<\/a>\n\t\t\t\t\t\t\t<a class=\"e-gallery-item elementor-gallery-item elementor-animated-content\" href=\"https:\/\/www.speziell.net\/beta\/wp-content\/uploads\/2025\/03\/2024_Pulpo_MARINO_by-speziell_Keramiksideboard-auf-der-Messe-MaisonObjet-2025-Paris.jpg\" data-elementor-open-lightbox=\"yes\" data-elementor-lightbox-slideshow=\"791ad5a3\" data-elementor-lightbox-title=\"2025_Pulpo_MARINO_by speziell_Keramiksideboard auf der Messe Maison+Objet 2025 Paris\" data-elementor-lightbox-description=\"Pulpo: Sideboard Marino by Designstudio speziell\u00ae \u2013 Marino auf dem Messestand von Pulpo zur Maison &amp; Objet in Paris Januar 2025\" data-e-action-hash=\"#elementor-action%3Aaction%3Dlightbox%26settings%3DeyJpZCI6NTg0OSwidXJsIjoiaHR0cHM6XC9cL3d3dy5zcGV6aWVsbC5uZXRcL2JldGFcL3dwLWNvbnRlbnRcL3VwbG9hZHNcLzIwMjVcLzAzXC8yMDI0X1B1bHBvX01BUklOT19ieS1zcGV6aWVsbF9LZXJhbWlrc2lkZWJvYXJkLWF1Zi1kZXItTWVzc2UtTWFpc29uT2JqZXQtMjAyNS1QYXJpcy5qcGciLCJzbGlkZXNob3ciOiI3OTFhZDVhMyJ9\">\n\t\t\t\t\t<div class=\"e-gallery-image elementor-gallery-item__image\" data-thumbnail=\"https:\/\/www.speziell.net\/beta\/wp-content\/uploads\/2025\/03\/2024_Pulpo_MARINO_by-speziell_Keramiksideboard-auf-der-Messe-MaisonObjet-2025-Paris-1024x751.jpg\" data-width=\"800\" data-height=\"587\" aria-label=\"Pulpo: Sideboard Marino by Designstudio speziell\u00ae \u2013 Marino auf dem Messestand von Pulpo zur Maison &amp; Objet in Paris Januar 2025\" role=\"img\" ><\/div>\n\t\t\t\t\t\t\t\t\t\t\t\t\t\t<\/a>\n\t\t\t\t\t<\/div>\n\t\t\t\t\t<\/div>\n\t\t\t\t<\/div>\n\t\t\t\t\t<\/div>\n\t\t<\/div>\n\t\t\t\t\t<\/div>\n\t\t<\/section>\n\t\t\t\t<\/div>","protected":false},"excerpt":{"rendered":"<p>Pulpo: Marino Zwischen Industrie und Kunsthandwerk Das Marino Sideboard verbindet nahtlos industrielle \u00c4sthetik mit Handwerkskunst. Hergestellt aus extrudierter Keramik und mit einer intensiv schwarzen Glasur versehen, fesselt es mit seiner auff\u00e4lligen Materialit\u00e4t. Die Hohlkammer-Profile verleihen MARINO eine moderne, minimalistische Form, w\u00e4hrend die handgefertigten Keramikdetails das Gef\u00fchl von archaischer W\u00e4rme hervorrufen. Hersteller:\u00a0www.pulpoproducts.com<\/p>","protected":false},"author":3,"featured_media":5856,"parent":9,"menu_order":3,"comment_status":"closed","ping_status":"closed","template":"","meta":{"footnotes":""},"class_list":["post-5839","page","type-page","status-publish","has-post-thumbnail","hentry"],"_links":{"self":[{"href":"https:\/\/www.speziell.net\/beta\/en\/wp-json\/wp\/v2\/pages\/5839","targetHints":{"allow":["GET"]}}],"collection":[{"href":"https:\/\/www.speziell.net\/beta\/en\/wp-json\/wp\/v2\/pages"}],"about":[{"href":"https:\/\/www.speziell.net\/beta\/en\/wp-json\/wp\/v2\/types\/page"}],"author":[{"embeddable":true,"href":"https:\/\/www.speziell.net\/beta\/en\/wp-json\/wp\/v2\/users\/3"}],"replies":[{"embeddable":true,"href":"https:\/\/www.speziell.net\/beta\/en\/wp-json\/wp\/v2\/comments?post=5839"}],"version-history":[{"count":40,"href":"https:\/\/www.speziell.net\/beta\/en\/wp-json\/wp\/v2\/pages\/5839\/revisions"}],"predecessor-version":[{"id":6046,"href":"https:\/\/www.speziell.net\/beta\/en\/wp-json\/wp\/v2\/pages\/5839\/revisions\/6046"}],"up":[{"embeddable":true,"href":"https:\/\/www.speziell.net\/beta\/en\/wp-json\/wp\/v2\/pages\/9"}],"wp:featuredmedia":[{"embeddable":true,"href":"https:\/\/www.speziell.net\/beta\/en\/wp-json\/wp\/v2\/media\/5856"}],"wp:attachment":[{"href":"https:\/\/www.speziell.net\/beta\/en\/wp-json\/wp\/v2\/media?parent=5839"}],"curies":[{"name":"wp","href":"https:\/\/api.w.org\/{rel}","templated":true}]}}