{"id":11,"date":"2023-02-14T17:27:31","date_gmt":"2023-02-14T16:27:31","guid":{"rendered":"https:\/\/www.speziell.net\/beta\/?page_id=11"},"modified":"2026-02-16T16:21:11","modified_gmt":"2026-02-16T15:21:11","slug":"ueber-uns","status":"publish","type":"page","link":"https:\/\/www.speziell.net\/beta\/ueber-uns\/","title":{"rendered":"\u00dcBER UNS"},"content":{"rendered":"\t\t<div data-elementor-type=\"wp-page\" data-elementor-id=\"11\" class=\"elementor elementor-11\" data-elementor-post-type=\"page\">\n\t\t\t\t\t\t<section class=\"elementor-section elementor-top-section elementor-element elementor-element-57977e3d elementor-section-boxed elementor-section-height-default elementor-section-height-default\" data-id=\"57977e3d\" data-element_type=\"section\" data-e-type=\"section\">\n\t\t\t\t\t\t<div class=\"elementor-container elementor-column-gap-default\">\n\t\t\t\t\t<div class=\"elementor-column elementor-col-100 elementor-top-column elementor-element elementor-element-2dd7e554\" data-id=\"2dd7e554\" data-element_type=\"column\" data-e-type=\"column\">\n\t\t\t<div class=\"elementor-widget-wrap elementor-element-populated\">\n\t\t\t\t\t\t<div class=\"elementor-element elementor-element-3f53fdad elementor-hidden-mobile elementor-hidden-tablet elementor-widget elementor-widget-image\" data-id=\"3f53fdad\" data-element_type=\"widget\" data-e-type=\"widget\" data-widget_type=\"image.default\">\n\t\t\t\t<div class=\"elementor-widget-container\">\n\t\t\t\t\t\t\t\t\t\t\t\t\t\t\t\t<a href=\"https:\/\/www.speziell.net\/beta\/home\/\">\n\t\t\t\t\t\t\t<img decoding=\"async\" width=\"100\" height=\"100\" src=\"https:\/\/www.speziell.net\/beta\/wp-content\/uploads\/2023\/02\/speziell_logo_grau-1.svg\" class=\"attachment-large size-large wp-image-731\" alt=\"Designstudio speziell\u00ae \u2013 Fleckenstein Pohlmann Schwer GbR\" \/>\t\t\t\t\t\t\t\t<\/a>\n\t\t\t\t\t\t\t\t\t\t\t\t\t\t\t<\/div>\n\t\t\t\t<\/div>\n\t\t\t\t<div class=\"elementor-element elementor-element-3a9d03a1 elementor-hidden-desktop elementor-widget elementor-widget-image\" data-id=\"3a9d03a1\" data-element_type=\"widget\" data-e-type=\"widget\" data-widget_type=\"image.default\">\n\t\t\t\t<div class=\"elementor-widget-container\">\n\t\t\t\t\t\t\t\t\t\t\t\t\t\t\t\t<a href=\"https:\/\/www.speziell.net\/beta\/home\/\">\n\t\t\t\t\t\t\t<img decoding=\"async\" width=\"100\" height=\"100\" src=\"https:\/\/www.speziell.net\/beta\/wp-content\/uploads\/2023\/03\/speziell_logo_oSubline.svg\" class=\"attachment-large size-large wp-image-2739\" alt=\"\" \/>\t\t\t\t\t\t\t\t<\/a>\n\t\t\t\t\t\t\t\t\t\t\t\t\t\t\t<\/div>\n\t\t\t\t<\/div>\n\t\t\t\t\t<\/div>\n\t\t<\/div>\n\t\t\t\t\t<\/div>\n\t\t<\/section>\n\t\t\t\t<section class=\"elementor-section elementor-top-section elementor-element elementor-element-26c8503 elementor-section-boxed elementor-section-height-default elementor-section-height-default\" data-id=\"26c8503\" data-element_type=\"section\" data-e-type=\"section\">\n\t\t\t\t\t\t<div class=\"elementor-container elementor-column-gap-default\">\n\t\t\t\t\t<div class=\"elementor-column elementor-col-33 elementor-top-column elementor-element elementor-element-478723c9\" data-id=\"478723c9\" data-element_type=\"column\" data-e-type=\"column\">\n\t\t\t<div class=\"elementor-widget-wrap elementor-element-populated\">\n\t\t\t\t\t\t<div class=\"elementor-element elementor-element-76beab58 elementor-widget elementor-widget-heading\" data-id=\"76beab58\" data-element_type=\"widget\" data-e-type=\"widget\" data-widget_type=\"heading.default\">\n\t\t\t\t<div class=\"elementor-widget-container\">\n\t\t\t\t\t<h2 class=\"elementor-heading-title elementor-size-default\">DIE HANDSCHRIFT EINES TEAMS<\/h2>\t\t\t\t<\/div>\n\t\t\t\t<\/div>\n\t\t\t\t<div class=\"elementor-element elementor-element-3af70956 elementor-widget elementor-widget-text-editor\" data-id=\"3af70956\" data-element_type=\"widget\" data-e-type=\"widget\" data-widget_type=\"text-editor.default\">\n\t\t\t\t<div class=\"elementor-widget-container\">\n\t\t\t\t\t\t\t\t\t<p>Das Designstudio speziell\u00ae wurde 2002 von den drei Diplom-Designern Sybille Fleckenstein, Jens Pohlmann und Dr. Thilo Schwer gegr\u00fcndet. Die drei konzipieren und gestalten Objekte und Produktserien im Konsumg\u00fcterbereich. Dabei wird ein integrativer Designansatz verfolgt. Dieser umfasst Produktplanung, Beratung bei der Portfoliozusammensetzung sowie die Produktdiversifizierung. In der Zusammenarbeit mit Auftraggebern werden Material- und Funktionsinnovationen entwickelt. Die authentische Darstellung der Arbeitsergebnisse auf Messen oder in Showrooms z\u00e4hlt ebenso dazu.<\/p><p>Die Arbeiten von speziell\u00ae wurden mehrfach international ausgezeichnet \u2013 mittlerweile erhielt das Team mehr als 40 Designpreise. Der Designkritiker Prof. Markus Frenzl beschreibt die Qualit\u00e4t der Arbeiten wie folgt:<\/p><p>\u201eDie drei Produktdesigner von speziell z\u00e4hlen zu den selten gewordenen Gestaltern, denen es nicht darum geht, jedem Entwurf mit aller Macht den Stempel des eigenen Egos aufzudr\u00fccken. Sybille Fleckenstein, Jens Pohlmann und Thilo Schwer n\u00e4hern sich jeder gestalterischen Aufgabe mit forschender Neugierde an und finden im Team das Besondere im Selbstverst\u00e4ndlichen. Sie erreichen so formal \u00fcberzeugende L\u00f6sungen, die charakterstark, aber nie aufgesetzt oder \u00fcberzeichnet sind und die immer wieder au\u00dfergew\u00f6hnliche Funktionalit\u00e4t mit Emotionalit\u00e4t verbinden. Es sind eigenst\u00e4ndige Entw\u00fcrfe, in denen die Handschrift eines Teams sichtbar wird und die dennoch exakt zu Aufgabenstellung, Unternehmen und Marke passen.\u201c<\/p><p>Seit Januar 2026 ist Thilo Schwer aus dem B\u00fcro ausgeschieden und konzentriert sich voll auf seine Lehrt\u00e4tigkeit.<\/p>\t\t\t\t\t\t\t\t<\/div>\n\t\t\t\t<\/div>\n\t\t\t\t\t<\/div>\n\t\t<\/div>\n\t\t\t\t<div class=\"elementor-column elementor-col-33 elementor-top-column elementor-element elementor-element-1aed91f5\" data-id=\"1aed91f5\" data-element_type=\"column\" data-e-type=\"column\">\n\t\t\t<div class=\"elementor-widget-wrap elementor-element-populated\">\n\t\t\t\t\t\t<div class=\"elementor-element elementor-element-5efc77f elementor-widget elementor-widget-image\" data-id=\"5efc77f\" data-element_type=\"widget\" data-e-type=\"widget\" data-widget_type=\"image.default\">\n\t\t\t\t<div class=\"elementor-widget-container\">\n\t\t\t\t\t\t\t\t\t\t\t\t\t\t\t<img fetchpriority=\"high\" decoding=\"async\" width=\"745\" height=\"1024\" src=\"https:\/\/www.speziell.net\/beta\/wp-content\/uploads\/2026\/02\/Portrait_4-1-745x1024.jpg\" class=\"attachment-large size-large wp-image-6075\" alt=\"\" srcset=\"https:\/\/www.speziell.net\/beta\/wp-content\/uploads\/2026\/02\/Portrait_4-1-745x1024.jpg 745w, https:\/\/www.speziell.net\/beta\/wp-content\/uploads\/2026\/02\/Portrait_4-1-218x300.jpg 218w, https:\/\/www.speziell.net\/beta\/wp-content\/uploads\/2026\/02\/Portrait_4-1-768x1055.jpg 768w, https:\/\/www.speziell.net\/beta\/wp-content\/uploads\/2026\/02\/Portrait_4-1-9x12.jpg 9w, https:\/\/www.speziell.net\/beta\/wp-content\/uploads\/2026\/02\/Portrait_4-1.jpg 1092w\" sizes=\"(max-width: 745px) 100vw, 745px\" \/>\t\t\t\t\t\t\t\t\t\t\t\t\t\t\t<\/div>\n\t\t\t\t<\/div>\n\t\t\t\t<div class=\"elementor-element elementor-element-b6a3610 elementor-widget elementor-widget-text-editor\" data-id=\"b6a3610\" data-element_type=\"widget\" data-e-type=\"widget\" data-widget_type=\"text-editor.default\">\n\t\t\t\t<div class=\"elementor-widget-container\">\n\t\t\t\t\t\t\t\t\t<p>Designstudio speziell\u00ae: Sybille Fleckenstein, Jens Pohlmann<\/p>\t\t\t\t\t\t\t\t<\/div>\n\t\t\t\t<\/div>\n\t\t\t\t\t<\/div>\n\t\t<\/div>\n\t\t\t\t<div class=\"elementor-column elementor-col-33 elementor-top-column elementor-element elementor-element-dd872a8\" data-id=\"dd872a8\" data-element_type=\"column\" data-e-type=\"column\">\n\t\t\t<div class=\"elementor-widget-wrap elementor-element-populated\">\n\t\t\t\t\t\t<div class=\"elementor-element elementor-element-3761cd9 elementor-widget elementor-widget-gallery\" data-id=\"3761cd9\" data-element_type=\"widget\" data-e-type=\"widget\" data-settings=\"{&quot;columns&quot;:1,&quot;gap&quot;:{&quot;unit&quot;:&quot;px&quot;,&quot;size&quot;:20,&quot;sizes&quot;:[]},&quot;lazyload&quot;:&quot;yes&quot;,&quot;gallery_layout&quot;:&quot;grid&quot;,&quot;columns_tablet&quot;:2,&quot;columns_mobile&quot;:1,&quot;gap_tablet&quot;:{&quot;unit&quot;:&quot;px&quot;,&quot;size&quot;:10,&quot;sizes&quot;:[]},&quot;gap_mobile&quot;:{&quot;unit&quot;:&quot;px&quot;,&quot;size&quot;:10,&quot;sizes&quot;:[]},&quot;link_to&quot;:&quot;file&quot;,&quot;aspect_ratio&quot;:&quot;3:2&quot;,&quot;overlay_background&quot;:&quot;yes&quot;,&quot;content_hover_animation&quot;:&quot;fade-in&quot;}\" data-widget_type=\"gallery.default\">\n\t\t\t\t<div class=\"elementor-widget-container\">\n\t\t\t\t\t\t\t<div class=\"elementor-gallery__container\">\n\t\t\t\t\t\t\t<a class=\"e-gallery-item elementor-gallery-item elementor-animated-content\" href=\"https:\/\/www.speziell.net\/beta\/wp-content\/uploads\/2026\/02\/2025_Buero-Designstudio-speziell\u00ae_Heyne-Fabrik_Offenbach-am-Main_4.jpg\" data-elementor-open-lightbox=\"yes\" data-elementor-lightbox-slideshow=\"3761cd9\" data-elementor-lightbox-title=\"2025_B\u00fcro Designstudio speziell\u00ae_Heyne Fabrik_Offenbach am Main_4\" data-elementor-lightbox-description=\"Designstudio speziell\u00ae in Offenbach \u2013 Eingang\" data-e-action-hash=\"#elementor-action%3Aaction%3Dlightbox%26settings%3DeyJpZCI6NjA1MiwidXJsIjoiaHR0cHM6XC9cL3d3dy5zcGV6aWVsbC5uZXRcL2JldGFcL3dwLWNvbnRlbnRcL3VwbG9hZHNcLzIwMjZcLzAyXC8yMDI1X0J1ZXJvLURlc2lnbnN0dWRpby1zcGV6aWVsbFx1MDBhZV9IZXluZS1GYWJyaWtfT2ZmZW5iYWNoLWFtLU1haW5fNC5qcGciLCJzbGlkZXNob3ciOiIzNzYxY2Q5In0%3D\">\n\t\t\t\t\t<div class=\"e-gallery-image elementor-gallery-item__image\" data-thumbnail=\"https:\/\/www.speziell.net\/beta\/wp-content\/uploads\/2026\/02\/2025_Buero-Designstudio-speziell\u00ae_Heyne-Fabrik_Offenbach-am-Main_4-768x1024.jpg\" data-width=\"768\" data-height=\"1024\" aria-label=\"Designstudio speziell\u00ae in Offenbach \u2013 Eingang\" role=\"img\" ><\/div>\n\t\t\t\t\t\t\t\t\t\t\t<div class=\"elementor-gallery-item__overlay\"><\/div>\n\t\t\t\t\t\t\t\t\t\t\t\t\t\t<\/a>\n\t\t\t\t\t\t\t<a class=\"e-gallery-item elementor-gallery-item elementor-animated-content\" href=\"https:\/\/www.speziell.net\/beta\/wp-content\/uploads\/2025\/03\/2025_Buero-Designstudio-speziell\u00ae_Heyne-Fabrik_Offenbach-am-Main-1.jpg\" data-elementor-open-lightbox=\"yes\" data-elementor-lightbox-slideshow=\"3761cd9\" data-elementor-lightbox-title=\"2025_B\u00fcro Designstudio speziell\u00ae_Heyne Fabrik_Offenbach am Main\" data-elementor-lightbox-description=\"Designstudio speziell\u00ae in Offenbach \u2013 Innenansicht des B\u00fcros\" data-e-action-hash=\"#elementor-action%3Aaction%3Dlightbox%26settings%3DeyJpZCI6NTkxOCwidXJsIjoiaHR0cHM6XC9cL3d3dy5zcGV6aWVsbC5uZXRcL2JldGFcL3dwLWNvbnRlbnRcL3VwbG9hZHNcLzIwMjVcLzAzXC8yMDI1X0J1ZXJvLURlc2lnbnN0dWRpby1zcGV6aWVsbFx1MDBhZV9IZXluZS1GYWJyaWtfT2ZmZW5iYWNoLWFtLU1haW4tMS5qcGciLCJzbGlkZXNob3ciOiIzNzYxY2Q5In0%3D\">\n\t\t\t\t\t<div class=\"e-gallery-image elementor-gallery-item__image\" data-thumbnail=\"https:\/\/www.speziell.net\/beta\/wp-content\/uploads\/2025\/03\/2025_Buero-Designstudio-speziell\u00ae_Heyne-Fabrik_Offenbach-am-Main-1-1024x751.jpg\" data-width=\"800\" data-height=\"587\" aria-label=\"Designstudio speziell\u00ae in Offenbach \u2013 Innenansicht des B\u00fcros\" role=\"img\" ><\/div>\n\t\t\t\t\t\t\t\t\t\t\t<div class=\"elementor-gallery-item__overlay\"><\/div>\n\t\t\t\t\t\t\t\t\t\t\t\t\t\t<\/a>\n\t\t\t\t\t\t\t<a class=\"e-gallery-item elementor-gallery-item elementor-animated-content\" href=\"https:\/\/www.speziell.net\/beta\/wp-content\/uploads\/2026\/02\/2025_Buero-Designstudio-speziell\u00ae_Heyne-Fabrik_Offenbach-am-Main_3.jpg\" data-elementor-open-lightbox=\"yes\" data-elementor-lightbox-slideshow=\"3761cd9\" data-elementor-lightbox-title=\"2025_B\u00fcro Designstudio speziell\u00ae_Heyne Fabrik_Offenbach am Main_3\" data-elementor-lightbox-description=\"Designstudio speziell\u00ae in Offenbach \u2013 Au\u00dfenansicht\" data-e-action-hash=\"#elementor-action%3Aaction%3Dlightbox%26settings%3DeyJpZCI6NjA1MSwidXJsIjoiaHR0cHM6XC9cL3d3dy5zcGV6aWVsbC5uZXRcL2JldGFcL3dwLWNvbnRlbnRcL3VwbG9hZHNcLzIwMjZcLzAyXC8yMDI1X0J1ZXJvLURlc2lnbnN0dWRpby1zcGV6aWVsbFx1MDBhZV9IZXluZS1GYWJyaWtfT2ZmZW5iYWNoLWFtLU1haW5fMy5qcGciLCJzbGlkZXNob3ciOiIzNzYxY2Q5In0%3D\">\n\t\t\t\t\t<div class=\"e-gallery-image elementor-gallery-item__image\" data-thumbnail=\"https:\/\/www.speziell.net\/beta\/wp-content\/uploads\/2026\/02\/2025_Buero-Designstudio-speziell\u00ae_Heyne-Fabrik_Offenbach-am-Main_3-768x1024.jpg\" data-width=\"768\" data-height=\"1024\" aria-label=\"Designstudio speziell\u00ae in Offenbach \u2013 Au\u00dfenansicht\" role=\"img\" ><\/div>\n\t\t\t\t\t\t\t\t\t\t\t<div class=\"elementor-gallery-item__overlay\"><\/div>\n\t\t\t\t\t\t\t\t\t\t\t\t\t\t<\/a>\n\t\t\t\t\t\t\t<a class=\"e-gallery-item elementor-gallery-item elementor-animated-content\" href=\"https:\/\/www.speziell.net\/beta\/wp-content\/uploads\/2023\/02\/speziell_Designstudio_Andrestrasse_3.jpg\" data-elementor-open-lightbox=\"yes\" data-elementor-lightbox-slideshow=\"3761cd9\" data-elementor-lightbox-title=\"speziell_Designstudio_Andrestrasse_3\" data-elementor-lightbox-description=\"Designstudio speziell\u00ae in Offenbach \u2013 Regal Aura\" data-e-action-hash=\"#elementor-action%3Aaction%3Dlightbox%26settings%3DeyJpZCI6ODgxLCJ1cmwiOiJodHRwczpcL1wvd3d3LnNwZXppZWxsLm5ldFwvYmV0YVwvd3AtY29udGVudFwvdXBsb2Fkc1wvMjAyM1wvMDJcL3NwZXppZWxsX0Rlc2lnbnN0dWRpb19BbmRyZXN0cmFzc2VfMy5qcGciLCJzbGlkZXNob3ciOiIzNzYxY2Q5In0%3D\">\n\t\t\t\t\t<div class=\"e-gallery-image elementor-gallery-item__image\" data-thumbnail=\"https:\/\/www.speziell.net\/beta\/wp-content\/uploads\/2023\/02\/speziell_Designstudio_Andrestrasse_3-683x1024.jpg\" data-width=\"683\" data-height=\"1024\" aria-label=\"Designstudio speziell\u00ae in Offenbach \u2013 Regal Aura\" role=\"img\" ><\/div>\n\t\t\t\t\t\t\t\t\t\t\t<div class=\"elementor-gallery-item__overlay\"><\/div>\n\t\t\t\t\t\t\t\t\t\t\t\t\t\t<\/a>\n\t\t\t\t\t\t\t<a class=\"e-gallery-item elementor-gallery-item elementor-animated-content\" href=\"https:\/\/www.speziell.net\/beta\/wp-content\/uploads\/2026\/02\/2025_Buero-Designstudio-speziell\u00ae_Heyne-Fabrik_Offenbach-am-Main_2.jpg\" data-elementor-open-lightbox=\"yes\" data-elementor-lightbox-slideshow=\"3761cd9\" data-elementor-lightbox-title=\"2025_B\u00fcro Designstudio speziell\u00ae_Heyne Fabrik_Offenbach am Main_2\" data-elementor-lightbox-description=\"Designstudio speziell\u00ae in Offenbach \u2013 Au\u00dfenansicht_2\" data-e-action-hash=\"#elementor-action%3Aaction%3Dlightbox%26settings%3DeyJpZCI6NjA3OSwidXJsIjoiaHR0cHM6XC9cL3d3dy5zcGV6aWVsbC5uZXRcL2JldGFcL3dwLWNvbnRlbnRcL3VwbG9hZHNcLzIwMjZcLzAyXC8yMDI1X0J1ZXJvLURlc2lnbnN0dWRpby1zcGV6aWVsbFx1MDBhZV9IZXluZS1GYWJyaWtfT2ZmZW5iYWNoLWFtLU1haW5fMi5qcGciLCJzbGlkZXNob3ciOiIzNzYxY2Q5In0%3D\">\n\t\t\t\t\t<div class=\"e-gallery-image elementor-gallery-item__image\" data-thumbnail=\"https:\/\/www.speziell.net\/beta\/wp-content\/uploads\/2026\/02\/2025_Buero-Designstudio-speziell\u00ae_Heyne-Fabrik_Offenbach-am-Main_2-768x1024.jpg\" data-width=\"768\" data-height=\"1024\" aria-label=\"Designstudio speziell\u00ae in Offenbach \u2013 Au\u00dfenansicht_2\" role=\"img\" ><\/div>\n\t\t\t\t\t\t\t\t\t\t\t<div class=\"elementor-gallery-item__overlay\"><\/div>\n\t\t\t\t\t\t\t\t\t\t\t\t\t\t<\/a>\n\t\t\t\t\t<\/div>\n\t\t\t\t\t<\/div>\n\t\t\t\t<\/div>\n\t\t\t\t\t<\/div>\n\t\t<\/div>\n\t\t\t\t\t<\/div>\n\t\t<\/section>\n\t\t\t\t<\/div>\n\t\t","protected":false},"excerpt":{"rendered":"<p>DIE HANDSCHRIFT EINES TEAMS Das Designstudio speziell\u00ae wurde 2002 von den drei Diplom-Designern Sybille Fleckenstein, Jens Pohlmann und Dr. Thilo Schwer gegr\u00fcndet. Die drei konzipieren und gestalten Objekte und Produktserien im Konsumg\u00fcterbereich. Dabei wird ein integrativer Designansatz verfolgt. Dieser umfasst Produktplanung, Beratung bei der Portfoliozusammensetzung sowie die Produktdiversifizierung. In der Zusammenarbeit mit Auftraggebern werden Material- [&hellip;]<\/p>\n","protected":false},"author":1,"featured_media":154,"parent":0,"menu_order":0,"comment_status":"closed","ping_status":"closed","template":"","meta":{"footnotes":""},"class_list":["post-11","page","type-page","status-publish","has-post-thumbnail","hentry"],"_links":{"self":[{"href":"https:\/\/www.speziell.net\/beta\/wp-json\/wp\/v2\/pages\/11","targetHints":{"allow":["GET"]}}],"collection":[{"href":"https:\/\/www.speziell.net\/beta\/wp-json\/wp\/v2\/pages"}],"about":[{"href":"https:\/\/www.speziell.net\/beta\/wp-json\/wp\/v2\/types\/page"}],"author":[{"embeddable":true,"href":"https:\/\/www.speziell.net\/beta\/wp-json\/wp\/v2\/users\/1"}],"replies":[{"embeddable":true,"href":"https:\/\/www.speziell.net\/beta\/wp-json\/wp\/v2\/comments?post=11"}],"version-history":[{"count":120,"href":"https:\/\/www.speziell.net\/beta\/wp-json\/wp\/v2\/pages\/11\/revisions"}],"predecessor-version":[{"id":6086,"href":"https:\/\/www.speziell.net\/beta\/wp-json\/wp\/v2\/pages\/11\/revisions\/6086"}],"wp:featuredmedia":[{"embeddable":true,"href":"https:\/\/www.speziell.net\/beta\/wp-json\/wp\/v2\/media\/154"}],"wp:attachment":[{"href":"https:\/\/www.speziell.net\/beta\/wp-json\/wp\/v2\/media?parent=11"}],"curies":[{"name":"wp","href":"https:\/\/api.w.org\/{rel}","templated":true}]}}