{"id":2365,"date":"2010-03-13T16:43:00","date_gmt":"2010-03-13T15:43:00","guid":{"rendered":"https:\/\/www.speziell.net\/beta\/?page_id=2365"},"modified":"2023-11-06T11:59:27","modified_gmt":"2023-11-06T10:59:27","slug":"sopha","status":"publish","type":"page","link":"https:\/\/www.speziell.net\/beta\/home\/sopha\/","title":{"rendered":"SOPHA"},"content":{"rendered":"\t\t<div data-elementor-type=\"wp-page\" data-elementor-id=\"2365\" class=\"elementor elementor-2365\" data-elementor-post-type=\"page\">\n\t\t\t\t\t\t<section class=\"elementor-section elementor-top-section elementor-element elementor-element-2a864364 elementor-section-boxed elementor-section-height-default elementor-section-height-default\" data-id=\"2a864364\" data-element_type=\"section\" data-e-type=\"section\">\n\t\t\t\t\t\t<div class=\"elementor-container elementor-column-gap-default\">\n\t\t\t\t\t<div class=\"elementor-column elementor-col-100 elementor-top-column elementor-element elementor-element-7eabd43e\" data-id=\"7eabd43e\" data-element_type=\"column\" data-e-type=\"column\">\n\t\t\t<div class=\"elementor-widget-wrap elementor-element-populated\">\n\t\t\t\t\t\t<div class=\"elementor-element elementor-element-257683a elementor-hidden-mobile elementor-hidden-tablet elementor-widget elementor-widget-image\" data-id=\"257683a\" data-element_type=\"widget\" data-e-type=\"widget\" data-widget_type=\"image.default\">\n\t\t\t\t<div class=\"elementor-widget-container\">\n\t\t\t\t\t\t\t\t\t\t\t\t\t\t\t\t<a href=\"https:\/\/www.speziell.net\/beta\/home\/\">\n\t\t\t\t\t\t\t<img decoding=\"async\" width=\"100\" height=\"100\" src=\"https:\/\/www.speziell.net\/beta\/wp-content\/uploads\/2023\/02\/speziell_logo_grau-1.svg\" class=\"attachment-large size-large wp-image-731\" alt=\"Designstudio speziell\u00ae \u2013 Fleckenstein Pohlmann Schwer GbR\" \/>\t\t\t\t\t\t\t\t<\/a>\n\t\t\t\t\t\t\t\t\t\t\t\t\t\t\t<\/div>\n\t\t\t\t<\/div>\n\t\t\t\t<div class=\"elementor-element elementor-element-57f2da50 elementor-hidden-desktop elementor-widget elementor-widget-image\" data-id=\"57f2da50\" data-element_type=\"widget\" data-e-type=\"widget\" data-widget_type=\"image.default\">\n\t\t\t\t<div class=\"elementor-widget-container\">\n\t\t\t\t\t\t\t\t\t\t\t\t\t\t\t\t<a href=\"https:\/\/www.speziell.net\/beta\/home\/\">\n\t\t\t\t\t\t\t<img decoding=\"async\" width=\"100\" height=\"100\" src=\"https:\/\/www.speziell.net\/beta\/wp-content\/uploads\/2023\/03\/speziell_logo_oSubline.svg\" class=\"attachment-large size-large wp-image-2739\" alt=\"\" \/>\t\t\t\t\t\t\t\t<\/a>\n\t\t\t\t\t\t\t\t\t\t\t\t\t\t\t<\/div>\n\t\t\t\t<\/div>\n\t\t\t\t\t<\/div>\n\t\t<\/div>\n\t\t\t\t\t<\/div>\n\t\t<\/section>\n\t\t\t\t<section class=\"elementor-section elementor-top-section elementor-element elementor-element-e8cffe0 elementor-section-boxed elementor-section-height-default elementor-section-height-default\" data-id=\"e8cffe0\" data-element_type=\"section\" data-e-type=\"section\">\n\t\t\t\t\t\t<div class=\"elementor-container elementor-column-gap-default\">\n\t\t\t\t\t<div class=\"elementor-column elementor-col-50 elementor-top-column elementor-element elementor-element-388deeb4\" data-id=\"388deeb4\" data-element_type=\"column\" data-e-type=\"column\">\n\t\t\t<div class=\"elementor-widget-wrap elementor-element-populated\">\n\t\t\t\t\t\t<div class=\"elementor-element elementor-element-34187ca3 elementor-widget elementor-widget-heading\" data-id=\"34187ca3\" data-element_type=\"widget\" data-e-type=\"widget\" data-widget_type=\"heading.default\">\n\t\t\t\t<div class=\"elementor-widget-container\">\n\t\t\t\t\t<h2 class=\"elementor-heading-title elementor-size-default\">SEDUS: SOPHA<\/h2>\t\t\t\t<\/div>\n\t\t\t\t<\/div>\n\t\t\t\t<div class=\"elementor-element elementor-element-75302e3f elementor-widget elementor-widget-text-editor\" data-id=\"75302e3f\" data-element_type=\"widget\" data-e-type=\"widget\" data-widget_type=\"text-editor.default\">\n\t\t\t\t<div class=\"elementor-widget-container\">\n\t\t\t\t\t\t\t\t\t<p>Vielseitiges Polsterm\u00f6belsystem<\/p>\t\t\t\t\t\t\t\t<\/div>\n\t\t\t\t<\/div>\n\t\t\t\t<div class=\"elementor-element elementor-element-62d194a5 elementor-widget elementor-widget-text-editor\" data-id=\"62d194a5\" data-element_type=\"widget\" data-e-type=\"widget\" data-widget_type=\"text-editor.default\">\n\t\t\t\t<div class=\"elementor-widget-container\">\n\t\t\t\t\t\t\t\t\t<p class=\"text\">Polsterm\u00f6bel k\u00f6nnen im B\u00fcroumfeld verschiedene Arten von Kommunikation f\u00f6rdern: Gruppen mit niedriger Lehne schaffen Inseln f\u00fcr den kreativen Austausch, gegen\u00fcberstehende Sofas mit hoher R\u00fcckenlehne laden zu ungezwungenen Gespr\u00e4chsrunden ein, abgeschirmte Einzelsessel oder Zweisitzer erm\u00f6glichen ungest\u00f6rte Telefonate. Dar\u00fcber hinaus ist mit dem Anreihprogramm eine Gliederung und Strukturierung von R\u00e4umen m\u00f6glich. Die Anmutung des Systems ver\u00e4ndert sich durch unterschiedliche Farben und Polstermaterialien. Einsatzgebiet: Mittelzonen moderner B\u00fcrolandschaften, Warte- und Eingangsbereiche, Lounges, Chefb\u00fcros.<\/p>\n<p class=\"text\">Das modulare System basiert auf gepolsterten Hockern und B\u00e4nken, die mit Eckr\u00fccken oder Anbaur\u00fccken ausgestattet werden k\u00f6nnen. Diese lassen sich durch zus\u00e4tzliche Module erh\u00f6hen. Der dadurch entstehende rasterf\u00f6rmige Baukasten erm\u00f6glicht konventionelle Sessel und Sofas, ungew\u00f6hnliche Konstellationen mit wechselseitiger Ausrichtung oder das Zusammenstellen zu raumgreifenden Strukturen.<\/p>\n<p class=\"text\">Die Abschirmungselemente laden zum Anlehnen ein. Stehende Gespr\u00e4chspartner bereichern so das informelle Gespr\u00e4ch und schaffen eine lockere Atmosph\u00e4re.<\/p>\n<p class=\"text\">Kontext: Neuartige M\u00f6belformen erweitern das vorhandene Programm des Herstellers. Dadurch lassen sich unterschiedliche B\u00fcrolayouts mit einem durchg\u00e4ngigen System realisieren und auch nachtr\u00e4glich erweitern.<\/p><p class=\"text\">Hersteller:<br><a href=\"https:\/\/www.sedus.com\/de\/produkte\/sitzmoebel\/sopha\" target=\"_blank\" rel=\"noopener\">https:\/\/www.sedus.com\/de\/produkte\/sitzmoebel\/sopha<\/a><\/p>\t\t\t\t\t\t\t\t<\/div>\n\t\t\t\t<\/div>\n\t\t\t\t\t<\/div>\n\t\t<\/div>\n\t\t\t\t<div class=\"elementor-column elementor-col-50 elementor-top-column elementor-element elementor-element-1a1e6f7a\" data-id=\"1a1e6f7a\" data-element_type=\"column\" data-e-type=\"column\">\n\t\t\t<div class=\"elementor-widget-wrap elementor-element-populated\">\n\t\t\t\t\t\t<div class=\"elementor-element elementor-element-13556cee elementor-widget elementor-widget-gallery\" data-id=\"13556cee\" data-element_type=\"widget\" data-e-type=\"widget\" data-settings=\"{&quot;gallery_layout&quot;:&quot;masonry&quot;,&quot;columns&quot;:2,&quot;lazyload&quot;:&quot;yes&quot;,&quot;columns_tablet&quot;:2,&quot;columns_mobile&quot;:1,&quot;gap&quot;:{&quot;unit&quot;:&quot;px&quot;,&quot;size&quot;:10,&quot;sizes&quot;:[]},&quot;gap_tablet&quot;:{&quot;unit&quot;:&quot;px&quot;,&quot;size&quot;:10,&quot;sizes&quot;:[]},&quot;gap_mobile&quot;:{&quot;unit&quot;:&quot;px&quot;,&quot;size&quot;:10,&quot;sizes&quot;:[]},&quot;link_to&quot;:&quot;file&quot;,&quot;overlay_background&quot;:&quot;yes&quot;,&quot;content_hover_animation&quot;:&quot;fade-in&quot;}\" data-widget_type=\"gallery.default\">\n\t\t\t\t<div class=\"elementor-widget-container\">\n\t\t\t\t\t\t\t<div class=\"elementor-gallery__container\">\n\t\t\t\t\t\t\t<a class=\"e-gallery-item elementor-gallery-item elementor-animated-content\" href=\"https:\/\/www.speziell.net\/beta\/wp-content\/uploads\/2023\/03\/2010_Sedus_SOPHA_by_speziell_red-Family_Freisteller-blau.jpg\" data-elementor-open-lightbox=\"yes\" data-elementor-lightbox-slideshow=\"13556cee\" data-elementor-lightbox-title=\"2010_Sedus_SOPHA_by_speziell_red Family_Freisteller blau\" data-elementor-lightbox-description=\"Sedus: Polsterm\u00f6belsystem SOPHA by Designstudio speziell\u00ae \u2013 Einzelmodule mit vielen M\u00f6glichkeiten\" data-e-action-hash=\"#elementor-action%3Aaction%3Dlightbox%26settings%3DeyJpZCI6MzA4NCwidXJsIjoiaHR0cHM6XC9cL3d3dy5zcGV6aWVsbC5uZXRcL2JldGFcL3dwLWNvbnRlbnRcL3VwbG9hZHNcLzIwMjNcLzAzXC8yMDEwX1NlZHVzX1NPUEhBX2J5X3NwZXppZWxsX3JlZC1GYW1pbHlfRnJlaXN0ZWxsZXItYmxhdS5qcGciLCJzbGlkZXNob3ciOiIxMzU1NmNlZSJ9\">\n\t\t\t\t\t<div class=\"e-gallery-image elementor-gallery-item__image\" data-thumbnail=\"https:\/\/www.speziell.net\/beta\/wp-content\/uploads\/2023\/03\/2010_Sedus_SOPHA_by_speziell_red-Family_Freisteller-blau-1024x683.jpg\" data-width=\"800\" data-height=\"534\" aria-label=\"Sedus: Polsterm\u00f6belsystem SOPHA by Designstudio speziell\u00ae \u2013 Einzelmodule mit vielen M\u00f6glichkeiten\" role=\"img\" ><\/div>\n\t\t\t\t\t\t\t\t\t\t\t<div class=\"elementor-gallery-item__overlay\"><\/div>\n\t\t\t\t\t\t\t\t\t\t\t\t\t\t<\/a>\n\t\t\t\t\t\t\t<a class=\"e-gallery-item elementor-gallery-item elementor-animated-content\" href=\"https:\/\/www.speziell.net\/beta\/wp-content\/uploads\/2023\/03\/2010_Sedus_SOPHA_by_speziell_yellow-_Detail.jpg\" data-elementor-open-lightbox=\"yes\" data-elementor-lightbox-slideshow=\"13556cee\" data-elementor-lightbox-title=\"sp_Detail_Polsterelement_P.tif\" data-elementor-lightbox-description=\"Sedus: Polsterm\u00f6belsystem SOPHA by Designstudio speziell\u00ae \u2013 Zusatzkissen zur Gliederung der Sitzfl\u00e4che\" data-e-action-hash=\"#elementor-action%3Aaction%3Dlightbox%26settings%3DeyJpZCI6MjM2MiwidXJsIjoiaHR0cHM6XC9cL3d3dy5zcGV6aWVsbC5uZXRcL2JldGFcL3dwLWNvbnRlbnRcL3VwbG9hZHNcLzIwMjNcLzAzXC8yMDEwX1NlZHVzX1NPUEhBX2J5X3NwZXppZWxsX3llbGxvdy1fRGV0YWlsLmpwZyIsInNsaWRlc2hvdyI6IjEzNTU2Y2VlIn0%3D\">\n\t\t\t\t\t<div class=\"e-gallery-image elementor-gallery-item__image\" data-thumbnail=\"https:\/\/www.speziell.net\/beta\/wp-content\/uploads\/2023\/03\/2010_Sedus_SOPHA_by_speziell_yellow-_Detail-1024x683.jpg\" data-width=\"800\" data-height=\"534\" aria-label=\"Sedus: Polsterm\u00f6belsystem SOPHA by Designstudio speziell\u00ae \u2013 Zusatzkissen zur Gliederung der Sitzfl\u00e4che\" role=\"img\" ><\/div>\n\t\t\t\t\t\t\t\t\t\t\t<div class=\"elementor-gallery-item__overlay\"><\/div>\n\t\t\t\t\t\t\t\t\t\t\t\t\t\t<\/a>\n\t\t\t\t\t\t\t<a class=\"e-gallery-item elementor-gallery-item elementor-animated-content\" href=\"https:\/\/www.speziell.net\/beta\/wp-content\/uploads\/2023\/03\/2010_Sedus_SOPHA_by_speziell_yellow-high_Location-2.jpg\" data-elementor-open-lightbox=\"yes\" data-elementor-lightbox-slideshow=\"13556cee\" data-elementor-lightbox-title=\"sp_Milieu_Kommunikation_P_2.tif\" data-elementor-lightbox-description=\"Sedus: Polsterm\u00f6belsystem SOPHA by Designstudio speziell\u00ae \u2013 Raum im Raum \/ akustische und optische Abschirmung\" data-e-action-hash=\"#elementor-action%3Aaction%3Dlightbox%26settings%3DeyJpZCI6MjM2NCwidXJsIjoiaHR0cHM6XC9cL3d3dy5zcGV6aWVsbC5uZXRcL2JldGFcL3dwLWNvbnRlbnRcL3VwbG9hZHNcLzIwMjNcLzAzXC8yMDEwX1NlZHVzX1NPUEhBX2J5X3NwZXppZWxsX3llbGxvdy1oaWdoX0xvY2F0aW9uLTIuanBnIiwic2xpZGVzaG93IjoiMTM1NTZjZWUifQ%3D%3D\">\n\t\t\t\t\t<div class=\"e-gallery-image elementor-gallery-item__image\" data-thumbnail=\"https:\/\/www.speziell.net\/beta\/wp-content\/uploads\/2023\/03\/2010_Sedus_SOPHA_by_speziell_yellow-high_Location-2-1024x683.jpg\" data-width=\"800\" data-height=\"534\" aria-label=\"Sedus: Polsterm\u00f6belsystem SOPHA by Designstudio speziell\u00ae \u2013 Raum im Raum \/ akustische und optische Abschirmung\" role=\"img\" ><\/div>\n\t\t\t\t\t\t\t\t\t\t\t<div class=\"elementor-gallery-item__overlay\"><\/div>\n\t\t\t\t\t\t\t\t\t\t\t\t\t\t<\/a>\n\t\t\t\t\t\t\t<a class=\"e-gallery-item elementor-gallery-item elementor-animated-content\" href=\"https:\/\/www.speziell.net\/beta\/wp-content\/uploads\/2023\/03\/2010_Sedus_SOPHA_by_speziell_yellow-high_Location-1.jpg\" data-elementor-open-lightbox=\"yes\" data-elementor-lightbox-slideshow=\"13556cee\" data-elementor-lightbox-title=\"SP_Milieu_Kommunikation_P_1.tif\" data-elementor-lightbox-description=\"Sedus: Polsterm\u00f6belsystem SOPHA by Designstudio speziell\u00ae \u2013 Raum im Raum \/ akustische und optische Abschirmung\" data-e-action-hash=\"#elementor-action%3Aaction%3Dlightbox%26settings%3DeyJpZCI6MjM2MywidXJsIjoiaHR0cHM6XC9cL3d3dy5zcGV6aWVsbC5uZXRcL2JldGFcL3dwLWNvbnRlbnRcL3VwbG9hZHNcLzIwMjNcLzAzXC8yMDEwX1NlZHVzX1NPUEhBX2J5X3NwZXppZWxsX3llbGxvdy1oaWdoX0xvY2F0aW9uLTEuanBnIiwic2xpZGVzaG93IjoiMTM1NTZjZWUifQ%3D%3D\">\n\t\t\t\t\t<div class=\"e-gallery-image elementor-gallery-item__image\" data-thumbnail=\"https:\/\/www.speziell.net\/beta\/wp-content\/uploads\/2023\/03\/2010_Sedus_SOPHA_by_speziell_yellow-high_Location-1-1024x683.jpg\" data-width=\"800\" data-height=\"534\" aria-label=\"Sedus: Polsterm\u00f6belsystem SOPHA by Designstudio speziell\u00ae \u2013 Raum im Raum \/ akustische und optische Abschirmung\" role=\"img\" ><\/div>\n\t\t\t\t\t\t\t\t\t\t\t<div class=\"elementor-gallery-item__overlay\"><\/div>\n\t\t\t\t\t\t\t\t\t\t\t\t\t\t<\/a>\n\t\t\t\t\t\t\t<a class=\"e-gallery-item elementor-gallery-item elementor-animated-content\" href=\"https:\/\/www.speziell.net\/beta\/wp-content\/uploads\/2023\/03\/2010_Sedus_SOPHA_by_speziell_blue-high_top-Freisteller.jpg\" data-elementor-open-lightbox=\"yes\" data-elementor-lightbox-slideshow=\"13556cee\" data-elementor-lightbox-title=\"sp-502_Duo_Kombi_Aufsatz_29J_29c_6305_oben.tif\" data-elementor-lightbox-description=\"Sedus: Polsterm\u00f6belsystem SOPHA by Designstudio speziell\u00ae \u2013 Vis-\u00e0-vis Konfiguration\" data-e-action-hash=\"#elementor-action%3Aaction%3Dlightbox%26settings%3DeyJpZCI6MjM1NCwidXJsIjoiaHR0cHM6XC9cL3d3dy5zcGV6aWVsbC5uZXRcL2JldGFcL3dwLWNvbnRlbnRcL3VwbG9hZHNcLzIwMjNcLzAzXC8yMDEwX1NlZHVzX1NPUEhBX2J5X3NwZXppZWxsX2JsdWUtaGlnaF90b3AtRnJlaXN0ZWxsZXIuanBnIiwic2xpZGVzaG93IjoiMTM1NTZjZWUifQ%3D%3D\">\n\t\t\t\t\t<div class=\"e-gallery-image elementor-gallery-item__image\" data-thumbnail=\"https:\/\/www.speziell.net\/beta\/wp-content\/uploads\/2023\/03\/2010_Sedus_SOPHA_by_speziell_blue-high_top-Freisteller-1024x683.jpg\" data-width=\"800\" data-height=\"534\" aria-label=\"Sedus: Polsterm\u00f6belsystem SOPHA by Designstudio speziell\u00ae \u2013 Vis-\u00e0-vis Konfiguration\" role=\"img\" ><\/div>\n\t\t\t\t\t\t\t\t\t\t\t<div class=\"elementor-gallery-item__overlay\"><\/div>\n\t\t\t\t\t\t\t\t\t\t\t\t\t\t<\/a>\n\t\t\t\t\t\t\t<a class=\"e-gallery-item elementor-gallery-item elementor-animated-content\" href=\"https:\/\/www.speziell.net\/beta\/wp-content\/uploads\/2023\/03\/2010_Sedus_SOPHA_by_speziell_blue-high_Location.jpg\" data-elementor-open-lightbox=\"yes\" data-elementor-lightbox-slideshow=\"13556cee\" data-elementor-lightbox-title=\"sp_Milieu_Mittelzone.tif\" data-elementor-lightbox-description=\"Sedus: Polsterm\u00f6belsystem SOPHA by Designstudio speziell\u00ae \u2013 Lounge- und Wartebereich\" data-e-action-hash=\"#elementor-action%3Aaction%3Dlightbox%26settings%3DeyJpZCI6MjM1MywidXJsIjoiaHR0cHM6XC9cL3d3dy5zcGV6aWVsbC5uZXRcL2JldGFcL3dwLWNvbnRlbnRcL3VwbG9hZHNcLzIwMjNcLzAzXC8yMDEwX1NlZHVzX1NPUEhBX2J5X3NwZXppZWxsX2JsdWUtaGlnaF9Mb2NhdGlvbi5qcGciLCJzbGlkZXNob3ciOiIxMzU1NmNlZSJ9\">\n\t\t\t\t\t<div class=\"e-gallery-image elementor-gallery-item__image\" data-thumbnail=\"https:\/\/www.speziell.net\/beta\/wp-content\/uploads\/2023\/03\/2010_Sedus_SOPHA_by_speziell_blue-high_Location-1024x683.jpg\" data-width=\"800\" data-height=\"534\" aria-label=\"Sedus: Polsterm\u00f6belsystem SOPHA by Designstudio speziell\u00ae \u2013 Lounge- und Wartebereich\" role=\"img\" ><\/div>\n\t\t\t\t\t\t\t\t\t\t\t<div class=\"elementor-gallery-item__overlay\"><\/div>\n\t\t\t\t\t\t\t\t\t\t\t\t\t\t<\/a>\n\t\t\t\t\t\t\t<a class=\"e-gallery-item elementor-gallery-item elementor-animated-content\" href=\"https:\/\/www.speziell.net\/beta\/wp-content\/uploads\/2023\/03\/2010_Sedus_SOPHA_by_speziell_red-high_Location.jpg\" data-elementor-open-lightbox=\"yes\" data-elementor-lightbox-slideshow=\"13556cee\" data-elementor-lightbox-title=\"2010_Sedus_SOPHA_by_speziell_red high_Location\" data-elementor-lightbox-description=\"Sedus: Polsterm\u00f6belsystem SOPHA by Designstudio speziell\u00ae \u2013 Raum im Raum \/ akustische und optische Abschirmung\" data-e-action-hash=\"#elementor-action%3Aaction%3Dlightbox%26settings%3DeyJpZCI6MjM2MCwidXJsIjoiaHR0cHM6XC9cL3d3dy5zcGV6aWVsbC5uZXRcL2JldGFcL3dwLWNvbnRlbnRcL3VwbG9hZHNcLzIwMjNcLzAzXC8yMDEwX1NlZHVzX1NPUEhBX2J5X3NwZXppZWxsX3JlZC1oaWdoX0xvY2F0aW9uLmpwZyIsInNsaWRlc2hvdyI6IjEzNTU2Y2VlIn0%3D\">\n\t\t\t\t\t<div class=\"e-gallery-image elementor-gallery-item__image\" data-thumbnail=\"https:\/\/www.speziell.net\/beta\/wp-content\/uploads\/2023\/03\/2010_Sedus_SOPHA_by_speziell_red-high_Location-1024x683.jpg\" data-width=\"800\" data-height=\"534\" aria-label=\"Sedus: Polsterm\u00f6belsystem SOPHA by Designstudio speziell\u00ae \u2013 Raum im Raum \/ akustische und optische Abschirmung\" role=\"img\" ><\/div>\n\t\t\t\t\t\t\t\t\t\t\t<div class=\"elementor-gallery-item__overlay\"><\/div>\n\t\t\t\t\t\t\t\t\t\t\t\t\t\t<\/a>\n\t\t\t\t\t\t\t<a class=\"e-gallery-item elementor-gallery-item elementor-animated-content\" href=\"https:\/\/www.speziell.net\/beta\/wp-content\/uploads\/2023\/03\/2010_Sedus_SOPHA_by_speziell_red-low_Freisteller.jpg\" data-elementor-open-lightbox=\"yes\" data-elementor-lightbox-slideshow=\"13556cee\" data-elementor-lightbox-title=\"2010_Sedus_SOPHA_by_speziell_red low_Freisteller\" data-elementor-lightbox-description=\"Sedus: Polsterm\u00f6belsystem SOPHA by Designstudio speziell\u00ae \u2013 Als Sitzm\u00f6bel\" data-e-action-hash=\"#elementor-action%3Aaction%3Dlightbox%26settings%3DeyJpZCI6MjM2MSwidXJsIjoiaHR0cHM6XC9cL3d3dy5zcGV6aWVsbC5uZXRcL2JldGFcL3dwLWNvbnRlbnRcL3VwbG9hZHNcLzIwMjNcLzAzXC8yMDEwX1NlZHVzX1NPUEhBX2J5X3NwZXppZWxsX3JlZC1sb3dfRnJlaXN0ZWxsZXIuanBnIiwic2xpZGVzaG93IjoiMTM1NTZjZWUifQ%3D%3D\">\n\t\t\t\t\t<div class=\"e-gallery-image elementor-gallery-item__image\" data-thumbnail=\"https:\/\/www.speziell.net\/beta\/wp-content\/uploads\/2023\/03\/2010_Sedus_SOPHA_by_speziell_red-low_Freisteller-1024x683.jpg\" data-width=\"800\" data-height=\"534\" aria-label=\"Sedus: Polsterm\u00f6belsystem SOPHA by Designstudio speziell\u00ae \u2013 Als Sitzm\u00f6bel\" role=\"img\" ><\/div>\n\t\t\t\t\t\t\t\t\t\t\t<div class=\"elementor-gallery-item__overlay\"><\/div>\n\t\t\t\t\t\t\t\t\t\t\t\t\t\t<\/a>\n\t\t\t\t\t\t\t<a class=\"e-gallery-item elementor-gallery-item elementor-animated-content\" href=\"https:\/\/www.speziell.net\/beta\/wp-content\/uploads\/2023\/03\/20_Jahre_speziell_Sedus-3.jpg\" data-elementor-open-lightbox=\"yes\" data-elementor-lightbox-slideshow=\"13556cee\" data-elementor-lightbox-title=\"20_Jahre_speziell_Sedus 3\" data-elementor-lightbox-description=\"Rendering einer mit Temptation eingerichteten B\u00fcroetage mit verschiedenen Zonen\" data-e-action-hash=\"#elementor-action%3Aaction%3Dlightbox%26settings%3DeyJpZCI6MjQ3MCwidXJsIjoiaHR0cHM6XC9cL3d3dy5zcGV6aWVsbC5uZXRcL2JldGFcL3dwLWNvbnRlbnRcL3VwbG9hZHNcLzIwMjNcLzAzXC8yMF9KYWhyZV9zcGV6aWVsbF9TZWR1cy0zLmpwZyIsInNsaWRlc2hvdyI6IjEzNTU2Y2VlIn0%3D\">\n\t\t\t\t\t<div class=\"e-gallery-image elementor-gallery-item__image\" data-thumbnail=\"https:\/\/www.speziell.net\/beta\/wp-content\/uploads\/2023\/03\/20_Jahre_speziell_Sedus-3-1024x1024.jpg\" data-width=\"800\" data-height=\"800\" aria-label=\"Temptation Twin in Spine- und Bench-Konfiguration\" role=\"img\" ><\/div>\n\t\t\t\t\t\t\t\t\t\t\t<div class=\"elementor-gallery-item__overlay\"><\/div>\n\t\t\t\t\t\t\t\t\t\t\t\t\t\t<\/a>\n\t\t\t\t\t\t\t<a class=\"e-gallery-item elementor-gallery-item elementor-animated-content\" href=\"https:\/\/www.speziell.net\/beta\/wp-content\/uploads\/2023\/03\/2010_Sedus_SOPHA_by_speziell_red-high_Freisteller.jpg\" data-elementor-open-lightbox=\"yes\" data-elementor-lightbox-slideshow=\"13556cee\" data-elementor-lightbox-title=\"2010_Sedus_SOPHA_by_speziell_red high_Freisteller\" data-elementor-lightbox-description=\"Sedus: Polsterm\u00f6belsystem SOPHA by Designstudio speziell\u00ae \u2013 Raum im Raum \/ akustische und optische Abschirmung\" data-e-action-hash=\"#elementor-action%3Aaction%3Dlightbox%26settings%3DeyJpZCI6MjM1OSwidXJsIjoiaHR0cHM6XC9cL3d3dy5zcGV6aWVsbC5uZXRcL2JldGFcL3dwLWNvbnRlbnRcL3VwbG9hZHNcLzIwMjNcLzAzXC8yMDEwX1NlZHVzX1NPUEhBX2J5X3NwZXppZWxsX3JlZC1oaWdoX0ZyZWlzdGVsbGVyLmpwZyIsInNsaWRlc2hvdyI6IjEzNTU2Y2VlIn0%3D\">\n\t\t\t\t\t<div class=\"e-gallery-image elementor-gallery-item__image\" data-thumbnail=\"https:\/\/www.speziell.net\/beta\/wp-content\/uploads\/2023\/03\/2010_Sedus_SOPHA_by_speziell_red-high_Freisteller-1024x683.jpg\" data-width=\"800\" data-height=\"534\" aria-label=\"Sedus: Polsterm\u00f6belsystem SOPHA by Designstudio speziell\u00ae \u2013 Raum im Raum \/ akustische und optische Abschirmung\" role=\"img\" ><\/div>\n\t\t\t\t\t\t\t\t\t\t\t<div class=\"elementor-gallery-item__overlay\"><\/div>\n\t\t\t\t\t\t\t\t\t\t\t\t\t\t<\/a>\n\t\t\t\t\t<\/div>\n\t\t\t\t\t<\/div>\n\t\t\t\t<\/div>\n\t\t\t\t\t<\/div>\n\t\t<\/div>\n\t\t\t\t\t<\/div>\n\t\t<\/section>\n\t\t\t\t<\/div>\n\t\t","protected":false},"excerpt":{"rendered":"<p>SEDUS: SOPHA Vielseitiges Polsterm\u00f6belsystem Polsterm\u00f6bel k\u00f6nnen im B\u00fcroumfeld verschiedene Arten von Kommunikation f\u00f6rdern: Gruppen mit niedriger Lehne schaffen Inseln f\u00fcr den kreativen Austausch, gegen\u00fcberstehende Sofas mit hoher R\u00fcckenlehne laden zu ungezwungenen Gespr\u00e4chsrunden ein, abgeschirmte Einzelsessel oder Zweisitzer erm\u00f6glichen ungest\u00f6rte Telefonate. Dar\u00fcber hinaus ist mit dem Anreihprogramm eine Gliederung und Strukturierung von R\u00e4umen m\u00f6glich. Die Anmutung [&hellip;]<\/p>\n","protected":false},"author":1,"featured_media":2367,"parent":9,"menu_order":0,"comment_status":"closed","ping_status":"closed","template":"","meta":{"footnotes":""},"class_list":["post-2365","page","type-page","status-publish","has-post-thumbnail","hentry"],"_links":{"self":[{"href":"https:\/\/www.speziell.net\/beta\/wp-json\/wp\/v2\/pages\/2365","targetHints":{"allow":["GET"]}}],"collection":[{"href":"https:\/\/www.speziell.net\/beta\/wp-json\/wp\/v2\/pages"}],"about":[{"href":"https:\/\/www.speziell.net\/beta\/wp-json\/wp\/v2\/types\/page"}],"author":[{"embeddable":true,"href":"https:\/\/www.speziell.net\/beta\/wp-json\/wp\/v2\/users\/1"}],"replies":[{"embeddable":true,"href":"https:\/\/www.speziell.net\/beta\/wp-json\/wp\/v2\/comments?post=2365"}],"version-history":[{"count":65,"href":"https:\/\/www.speziell.net\/beta\/wp-json\/wp\/v2\/pages\/2365\/revisions"}],"predecessor-version":[{"id":5097,"href":"https:\/\/www.speziell.net\/beta\/wp-json\/wp\/v2\/pages\/2365\/revisions\/5097"}],"up":[{"embeddable":true,"href":"https:\/\/www.speziell.net\/beta\/wp-json\/wp\/v2\/pages\/9"}],"wp:featuredmedia":[{"embeddable":true,"href":"https:\/\/www.speziell.net\/beta\/wp-json\/wp\/v2\/media\/2367"}],"wp:attachment":[{"href":"https:\/\/www.speziell.net\/beta\/wp-json\/wp\/v2\/media?parent=2365"}],"curies":[{"name":"wp","href":"https:\/\/api.w.org\/{rel}","templated":true}]}}