{"id":3265,"date":"2012-05-15T15:34:00","date_gmt":"2012-05-15T13:34:00","guid":{"rendered":"https:\/\/www.speziell.net\/beta\/?page_id=3265"},"modified":"2023-10-31T13:31:37","modified_gmt":"2023-10-31T12:31:37","slug":"reform-sl","status":"publish","type":"page","link":"https:\/\/www.speziell.net\/beta\/home\/reform-sl\/","title":{"rendered":"REFORM SL"},"content":{"rendered":"\t\t<div data-elementor-type=\"wp-page\" data-elementor-id=\"3265\" class=\"elementor elementor-3265\" data-elementor-post-type=\"page\">\n\t\t\t\t\t\t<section class=\"elementor-section elementor-top-section elementor-element elementor-element-2b896201 elementor-section-boxed elementor-section-height-default elementor-section-height-default\" data-id=\"2b896201\" data-element_type=\"section\" data-e-type=\"section\">\n\t\t\t\t\t\t<div class=\"elementor-container elementor-column-gap-default\">\n\t\t\t\t\t<div class=\"elementor-column elementor-col-100 elementor-top-column elementor-element elementor-element-75cb2f59\" data-id=\"75cb2f59\" data-element_type=\"column\" data-e-type=\"column\">\n\t\t\t<div class=\"elementor-widget-wrap elementor-element-populated\">\n\t\t\t\t\t\t<div class=\"elementor-element elementor-element-3dfb69e elementor-hidden-mobile elementor-hidden-tablet elementor-widget elementor-widget-image\" data-id=\"3dfb69e\" data-element_type=\"widget\" data-e-type=\"widget\" data-widget_type=\"image.default\">\n\t\t\t\t<div class=\"elementor-widget-container\">\n\t\t\t\t\t\t\t\t\t\t\t\t\t\t\t\t<a href=\"https:\/\/www.speziell.net\/beta\/home\/\">\n\t\t\t\t\t\t\t<img decoding=\"async\" width=\"100\" height=\"100\" src=\"https:\/\/www.speziell.net\/beta\/wp-content\/uploads\/2023\/02\/speziell_logo_grau-1.svg\" class=\"attachment-large size-large wp-image-731\" alt=\"Designstudio speziell\u00ae \u2013 Fleckenstein Pohlmann Schwer GbR\" \/>\t\t\t\t\t\t\t\t<\/a>\n\t\t\t\t\t\t\t\t\t\t\t\t\t\t\t<\/div>\n\t\t\t\t<\/div>\n\t\t\t\t<div class=\"elementor-element elementor-element-433a891 elementor-hidden-desktop elementor-widget elementor-widget-image\" data-id=\"433a891\" data-element_type=\"widget\" data-e-type=\"widget\" data-widget_type=\"image.default\">\n\t\t\t\t<div class=\"elementor-widget-container\">\n\t\t\t\t\t\t\t\t\t\t\t\t\t\t\t\t<a href=\"https:\/\/www.speziell.net\/beta\/home\/\">\n\t\t\t\t\t\t\t<img decoding=\"async\" width=\"100\" height=\"100\" src=\"https:\/\/www.speziell.net\/beta\/wp-content\/uploads\/2023\/03\/speziell_logo_oSubline.svg\" class=\"attachment-large size-large wp-image-2739\" alt=\"\" \/>\t\t\t\t\t\t\t\t<\/a>\n\t\t\t\t\t\t\t\t\t\t\t\t\t\t\t<\/div>\n\t\t\t\t<\/div>\n\t\t\t\t\t<\/div>\n\t\t<\/div>\n\t\t\t\t\t<\/div>\n\t\t<\/section>\n\t\t\t\t<section class=\"elementor-section elementor-top-section elementor-element elementor-element-1b5a92c4 elementor-section-boxed elementor-section-height-default elementor-section-height-default\" data-id=\"1b5a92c4\" data-element_type=\"section\" data-e-type=\"section\">\n\t\t\t\t\t\t<div class=\"elementor-container elementor-column-gap-default\">\n\t\t\t\t\t<div class=\"elementor-column elementor-col-50 elementor-top-column elementor-element elementor-element-4292a168\" data-id=\"4292a168\" data-element_type=\"column\" data-e-type=\"column\">\n\t\t\t<div class=\"elementor-widget-wrap elementor-element-populated\">\n\t\t\t\t\t\t<div class=\"elementor-element elementor-element-25c1df8f elementor-widget elementor-widget-heading\" data-id=\"25c1df8f\" data-element_type=\"widget\" data-e-type=\"widget\" data-widget_type=\"heading.default\">\n\t\t\t\t<div class=\"elementor-widget-container\">\n\t\t\t\t\t<h2 class=\"elementor-heading-title elementor-size-default\">ERLUS: REFORM SL<\/h2>\t\t\t\t<\/div>\n\t\t\t\t<\/div>\n\t\t\t\t<div class=\"elementor-element elementor-element-b5a6eb5 elementor-widget elementor-widget-text-editor\" data-id=\"b5a6eb5\" data-element_type=\"widget\" data-e-type=\"widget\" data-widget_type=\"text-editor.default\">\n\t\t\t\t<div class=\"elementor-widget-container\">\n\t\t\t\t\t\t\t\t\t<p><strong>Kompatible Neuentwicklung<br \/><\/strong><\/p>\t\t\t\t\t\t\t\t<\/div>\n\t\t\t\t<\/div>\n\t\t\t\t<div class=\"elementor-element elementor-element-1426750d elementor-widget elementor-widget-text-editor\" data-id=\"1426750d\" data-element_type=\"widget\" data-e-type=\"widget\" data-widget_type=\"text-editor.default\">\n\t\t\t\t<div class=\"elementor-widget-container\">\n\t\t\t\t\t\t\t\t\t<p>Der REFORM SL ist das kleinste Modell der Familie Ergoldsbacher Reformpfanne und mit seiner klaren Linienf\u00fchrung vielseitig einsetzbar. Durch den gro\u00dfen variablen Lattbereich l\u00e4sst er sich optimal an bestehende D\u00e4cher anpassen. Aber auch im Neubau wird der REFORM SL eingesetzt, denn er eignet sich besonders f\u00fcr moderne Bauk\u00f6rper ohne Dach\u00fcberstand.<\/p>\n<p>Bei der Neugestaltung wurde der Ziegel formal und technisch modernisiert, gleichzeitig lag die Herausforderung darin, die Kompatibilit\u00e4t mit \u00e4lteren Reform SL-Modellen zu gew\u00e4hrleisten. In diesem Rahmen wurden die Konturen des Ziegels pr\u00e4zisiert, die Fl\u00e4chen gestrafft und die Wasserf\u00fchrung sowie der Schiebeweg optimiert. Zu den Leistungen von speziell\u00ae z\u00e4hlte die Digitalisierung des Entwicklungsprozesses, der Formenbau im Prototypenstadium und die digitale Vorbereitung der Werkzeuge mit Entformungsschr\u00e4gen und Bombierungen. Auch die Anpassung der Geometrie an vorhandene Trockenguttr\u00e4ger und Brennhilfsmittel war Teil des Aufgabenstellung.<\/p>\n<p>Hersteller:<br><a href=\"https:\/\/www.erlus.com\/reformpfannesl\" target=\"_blank\" rel=\"noopener\">https:\/\/www.erlus.com\/reformpfannesl <\/a><\/p>\t\t\t\t\t\t\t\t<\/div>\n\t\t\t\t<\/div>\n\t\t\t\t\t<\/div>\n\t\t<\/div>\n\t\t\t\t<div class=\"elementor-column elementor-col-50 elementor-top-column elementor-element elementor-element-6c73455d\" data-id=\"6c73455d\" data-element_type=\"column\" data-e-type=\"column\">\n\t\t\t<div class=\"elementor-widget-wrap elementor-element-populated\">\n\t\t\t\t\t\t<div class=\"elementor-element elementor-element-509f40ab elementor-widget elementor-widget-gallery\" data-id=\"509f40ab\" data-element_type=\"widget\" data-e-type=\"widget\" data-settings=\"{&quot;gallery_layout&quot;:&quot;masonry&quot;,&quot;columns&quot;:2,&quot;lazyload&quot;:&quot;yes&quot;,&quot;columns_tablet&quot;:2,&quot;columns_mobile&quot;:1,&quot;gap&quot;:{&quot;unit&quot;:&quot;px&quot;,&quot;size&quot;:10,&quot;sizes&quot;:[]},&quot;gap_tablet&quot;:{&quot;unit&quot;:&quot;px&quot;,&quot;size&quot;:10,&quot;sizes&quot;:[]},&quot;gap_mobile&quot;:{&quot;unit&quot;:&quot;px&quot;,&quot;size&quot;:10,&quot;sizes&quot;:[]},&quot;link_to&quot;:&quot;file&quot;,&quot;content_hover_animation&quot;:&quot;fade-in&quot;}\" data-widget_type=\"gallery.default\">\n\t\t\t\t<div class=\"elementor-widget-container\">\n\t\t\t\t\t\t\t<div class=\"elementor-gallery__container\">\n\t\t\t\t\t\t\t<a class=\"e-gallery-item elementor-gallery-item elementor-animated-content\" href=\"https:\/\/www.speziell.net\/beta\/wp-content\/uploads\/2023\/05\/2019_Erlus_REFORM_SL_by_speziell_Perspektive.jpg\" data-elementor-open-lightbox=\"yes\" data-elementor-lightbox-slideshow=\"509f40ab\" data-elementor-lightbox-title=\"2019_Erlus_REFORM_SL_by_speziell_Perspektive\" data-elementor-lightbox-description=\"Dachziegel Reform SL in der Dreiviertelansicht\" data-e-action-hash=\"#elementor-action%3Aaction%3Dlightbox%26settings%3DeyJpZCI6MzI3MiwidXJsIjoiaHR0cHM6XC9cL3d3dy5zcGV6aWVsbC5uZXRcL2JldGFcL3dwLWNvbnRlbnRcL3VwbG9hZHNcLzIwMjNcLzA1XC8yMDE5X0VybHVzX1JFRk9STV9TTF9ieV9zcGV6aWVsbF9QZXJzcGVrdGl2ZS5qcGciLCJzbGlkZXNob3ciOiI1MDlmNDBhYiJ9\">\n\t\t\t\t\t<div class=\"e-gallery-image elementor-gallery-item__image\" data-thumbnail=\"https:\/\/www.speziell.net\/beta\/wp-content\/uploads\/2023\/05\/2019_Erlus_REFORM_SL_by_speziell_Perspektive-1024x1024.jpg\" data-width=\"800\" data-height=\"800\" aria-label=\"Dachziegel Reform SL in der Dreiviertelansicht\" role=\"img\" ><\/div>\n\t\t\t\t\t\t\t\t\t\t\t\t\t\t<\/a>\n\t\t\t\t\t\t\t<a class=\"e-gallery-item elementor-gallery-item elementor-animated-content\" href=\"https:\/\/www.speziell.net\/beta\/wp-content\/uploads\/2023\/05\/2019_Erlus_REFORM_SL_by_speziell_Dachflaeche-3.jpg\" data-elementor-open-lightbox=\"yes\" data-elementor-lightbox-slideshow=\"509f40ab\" data-elementor-lightbox-title=\"2019_Erlus_REFORM_SL_by_speziell_Dachflaeche-3\" data-elementor-lightbox-description=\"Detailansicht des Ziegels im Vergleich zu anderen Modellen\" data-e-action-hash=\"#elementor-action%3Aaction%3Dlightbox%26settings%3DeyJpZCI6MzI2OCwidXJsIjoiaHR0cHM6XC9cL3d3dy5zcGV6aWVsbC5uZXRcL2JldGFcL3dwLWNvbnRlbnRcL3VwbG9hZHNcLzIwMjNcLzA1XC8yMDE5X0VybHVzX1JFRk9STV9TTF9ieV9zcGV6aWVsbF9EYWNoZmxhZWNoZS0zLmpwZyIsInNsaWRlc2hvdyI6IjUwOWY0MGFiIn0%3D\">\n\t\t\t\t\t<div class=\"e-gallery-image elementor-gallery-item__image\" data-thumbnail=\"https:\/\/www.speziell.net\/beta\/wp-content\/uploads\/2023\/05\/2019_Erlus_REFORM_SL_by_speziell_Dachflaeche-3-1024x683.jpg\" data-width=\"800\" data-height=\"534\" aria-label=\"Detailansicht des Ziegels im Vergleich zu anderen Modellen\" role=\"img\" ><\/div>\n\t\t\t\t\t\t\t\t\t\t\t\t\t\t<\/a>\n\t\t\t\t\t\t\t<a class=\"e-gallery-item elementor-gallery-item elementor-animated-content\" href=\"https:\/\/www.speziell.net\/beta\/wp-content\/uploads\/2023\/05\/2019_Erlus_REFORM_SL_by_speziell_Dachflaeche-2.jpg\" data-elementor-open-lightbox=\"yes\" data-elementor-lightbox-slideshow=\"509f40ab\" data-elementor-lightbox-title=\"2019_Erlus_REFORM_SL_by_speziell_Dachfl\u00e4che 2\" data-elementor-lightbox-description=\"Dachfl\u00e4che eingedeckt mit dem Reform SL von Erlus\" data-e-action-hash=\"#elementor-action%3Aaction%3Dlightbox%26settings%3DeyJpZCI6MzI2NywidXJsIjoiaHR0cHM6XC9cL3d3dy5zcGV6aWVsbC5uZXRcL2JldGFcL3dwLWNvbnRlbnRcL3VwbG9hZHNcLzIwMjNcLzA1XC8yMDE5X0VybHVzX1JFRk9STV9TTF9ieV9zcGV6aWVsbF9EYWNoZmxhZWNoZS0yLmpwZyIsInNsaWRlc2hvdyI6IjUwOWY0MGFiIn0%3D\">\n\t\t\t\t\t<div class=\"e-gallery-image elementor-gallery-item__image\" data-thumbnail=\"https:\/\/www.speziell.net\/beta\/wp-content\/uploads\/2023\/05\/2019_Erlus_REFORM_SL_by_speziell_Dachflaeche-2-1024x751.jpg\" data-width=\"800\" data-height=\"587\" aria-label=\"Dachfl\u00e4che eingedeckt mit dem Reform SL von Erlus\" role=\"img\" ><\/div>\n\t\t\t\t\t\t\t\t\t\t\t\t\t\t<\/a>\n\t\t\t\t\t\t\t<a class=\"e-gallery-item elementor-gallery-item elementor-animated-content\" href=\"https:\/\/www.speziell.net\/beta\/wp-content\/uploads\/2023\/05\/2019_Erlus_REFORM_SL_by_speziell_Dachflaeche-1.jpg\" data-elementor-open-lightbox=\"yes\" data-elementor-lightbox-slideshow=\"509f40ab\" data-elementor-lightbox-title=\"2019_Erlus_REFORM_SL_by_speziell_Dachfl\u00e4che 1\" data-elementor-lightbox-description=\"Reform SL von Erlus in der Fl\u00e4che\" data-e-action-hash=\"#elementor-action%3Aaction%3Dlightbox%26settings%3DeyJpZCI6MzI2NiwidXJsIjoiaHR0cHM6XC9cL3d3dy5zcGV6aWVsbC5uZXRcL2JldGFcL3dwLWNvbnRlbnRcL3VwbG9hZHNcLzIwMjNcLzA1XC8yMDE5X0VybHVzX1JFRk9STV9TTF9ieV9zcGV6aWVsbF9EYWNoZmxhZWNoZS0xLmpwZyIsInNsaWRlc2hvdyI6IjUwOWY0MGFiIn0%3D\">\n\t\t\t\t\t<div class=\"e-gallery-image elementor-gallery-item__image\" data-thumbnail=\"https:\/\/www.speziell.net\/beta\/wp-content\/uploads\/2023\/05\/2019_Erlus_REFORM_SL_by_speziell_Dachflaeche-1-1024x683.jpg\" data-width=\"800\" data-height=\"534\" aria-label=\"Reform SL von Erlus in der Fl\u00e4che\" role=\"img\" ><\/div>\n\t\t\t\t\t\t\t\t\t\t\t\t\t\t<\/a>\n\t\t\t\t\t\t\t<a class=\"e-gallery-item elementor-gallery-item elementor-animated-content\" href=\"https:\/\/www.speziell.net\/beta\/wp-content\/uploads\/2023\/05\/2019_Erlus_REFORM_SL_by_speziell_Draufsicht.jpg\" data-elementor-open-lightbox=\"yes\" data-elementor-lightbox-slideshow=\"509f40ab\" data-elementor-lightbox-title=\"2019_Erlus_REFORM_SL_by_speziell_Draufsicht\" data-elementor-lightbox-description=\"Dachziegel Reform SL in der Draufsicht\" data-e-action-hash=\"#elementor-action%3Aaction%3Dlightbox%26settings%3DeyJpZCI6MzI3MSwidXJsIjoiaHR0cHM6XC9cL3d3dy5zcGV6aWVsbC5uZXRcL2JldGFcL3dwLWNvbnRlbnRcL3VwbG9hZHNcLzIwMjNcLzA1XC8yMDE5X0VybHVzX1JFRk9STV9TTF9ieV9zcGV6aWVsbF9EcmF1ZnNpY2h0LmpwZyIsInNsaWRlc2hvdyI6IjUwOWY0MGFiIn0%3D\">\n\t\t\t\t\t<div class=\"e-gallery-image elementor-gallery-item__image\" data-thumbnail=\"https:\/\/www.speziell.net\/beta\/wp-content\/uploads\/2023\/05\/2019_Erlus_REFORM_SL_by_speziell_Draufsicht-1024x1024.jpg\" data-width=\"800\" data-height=\"800\" aria-label=\"Dachziegel Reform SL in der Draufsicht\" role=\"img\" ><\/div>\n\t\t\t\t\t\t\t\t\t\t\t\t\t\t<\/a>\n\t\t\t\t\t\t\t<a class=\"e-gallery-item elementor-gallery-item elementor-animated-content\" href=\"https:\/\/www.speziell.net\/beta\/wp-content\/uploads\/2023\/05\/2019_Erlus_REFORM_SL_by_speziell_Draufsicht-anthrazit.jpg\" data-elementor-open-lightbox=\"yes\" data-elementor-lightbox-slideshow=\"509f40ab\" data-elementor-lightbox-title=\"2019_Erlus_REFORM_SL_by_speziell_Draufsicht anthrazit\" data-elementor-lightbox-description=\"Dachziegel Reform SL in der Draufsicht in Anthrazit\" data-e-action-hash=\"#elementor-action%3Aaction%3Dlightbox%26settings%3DeyJpZCI6MzI3MCwidXJsIjoiaHR0cHM6XC9cL3d3dy5zcGV6aWVsbC5uZXRcL2JldGFcL3dwLWNvbnRlbnRcL3VwbG9hZHNcLzIwMjNcLzA1XC8yMDE5X0VybHVzX1JFRk9STV9TTF9ieV9zcGV6aWVsbF9EcmF1ZnNpY2h0LWFudGhyYXppdC5qcGciLCJzbGlkZXNob3ciOiI1MDlmNDBhYiJ9\">\n\t\t\t\t\t<div class=\"e-gallery-image elementor-gallery-item__image\" data-thumbnail=\"https:\/\/www.speziell.net\/beta\/wp-content\/uploads\/2023\/05\/2019_Erlus_REFORM_SL_by_speziell_Draufsicht-anthrazit-1024x1024.jpg\" data-width=\"800\" data-height=\"800\" aria-label=\"Dachziegel Reform SL in der Draufsicht in Anthrazit\" role=\"img\" ><\/div>\n\t\t\t\t\t\t\t\t\t\t\t\t\t\t<\/a>\n\t\t\t\t\t<\/div>\n\t\t\t\t\t<\/div>\n\t\t\t\t<\/div>\n\t\t\t\t\t<\/div>\n\t\t<\/div>\n\t\t\t\t\t<\/div>\n\t\t<\/section>\n\t\t\t\t<\/div>\n\t\t","protected":false},"excerpt":{"rendered":"<p>ERLUS: REFORM SL Kompatible Neuentwicklung Der REFORM SL ist das kleinste Modell der Familie Ergoldsbacher Reformpfanne und mit seiner klaren Linienf\u00fchrung vielseitig einsetzbar. Durch den gro\u00dfen variablen Lattbereich l\u00e4sst er sich optimal an bestehende D\u00e4cher anpassen. Aber auch im Neubau wird der REFORM SL eingesetzt, denn er eignet sich besonders f\u00fcr moderne Bauk\u00f6rper ohne Dach\u00fcberstand. [&hellip;]<\/p>\n","protected":false},"author":1,"featured_media":3270,"parent":9,"menu_order":0,"comment_status":"closed","ping_status":"closed","template":"","meta":{"footnotes":""},"class_list":["post-3265","page","type-page","status-publish","has-post-thumbnail","hentry"],"_links":{"self":[{"href":"https:\/\/www.speziell.net\/beta\/wp-json\/wp\/v2\/pages\/3265","targetHints":{"allow":["GET"]}}],"collection":[{"href":"https:\/\/www.speziell.net\/beta\/wp-json\/wp\/v2\/pages"}],"about":[{"href":"https:\/\/www.speziell.net\/beta\/wp-json\/wp\/v2\/types\/page"}],"author":[{"embeddable":true,"href":"https:\/\/www.speziell.net\/beta\/wp-json\/wp\/v2\/users\/1"}],"replies":[{"embeddable":true,"href":"https:\/\/www.speziell.net\/beta\/wp-json\/wp\/v2\/comments?post=3265"}],"version-history":[{"count":24,"href":"https:\/\/www.speziell.net\/beta\/wp-json\/wp\/v2\/pages\/3265\/revisions"}],"predecessor-version":[{"id":4669,"href":"https:\/\/www.speziell.net\/beta\/wp-json\/wp\/v2\/pages\/3265\/revisions\/4669"}],"up":[{"embeddable":true,"href":"https:\/\/www.speziell.net\/beta\/wp-json\/wp\/v2\/pages\/9"}],"wp:featuredmedia":[{"embeddable":true,"href":"https:\/\/www.speziell.net\/beta\/wp-json\/wp\/v2\/media\/3270"}],"wp:attachment":[{"href":"https:\/\/www.speziell.net\/beta\/wp-json\/wp\/v2\/media?parent=3265"}],"curies":[{"name":"wp","href":"https:\/\/api.w.org\/{rel}","templated":true}]}}