{"id":5485,"date":"2025-03-03T16:53:06","date_gmt":"2025-03-03T15:53:06","guid":{"rendered":"https:\/\/www.speziell.net\/beta\/?page_id=5485"},"modified":"2025-03-10T12:27:54","modified_gmt":"2025-03-10T11:27:54","slug":"palmberg-tubes","status":"publish","type":"page","link":"https:\/\/www.speziell.net\/beta\/home\/palmberg-tubes\/","title":{"rendered":"Tubes"},"content":{"rendered":"\t\t<div data-elementor-type=\"wp-page\" data-elementor-id=\"5485\" class=\"elementor elementor-5485\" data-elementor-post-type=\"page\">\n\t\t\t\t\t\t<section class=\"elementor-section elementor-top-section elementor-element elementor-element-5550bb9a elementor-section-boxed elementor-section-height-default elementor-section-height-default\" data-id=\"5550bb9a\" data-element_type=\"section\" data-e-type=\"section\">\n\t\t\t\t\t\t<div class=\"elementor-container elementor-column-gap-default\">\n\t\t\t\t\t<div class=\"elementor-column elementor-col-100 elementor-top-column elementor-element elementor-element-47219680\" data-id=\"47219680\" data-element_type=\"column\" data-e-type=\"column\">\n\t\t\t<div class=\"elementor-widget-wrap elementor-element-populated\">\n\t\t\t\t\t\t<div class=\"elementor-element elementor-element-14503ae2 elementor-hidden-mobile elementor-hidden-tablet elementor-widget elementor-widget-image\" data-id=\"14503ae2\" data-element_type=\"widget\" data-e-type=\"widget\" data-widget_type=\"image.default\">\n\t\t\t\t<div class=\"elementor-widget-container\">\n\t\t\t\t\t\t\t\t\t\t\t\t\t\t\t\t<a href=\"https:\/\/www.speziell.net\/beta\/home\/\">\n\t\t\t\t\t\t\t<img decoding=\"async\" width=\"100\" height=\"100\" src=\"https:\/\/www.speziell.net\/beta\/wp-content\/uploads\/2023\/02\/speziell_logo_grau-1.svg\" class=\"attachment-large size-large wp-image-731\" alt=\"Designstudio speziell\u00ae \u2013 Fleckenstein Pohlmann Schwer GbR\" \/>\t\t\t\t\t\t\t\t<\/a>\n\t\t\t\t\t\t\t\t\t\t\t\t\t\t\t<\/div>\n\t\t\t\t<\/div>\n\t\t\t\t<div class=\"elementor-element elementor-element-53cf3cbf elementor-hidden-desktop elementor-widget elementor-widget-image\" data-id=\"53cf3cbf\" data-element_type=\"widget\" data-e-type=\"widget\" data-widget_type=\"image.default\">\n\t\t\t\t<div class=\"elementor-widget-container\">\n\t\t\t\t\t\t\t\t\t\t\t\t\t\t\t\t<a href=\"https:\/\/www.speziell.net\/beta\/home\/\">\n\t\t\t\t\t\t\t<img decoding=\"async\" width=\"100\" height=\"100\" src=\"https:\/\/www.speziell.net\/beta\/wp-content\/uploads\/2023\/03\/speziell_logo_oSubline.svg\" class=\"attachment-large size-large wp-image-2739\" alt=\"\" \/>\t\t\t\t\t\t\t\t<\/a>\n\t\t\t\t\t\t\t\t\t\t\t\t\t\t\t<\/div>\n\t\t\t\t<\/div>\n\t\t\t\t\t<\/div>\n\t\t<\/div>\n\t\t\t\t\t<\/div>\n\t\t<\/section>\n\t\t\t\t<section class=\"elementor-section elementor-top-section elementor-element elementor-element-1e566a07 elementor-section-boxed elementor-section-height-default elementor-section-height-default\" data-id=\"1e566a07\" data-element_type=\"section\" data-e-type=\"section\">\n\t\t\t\t\t\t<div class=\"elementor-container elementor-column-gap-default\">\n\t\t\t\t\t<div class=\"elementor-column elementor-col-50 elementor-top-column elementor-element elementor-element-664ad8f8\" data-id=\"664ad8f8\" data-element_type=\"column\" data-e-type=\"column\">\n\t\t\t<div class=\"elementor-widget-wrap elementor-element-populated\">\n\t\t\t\t\t\t<div class=\"elementor-element elementor-element-72c6768a elementor-widget elementor-widget-heading\" data-id=\"72c6768a\" data-element_type=\"widget\" data-e-type=\"widget\" data-widget_type=\"heading.default\">\n\t\t\t\t<div class=\"elementor-widget-container\">\n\t\t\t\t\t<h2 class=\"elementor-heading-title elementor-size-default\">PALMBERG: TUBES<\/h2>\t\t\t\t<\/div>\n\t\t\t\t<\/div>\n\t\t\t\t<div class=\"elementor-element elementor-element-2e16ce6 elementor-widget elementor-widget-text-editor\" data-id=\"2e16ce6\" data-element_type=\"widget\" data-e-type=\"widget\" data-widget_type=\"text-editor.default\">\n\t\t\t\t<div class=\"elementor-widget-container\">\n\t\t\t\t\t\t\t\t\t<p>Nachhaltige Tische und Stauraumm\u00f6bel mit anschaulichen Funktionen<\/p>\t\t\t\t\t\t\t\t<\/div>\n\t\t\t\t<\/div>\n\t\t\t\t<div class=\"elementor-element elementor-element-4797db01 elementor-widget elementor-widget-text-editor\" data-id=\"4797db01\" data-element_type=\"widget\" data-e-type=\"widget\" data-widget_type=\"text-editor.default\">\n\t\t\t\t<div class=\"elementor-widget-container\">\n\t\t\t\t\t\t\t\t\t<p>Insgesamt stellt der Wandel der Arbeit, in seiner Schnelligkeit und Komplexit\u00e4t, enorme Anforderungen an die kognitiven F\u00e4higkeiten der Mitarbeitenden. In Folge dessen gibt es eine gesellschaftliche Sehnsucht nach Niederkomplexit\u00e4t und nachvollziehbaren physischen Dingen. Verbunden mit dem Wunsch nach Nachhaltigkeit, sympathischen Materialien und einer harmonischen Atmosph\u00e4re.<\/p><p>Dies f\u00fchrte zu Entw\u00fcrfen, die f\u00fcr ein positives Produktivit\u00e4tserlebnis im B\u00fcro bzw. am Arbeitsplatz stehen. Der Tisch als Ort f\u00fcr konzentriertes Nachdenken, Verarbeiten von Informationen und Kommunikation hat dabei eine zentrale Rolle und fast eine symbolhafte Bedeutung.<\/p><p>Die Entw\u00fcrfe leiten sich von den gesammelten Erkenntnissen und unserem Motto im Folgenden ab. Sie setzen dabei verschiedene Schwerpunkte:<\/p><p>&#8211; Desk Sharing-Vorschl\u00e4ge f\u00fcr vielf\u00e4ltige und flexible Projektarbeit <br \/>&#8211; Gruppentisch- und Einzelkonstellationen (auch zur Nutzung im Homeoffice) <br \/>&#8211; Niederkomplexe, anschauliche H\u00f6henverstellung bzw. H\u00f6henstaffelung<\/p><p>&#8211; Pers\u00f6nlicher Stauraum und Garderobe am \u201ePlatz\u201c<br \/>&#8211; M\u00f6glichkeiten zur Individualisierung<\/p><p>&#8211; Wohnliche \u00c4sthetik durch entsprechende Materialauswahl (Insel zum Arbeiten)<br \/>&#8211; Nachvollziehbarkeit durch vertraute, logische Prinzipien<br \/>&#8211; Optional mit 0ptischer und akustischer Abschirmung<\/p><p>&#8211; Nachhaltige Materialien (z.B. recycelbares Plattenmaterial aus 100% recycelten Kunststoff-Verpackungsabf\u00e4llen und Holzr\u00f6hren aus gewickeltem Furnier)<br \/>&#8211; Niederkomplexit\u00e4t und nachvollziehbarer (nachhaltiger) Aufbau durch bewussten Verzicht auf Gasdruckfedern und aufwendige Mechaniken<br \/>&#8211; Alle Teile\/Elemente sind leicht demontierbar f\u00fcr eine sortenreine Trennung (oder bei Defekt bzw. Umnutzung)<\/p><p>Projektpartner:<br \/><a href=\"http:\/\/www.palmberg.de\">http:\/\/www.palmberg.de<\/a><\/p>\t\t\t\t\t\t\t\t<\/div>\n\t\t\t\t<\/div>\n\t\t\t\t\t<\/div>\n\t\t<\/div>\n\t\t\t\t<div class=\"elementor-column elementor-col-50 elementor-top-column elementor-element elementor-element-efff66\" data-id=\"efff66\" data-element_type=\"column\" data-e-type=\"column\">\n\t\t\t<div class=\"elementor-widget-wrap elementor-element-populated\">\n\t\t\t\t\t\t<div class=\"elementor-element elementor-element-109bded6 elementor-widget elementor-widget-gallery\" data-id=\"109bded6\" data-element_type=\"widget\" data-e-type=\"widget\" data-settings=\"{&quot;gallery_layout&quot;:&quot;masonry&quot;,&quot;columns&quot;:2,&quot;lazyload&quot;:&quot;yes&quot;,&quot;columns_tablet&quot;:2,&quot;columns_mobile&quot;:1,&quot;gap&quot;:{&quot;unit&quot;:&quot;px&quot;,&quot;size&quot;:10,&quot;sizes&quot;:[]},&quot;gap_tablet&quot;:{&quot;unit&quot;:&quot;px&quot;,&quot;size&quot;:10,&quot;sizes&quot;:[]},&quot;gap_mobile&quot;:{&quot;unit&quot;:&quot;px&quot;,&quot;size&quot;:10,&quot;sizes&quot;:[]},&quot;link_to&quot;:&quot;file&quot;,&quot;content_hover_animation&quot;:&quot;fade-in&quot;}\" data-widget_type=\"gallery.default\">\n\t\t\t\t<div class=\"elementor-widget-container\">\n\t\t\t\t\t\t\t<div class=\"elementor-gallery__container\">\n\t\t\t\t\t\t\t<a class=\"e-gallery-item elementor-gallery-item elementor-animated-content\" href=\"https:\/\/www.speziell.net\/beta\/wp-content\/uploads\/2025\/03\/2024_Palmberg_TUBES_by-speziell_Stauraummoebel-auf-der-Orgatec-2024-1.jpg\" data-elementor-open-lightbox=\"yes\" data-elementor-lightbox-slideshow=\"109bded6\" data-elementor-lightbox-title=\"2024_Palmberg_TUBES_by speziell_Stauraumm\u00f6bel auf der Orgatec 2024\" data-elementor-lightbox-description=\"Palmberg: Tubes by Designstudio speziell\u00ae - Stauraum-M\u00f6bel w\u00e4hrend der Orgatec 2024 in K\u00f6ln\" data-e-action-hash=\"#elementor-action%3Aaction%3Dlightbox%26settings%3DeyJpZCI6NTUwOCwidXJsIjoiaHR0cHM6XC9cL3d3dy5zcGV6aWVsbC5uZXRcL2JldGFcL3dwLWNvbnRlbnRcL3VwbG9hZHNcLzIwMjVcLzAzXC8yMDI0X1BhbG1iZXJnX1RVQkVTX2J5LXNwZXppZWxsX1N0YXVyYXVtbW9lYmVsLWF1Zi1kZXItT3JnYXRlYy0yMDI0LTEuanBnIiwic2xpZGVzaG93IjoiMTA5YmRlZDYifQ%3D%3D\">\n\t\t\t\t\t<div class=\"e-gallery-image elementor-gallery-item__image\" data-thumbnail=\"https:\/\/www.speziell.net\/beta\/wp-content\/uploads\/2025\/03\/2024_Palmberg_TUBES_by-speziell_Stauraummoebel-auf-der-Orgatec-2024-1-1024x683.jpg\" data-width=\"800\" data-height=\"534\" aria-label=\"Palmberg: Tubes by Designstudio speziell\u00ae - Stauraum-M\u00f6bel w\u00e4hrend der Orgatec 2024 in K\u00f6ln\" role=\"img\" ><\/div>\n\t\t\t\t\t\t\t\t\t\t\t\t\t\t<\/a>\n\t\t\t\t\t\t\t<a class=\"e-gallery-item elementor-gallery-item elementor-animated-content\" href=\"https:\/\/www.speziell.net\/beta\/wp-content\/uploads\/2025\/03\/2024_Palmberg_TUBES_by-speziell_Detail_Stauraummoebel_Messe-Orgatec-2024_1-2.jpg\" data-elementor-open-lightbox=\"yes\" data-elementor-lightbox-slideshow=\"109bded6\" data-elementor-lightbox-title=\"2024_Palmberg_TUBES_by speziell_Detail_Stauraumm\u00f6bel_Messe Orgatec 2024_1\" data-elementor-lightbox-description=\"Palmberg: Tubes by Designstudio speziell\u00ae - Detail der recycelten Kunststoffplatte, die von der Holzr\u00f6hre durchdrungen wird (Orgatec 2024 in K\u00f6ln)\" data-e-action-hash=\"#elementor-action%3Aaction%3Dlightbox%26settings%3DeyJpZCI6NTYzNiwidXJsIjoiaHR0cHM6XC9cL3d3dy5zcGV6aWVsbC5uZXRcL2JldGFcL3dwLWNvbnRlbnRcL3VwbG9hZHNcLzIwMjVcLzAzXC8yMDI0X1BhbG1iZXJnX1RVQkVTX2J5LXNwZXppZWxsX0RldGFpbF9TdGF1cmF1bW1vZWJlbF9NZXNzZS1PcmdhdGVjLTIwMjRfMS0yLmpwZyIsInNsaWRlc2hvdyI6IjEwOWJkZWQ2In0%3D\">\n\t\t\t\t\t<div class=\"e-gallery-image elementor-gallery-item__image\" data-thumbnail=\"https:\/\/www.speziell.net\/beta\/wp-content\/uploads\/2025\/03\/2024_Palmberg_TUBES_by-speziell_Detail_Stauraummoebel_Messe-Orgatec-2024_1-2-794x1024.jpg\" data-width=\"794\" data-height=\"1024\" aria-label=\"Palmberg: Tubes by Designstudio speziell\u00ae - Detail der recycelten Kunststoffplatte, die von der Holzr\u00f6hre durchdrungen wird (Orgatec 2024 in K\u00f6ln)\" role=\"img\" ><\/div>\n\t\t\t\t\t\t\t\t\t\t\t\t\t\t<\/a>\n\t\t\t\t\t\t\t<a class=\"e-gallery-item elementor-gallery-item elementor-animated-content\" href=\"https:\/\/www.speziell.net\/beta\/wp-content\/uploads\/2025\/03\/2024_Palmberg_TUBES_by-speziell_Rendering_runder-Tisch-mit-Abschirmung_blau-1.jpg\" data-elementor-open-lightbox=\"yes\" data-elementor-lightbox-slideshow=\"109bded6\" data-elementor-lightbox-title=\"2024_Palmberg_TUBES_by speziell_Rendering_runder Tisch mit Abschirmung_blau\" data-elementor-lightbox-description=\"Palmberg: Tubes by Designstudio speziell\u00ae - runder Tisch mit Abschirmung und Stauraumm\u00f6bel\" data-e-action-hash=\"#elementor-action%3Aaction%3Dlightbox%26settings%3DeyJpZCI6NTU3NywidXJsIjoiaHR0cHM6XC9cL3d3dy5zcGV6aWVsbC5uZXRcL2JldGFcL3dwLWNvbnRlbnRcL3VwbG9hZHNcLzIwMjVcLzAzXC8yMDI0X1BhbG1iZXJnX1RVQkVTX2J5LXNwZXppZWxsX1JlbmRlcmluZ19ydW5kZXItVGlzY2gtbWl0LUFic2NoaXJtdW5nX2JsYXUtMS5qcGciLCJzbGlkZXNob3ciOiIxMDliZGVkNiJ9\">\n\t\t\t\t\t<div class=\"e-gallery-image elementor-gallery-item__image\" data-thumbnail=\"https:\/\/www.speziell.net\/beta\/wp-content\/uploads\/2025\/03\/2024_Palmberg_TUBES_by-speziell_Rendering_runder-Tisch-mit-Abschirmung_blau-1-1024x683.jpg\" data-width=\"800\" data-height=\"534\" aria-label=\"Palmberg: Tubes by Designstudio speziell\u00ae - runder Tisch mit Abschirmung und Stauraumm\u00f6bel\" role=\"img\" ><\/div>\n\t\t\t\t\t\t\t\t\t\t\t\t\t\t<\/a>\n\t\t\t\t\t\t\t<a class=\"e-gallery-item elementor-gallery-item elementor-animated-content\" href=\"https:\/\/www.speziell.net\/beta\/wp-content\/uploads\/2025\/03\/2024_Palmberg_TUBES_by-speziell_Rendering_rotierte-Tischanordnung_blau.jpg\" data-elementor-open-lightbox=\"yes\" data-elementor-lightbox-slideshow=\"109bded6\" data-elementor-lightbox-title=\"2024_Palmberg_TUBES_by speziell_Rendering_rotierte Tischanordnung_blau\" data-elementor-lightbox-description=\"Palmberg: Tubes by Designstudio speziell\u00ae - Drei Tische, die um eine Achse rotiert sind mit seitlicher Abschirmung\" data-e-action-hash=\"#elementor-action%3Aaction%3Dlightbox%26settings%3DeyJpZCI6NTUwMSwidXJsIjoiaHR0cHM6XC9cL3d3dy5zcGV6aWVsbC5uZXRcL2JldGFcL3dwLWNvbnRlbnRcL3VwbG9hZHNcLzIwMjVcLzAzXC8yMDI0X1BhbG1iZXJnX1RVQkVTX2J5LXNwZXppZWxsX1JlbmRlcmluZ19yb3RpZXJ0ZS1UaXNjaGFub3JkbnVuZ19ibGF1LmpwZyIsInNsaWRlc2hvdyI6IjEwOWJkZWQ2In0%3D\">\n\t\t\t\t\t<div class=\"e-gallery-image elementor-gallery-item__image\" data-thumbnail=\"https:\/\/www.speziell.net\/beta\/wp-content\/uploads\/2025\/03\/2024_Palmberg_TUBES_by-speziell_Rendering_rotierte-Tischanordnung_blau-1024x683.jpg\" data-width=\"800\" data-height=\"534\" aria-label=\"Palmberg: Tubes by Designstudio speziell\u00ae - Drei Tische, die um eine Achse rotiert sind mit seitlicher Abschirmung\" role=\"img\" ><\/div>\n\t\t\t\t\t\t\t\t\t\t\t\t\t\t<\/a>\n\t\t\t\t\t\t\t<a class=\"e-gallery-item elementor-gallery-item elementor-animated-content\" href=\"https:\/\/www.speziell.net\/beta\/wp-content\/uploads\/2025\/03\/2024_Palmberg_TUBES_by-speziell_Rendering_runder-Tisch-mit-Stimmungslicht_rot.jpg\" data-elementor-open-lightbox=\"yes\" data-elementor-lightbox-slideshow=\"109bded6\" data-elementor-lightbox-title=\"2024_Palmberg_TUBES_by speziell_Rendering_runder Tisch mit Stimmungslicht_rot\" data-elementor-lightbox-description=\"Palmberg: Tubes by Designstudio speziell\u00ae - Runder Arbeitstisch ohne Abschirmung mit Stimmungslicht\" data-e-action-hash=\"#elementor-action%3Aaction%3Dlightbox%26settings%3DeyJpZCI6NTUwNCwidXJsIjoiaHR0cHM6XC9cL3d3dy5zcGV6aWVsbC5uZXRcL2JldGFcL3dwLWNvbnRlbnRcL3VwbG9hZHNcLzIwMjVcLzAzXC8yMDI0X1BhbG1iZXJnX1RVQkVTX2J5LXNwZXppZWxsX1JlbmRlcmluZ19ydW5kZXItVGlzY2gtbWl0LVN0aW1tdW5nc2xpY2h0X3JvdC5qcGciLCJzbGlkZXNob3ciOiIxMDliZGVkNiJ9\">\n\t\t\t\t\t<div class=\"e-gallery-image elementor-gallery-item__image\" data-thumbnail=\"https:\/\/www.speziell.net\/beta\/wp-content\/uploads\/2025\/03\/2024_Palmberg_TUBES_by-speziell_Rendering_runder-Tisch-mit-Stimmungslicht_rot-1024x683.jpg\" data-width=\"800\" data-height=\"534\" aria-label=\"Palmberg: Tubes by Designstudio speziell\u00ae - Runder Arbeitstisch ohne Abschirmung mit Stimmungslicht\" role=\"img\" ><\/div>\n\t\t\t\t\t\t\t\t\t\t\t\t\t\t<\/a>\n\t\t\t\t\t\t\t<a class=\"e-gallery-item elementor-gallery-item elementor-animated-content\" href=\"https:\/\/www.speziell.net\/beta\/wp-content\/uploads\/2025\/03\/2024_Palmberg_TUBES_by-speziell_Rendering_Tisch-zwei-Ebenen_rot.jpg\" data-elementor-open-lightbox=\"yes\" data-elementor-lightbox-slideshow=\"109bded6\" data-elementor-lightbox-title=\"2024_Palmberg_TUBES_by speziell_Rendering_Tisch zwei Ebenen_rot\" data-elementor-lightbox-description=\"Palmberg: Tubes by Designstudio speziell\u00ae - Tisch mit Steh- und Sitzarbeitsplatz \" data-e-action-hash=\"#elementor-action%3Aaction%3Dlightbox%26settings%3DeyJpZCI6NTU4NywidXJsIjoiaHR0cHM6XC9cL3d3dy5zcGV6aWVsbC5uZXRcL2JldGFcL3dwLWNvbnRlbnRcL3VwbG9hZHNcLzIwMjVcLzAzXC8yMDI0X1BhbG1iZXJnX1RVQkVTX2J5LXNwZXppZWxsX1JlbmRlcmluZ19UaXNjaC16d2VpLUViZW5lbl9yb3QuanBnIiwic2xpZGVzaG93IjoiMTA5YmRlZDYifQ%3D%3D\">\n\t\t\t\t\t<div class=\"e-gallery-image elementor-gallery-item__image\" data-thumbnail=\"https:\/\/www.speziell.net\/beta\/wp-content\/uploads\/2025\/03\/2024_Palmberg_TUBES_by-speziell_Rendering_Tisch-zwei-Ebenen_rot-1024x751.jpg\" data-width=\"800\" data-height=\"587\" aria-label=\"Palmberg: Tubes by Designstudio speziell\u00ae - Tisch mit Steh- und Sitzarbeitsplatz\" role=\"img\" ><\/div>\n\t\t\t\t\t\t\t\t\t\t\t\t\t\t<\/a>\n\t\t\t\t\t\t\t<a class=\"e-gallery-item elementor-gallery-item elementor-animated-content\" href=\"https:\/\/www.speziell.net\/beta\/wp-content\/uploads\/2025\/03\/2024_Palmberg_TUBES_by-speziell_Rendering_hoehenverstellbare-Tische-in-Benchaufstrellung_rot.jpg\" data-elementor-open-lightbox=\"yes\" data-elementor-lightbox-slideshow=\"109bded6\" data-elementor-lightbox-title=\"2024_Palmberg_TUBES_by speziell_Rendering_h\u00f6henverstellbare Tische in Benchaufstrellung_rot\" data-elementor-lightbox-description=\"Palmberg: Tubes by Designstudio speziell\u00ae - Benchaufstellung der h\u00f6henverstellbaren Tische mit Abschirmung\" data-e-action-hash=\"#elementor-action%3Aaction%3Dlightbox%26settings%3DeyJpZCI6NTQ5OSwidXJsIjoiaHR0cHM6XC9cL3d3dy5zcGV6aWVsbC5uZXRcL2JldGFcL3dwLWNvbnRlbnRcL3VwbG9hZHNcLzIwMjVcLzAzXC8yMDI0X1BhbG1iZXJnX1RVQkVTX2J5LXNwZXppZWxsX1JlbmRlcmluZ19ob2VoZW52ZXJzdGVsbGJhcmUtVGlzY2hlLWluLUJlbmNoYXVmc3RyZWxsdW5nX3JvdC5qcGciLCJzbGlkZXNob3ciOiIxMDliZGVkNiJ9\">\n\t\t\t\t\t<div class=\"e-gallery-image elementor-gallery-item__image\" data-thumbnail=\"https:\/\/www.speziell.net\/beta\/wp-content\/uploads\/2025\/03\/2024_Palmberg_TUBES_by-speziell_Rendering_hoehenverstellbare-Tische-in-Benchaufstrellung_rot-1024x683.jpg\" data-width=\"800\" data-height=\"534\" aria-label=\"Palmberg: Tubes by Designstudio speziell\u00ae - Benchaufstellung der h\u00f6henverstellbaren Tische mit Abschirmung\" role=\"img\" ><\/div>\n\t\t\t\t\t\t\t\t\t\t\t\t\t\t<\/a>\n\t\t\t\t\t\t\t<a class=\"e-gallery-item elementor-gallery-item elementor-animated-content\" href=\"https:\/\/www.speziell.net\/beta\/wp-content\/uploads\/2025\/03\/2024_Palmberg_TUBES_by-speziell_Rendering_hoehenverstellbarer_Tisch_blau.jpg\" data-elementor-open-lightbox=\"yes\" data-elementor-lightbox-slideshow=\"109bded6\" data-elementor-lightbox-title=\"2024_Palmberg_TUBES_by speziell_Rendering_h\u00f6henverstellbarer_Tisch_blau\" data-elementor-lightbox-description=\"Palmberg: Tubes by Designstudio speziell\u00ae - H\u00f6henverstellbarer Tische mit teleskopierbaren Holzr\u00f6hren\" data-e-action-hash=\"#elementor-action%3Aaction%3Dlightbox%26settings%3DeyJpZCI6NTUwMCwidXJsIjoiaHR0cHM6XC9cL3d3dy5zcGV6aWVsbC5uZXRcL2JldGFcL3dwLWNvbnRlbnRcL3VwbG9hZHNcLzIwMjVcLzAzXC8yMDI0X1BhbG1iZXJnX1RVQkVTX2J5LXNwZXppZWxsX1JlbmRlcmluZ19ob2VoZW52ZXJzdGVsbGJhcmVyX1Rpc2NoX2JsYXUuanBnIiwic2xpZGVzaG93IjoiMTA5YmRlZDYifQ%3D%3D\">\n\t\t\t\t\t<div class=\"e-gallery-image elementor-gallery-item__image\" data-thumbnail=\"https:\/\/www.speziell.net\/beta\/wp-content\/uploads\/2025\/03\/2024_Palmberg_TUBES_by-speziell_Rendering_hoehenverstellbarer_Tisch_blau-1024x683.jpg\" data-width=\"800\" data-height=\"534\" aria-label=\"Palmberg: Tubes by Designstudio speziell\u00ae - H\u00f6henverstellbarer Tische mit teleskopierbaren Holzr\u00f6hren\" role=\"img\" ><\/div>\n\t\t\t\t\t\t\t\t\t\t\t\t\t\t<\/a>\n\t\t\t\t\t\t\t<a class=\"e-gallery-item elementor-gallery-item elementor-animated-content\" href=\"https:\/\/www.speziell.net\/beta\/wp-content\/uploads\/2025\/03\/2024_Palmberg_TUBES_by-speziell_Rendering_Stauraummoebel_blau.jpg\" data-elementor-open-lightbox=\"yes\" data-elementor-lightbox-slideshow=\"109bded6\" data-elementor-lightbox-title=\"2024_Palmberg_TUBES_by speziell_Rendering_Stauraumm\u00f6bel_blau\" data-elementor-lightbox-description=\"Palmberg: Tubes by Designstudio speziell\u00ae - Stauraumm\u00f6bel mit Garderobe, Kisten, Kissen und rollbaren Bodenplatten\" data-e-action-hash=\"#elementor-action%3Aaction%3Dlightbox%26settings%3DeyJpZCI6NTUwNiwidXJsIjoiaHR0cHM6XC9cL3d3dy5zcGV6aWVsbC5uZXRcL2JldGFcL3dwLWNvbnRlbnRcL3VwbG9hZHNcLzIwMjVcLzAzXC8yMDI0X1BhbG1iZXJnX1RVQkVTX2J5LXNwZXppZWxsX1JlbmRlcmluZ19TdGF1cmF1bW1vZWJlbF9ibGF1LmpwZyIsInNsaWRlc2hvdyI6IjEwOWJkZWQ2In0%3D\">\n\t\t\t\t\t<div class=\"e-gallery-image elementor-gallery-item__image\" data-thumbnail=\"https:\/\/www.speziell.net\/beta\/wp-content\/uploads\/2025\/03\/2024_Palmberg_TUBES_by-speziell_Rendering_Stauraummoebel_blau-1024x683.jpg\" data-width=\"800\" data-height=\"534\" aria-label=\"Palmberg: Tubes by Designstudio speziell\u00ae - Stauraumm\u00f6bel mit Garderobe, Kisten, Kissen und rollbaren Bodenplatten\" role=\"img\" ><\/div>\n\t\t\t\t\t\t\t\t\t\t\t\t\t\t<\/a>\n\t\t\t\t\t\t\t<a class=\"e-gallery-item elementor-gallery-item elementor-animated-content\" href=\"https:\/\/www.speziell.net\/beta\/wp-content\/uploads\/2025\/03\/2024_Palmberg_TUBES_by-speziell_Pappmodelle_runder-Tisch-mit-Stauraum_Sybille-Fleckenstein.jpg\" data-elementor-open-lightbox=\"yes\" data-elementor-lightbox-slideshow=\"109bded6\" data-elementor-lightbox-title=\"2024_Palmberg_TUBES_by speziell_Pappmodelle_runder Tisch mit Stauraum_Sybille Fleckenstein\" data-elementor-lightbox-description=\"Palmberg: Tubes by Designstudio speziell\u00ae - Anhand der Pappmodelle werden Funktionen ausprobiert (Sybille Fleckenstein)\" data-e-action-hash=\"#elementor-action%3Aaction%3Dlightbox%26settings%3DeyJpZCI6NTQ5NiwidXJsIjoiaHR0cHM6XC9cL3d3dy5zcGV6aWVsbC5uZXRcL2JldGFcL3dwLWNvbnRlbnRcL3VwbG9hZHNcLzIwMjVcLzAzXC8yMDI0X1BhbG1iZXJnX1RVQkVTX2J5LXNwZXppZWxsX1BhcHBtb2RlbGxlX3J1bmRlci1UaXNjaC1taXQtU3RhdXJhdW1fU3liaWxsZS1GbGVja2Vuc3RlaW4uanBnIiwic2xpZGVzaG93IjoiMTA5YmRlZDYifQ%3D%3D\">\n\t\t\t\t\t<div class=\"e-gallery-image elementor-gallery-item__image\" data-thumbnail=\"https:\/\/www.speziell.net\/beta\/wp-content\/uploads\/2025\/03\/2024_Palmberg_TUBES_by-speziell_Pappmodelle_runder-Tisch-mit-Stauraum_Sybille-Fleckenstein-683x1024.jpg\" data-width=\"683\" data-height=\"1024\" aria-label=\"Palmberg: Tubes by Designstudio speziell\u00ae - Anhand der Pappmodelle werden Funktionen ausprobiert (Sybille Fleckenstein)\" role=\"img\" ><\/div>\n\t\t\t\t\t\t\t\t\t\t\t\t\t\t<\/a>\n\t\t\t\t\t\t\t<a class=\"e-gallery-item elementor-gallery-item elementor-animated-content\" href=\"https:\/\/www.speziell.net\/beta\/wp-content\/uploads\/2025\/03\/2024_Palmberg_TUBES_by-speziell_Pappmodelle_runder-Tisch-mit-Stauraum.jpg\" data-elementor-open-lightbox=\"yes\" data-elementor-lightbox-slideshow=\"109bded6\" data-elementor-lightbox-title=\"2024_Palmberg_TUBES_by speziell_Pappmodelle_runder Tisch mit Stauraum\" data-elementor-lightbox-description=\"Palmberg: Tubes by Designstudio speziell\u00ae - Pappmodell des runden Tisches mit Abschirmung und Stauraumm\u00f6bel\" data-e-action-hash=\"#elementor-action%3Aaction%3Dlightbox%26settings%3DeyJpZCI6NTQ5NSwidXJsIjoiaHR0cHM6XC9cL3d3dy5zcGV6aWVsbC5uZXRcL2JldGFcL3dwLWNvbnRlbnRcL3VwbG9hZHNcLzIwMjVcLzAzXC8yMDI0X1BhbG1iZXJnX1RVQkVTX2J5LXNwZXppZWxsX1BhcHBtb2RlbGxlX3J1bmRlci1UaXNjaC1taXQtU3RhdXJhdW0uanBnIiwic2xpZGVzaG93IjoiMTA5YmRlZDYifQ%3D%3D\">\n\t\t\t\t\t<div class=\"e-gallery-image elementor-gallery-item__image\" data-thumbnail=\"https:\/\/www.speziell.net\/beta\/wp-content\/uploads\/2025\/03\/2024_Palmberg_TUBES_by-speziell_Pappmodelle_runder-Tisch-mit-Stauraum-1024x683.jpg\" data-width=\"800\" data-height=\"534\" aria-label=\"Palmberg: Tubes by Designstudio speziell\u00ae - Pappmodell des runden Tisches mit Abschirmung und Stauraumm\u00f6bel\" role=\"img\" ><\/div>\n\t\t\t\t\t\t\t\t\t\t\t\t\t\t<\/a>\n\t\t\t\t\t\t\t<a class=\"e-gallery-item elementor-gallery-item elementor-animated-content\" href=\"https:\/\/www.speziell.net\/beta\/wp-content\/uploads\/2025\/03\/2024_Palmberg_TUBES_by-speziell_Pappmodelle_runder-Tisch-Abschirmung.jpg\" data-elementor-open-lightbox=\"yes\" data-elementor-lightbox-slideshow=\"109bded6\" data-elementor-lightbox-title=\"2024_Palmberg_TUBES_by speziell_Pappmodelle_runder Tisch Abschirmung\" data-elementor-lightbox-description=\"Palmberg: Tubes by Designstudio speziell\u00ae - Sybille Fleckenstein testet das Raumgef\u00fchl am runden Arbeitstisch\" data-e-action-hash=\"#elementor-action%3Aaction%3Dlightbox%26settings%3DeyJpZCI6NTQ5NCwidXJsIjoiaHR0cHM6XC9cL3d3dy5zcGV6aWVsbC5uZXRcL2JldGFcL3dwLWNvbnRlbnRcL3VwbG9hZHNcLzIwMjVcLzAzXC8yMDI0X1BhbG1iZXJnX1RVQkVTX2J5LXNwZXppZWxsX1BhcHBtb2RlbGxlX3J1bmRlci1UaXNjaC1BYnNjaGlybXVuZy5qcGciLCJzbGlkZXNob3ciOiIxMDliZGVkNiJ9\">\n\t\t\t\t\t<div class=\"e-gallery-image elementor-gallery-item__image\" data-thumbnail=\"https:\/\/www.speziell.net\/beta\/wp-content\/uploads\/2025\/03\/2024_Palmberg_TUBES_by-speziell_Pappmodelle_runder-Tisch-Abschirmung-683x1024.jpg\" data-width=\"683\" data-height=\"1024\" aria-label=\"Palmberg: Tubes by Designstudio speziell\u00ae - Sybille Fleckenstein testet das Raumgef\u00fchl am runden Arbeitstisch\" role=\"img\" ><\/div>\n\t\t\t\t\t\t\t\t\t\t\t\t\t\t<\/a>\n\t\t\t\t\t\t\t<a class=\"e-gallery-item elementor-gallery-item elementor-animated-content\" href=\"https:\/\/www.speziell.net\/beta\/wp-content\/uploads\/2025\/03\/2024_Palmberg_TUBES_by-speziell_Pappmodelle_runder-Tisch-Unterteilung.jpg\" data-elementor-open-lightbox=\"yes\" data-elementor-lightbox-slideshow=\"109bded6\" data-elementor-lightbox-title=\"2024_Palmberg_TUBES_by speziell_Pappmodelle_runder Tisch Unterteilung\" data-elementor-lightbox-description=\"Palmberg: Tubes by Designstudio speziell\u00ae - Reicht die Tischfl\u00e4che f\u00fcr  verschiedene Arbeiten?\" data-e-action-hash=\"#elementor-action%3Aaction%3Dlightbox%26settings%3DeyJpZCI6NTQ5NywidXJsIjoiaHR0cHM6XC9cL3d3dy5zcGV6aWVsbC5uZXRcL2JldGFcL3dwLWNvbnRlbnRcL3VwbG9hZHNcLzIwMjVcLzAzXC8yMDI0X1BhbG1iZXJnX1RVQkVTX2J5LXNwZXppZWxsX1BhcHBtb2RlbGxlX3J1bmRlci1UaXNjaC1VbnRlcnRlaWx1bmcuanBnIiwic2xpZGVzaG93IjoiMTA5YmRlZDYifQ%3D%3D\">\n\t\t\t\t\t<div class=\"e-gallery-image elementor-gallery-item__image\" data-thumbnail=\"https:\/\/www.speziell.net\/beta\/wp-content\/uploads\/2025\/03\/2024_Palmberg_TUBES_by-speziell_Pappmodelle_runder-Tisch-Unterteilung-683x1024.jpg\" data-width=\"683\" data-height=\"1024\" aria-label=\"Palmberg: Tubes by Designstudio speziell\u00ae - Reicht die Tischfl\u00e4che f\u00fcr verschiedene Arbeiten?\" role=\"img\" ><\/div>\n\t\t\t\t\t\t\t\t\t\t\t\t\t\t<\/a>\n\t\t\t\t\t\t\t<a class=\"e-gallery-item elementor-gallery-item elementor-animated-content\" href=\"https:\/\/www.speziell.net\/beta\/wp-content\/uploads\/2025\/03\/2024_Palmberg_TUBES_by-speziell_Pappmodell_Stauraum-doppelstoeckig-mit-Kleiderstange.jpg\" data-elementor-open-lightbox=\"yes\" data-elementor-lightbox-slideshow=\"109bded6\" data-elementor-lightbox-title=\"2024_Palmberg_TUBES_by speziell_Pappmodell_Stauraum doppelst\u00f6ckig mit Kleiderstange\" data-elementor-lightbox-description=\"Palmberg: Tubes by Designstudio speziell\u00ae - Pappmodell des Stauraumm\u00f6bels mit zwei Regalbrettern und Garderobenstange\" data-e-action-hash=\"#elementor-action%3Aaction%3Dlightbox%26settings%3DeyJpZCI6NTQ4OCwidXJsIjoiaHR0cHM6XC9cL3d3dy5zcGV6aWVsbC5uZXRcL2JldGFcL3dwLWNvbnRlbnRcL3VwbG9hZHNcLzIwMjVcLzAzXC8yMDI0X1BhbG1iZXJnX1RVQkVTX2J5LXNwZXppZWxsX1BhcHBtb2RlbGxfU3RhdXJhdW0tZG9wcGVsc3RvZWNraWctbWl0LUtsZWlkZXJzdGFuZ2UuanBnIiwic2xpZGVzaG93IjoiMTA5YmRlZDYifQ%3D%3D\">\n\t\t\t\t\t<div class=\"e-gallery-image elementor-gallery-item__image\" data-thumbnail=\"https:\/\/www.speziell.net\/beta\/wp-content\/uploads\/2025\/03\/2024_Palmberg_TUBES_by-speziell_Pappmodell_Stauraum-doppelstoeckig-mit-Kleiderstange-683x1024.jpg\" data-width=\"683\" data-height=\"1024\" aria-label=\"Palmberg: Tubes by Designstudio speziell\u00ae - Pappmodell des Stauraumm\u00f6bels mit zwei Regalbrettern und Garderobenstange\" role=\"img\" ><\/div>\n\t\t\t\t\t\t\t\t\t\t\t\t\t\t<\/a>\n\t\t\t\t\t\t\t<a class=\"e-gallery-item elementor-gallery-item elementor-animated-content\" href=\"https:\/\/www.speziell.net\/beta\/wp-content\/uploads\/2025\/03\/2024_Palmberg_TUBES_by-speziell_Pappmodell_Stauraum-mit-Kissen-und-Kleiderstange.jpg\" data-elementor-open-lightbox=\"yes\" data-elementor-lightbox-slideshow=\"109bded6\" data-elementor-lightbox-title=\"2024_Palmberg_TUBES_by speziell_Pappmodell_Stauraum mit Kissen und Kleiderstange\" data-elementor-lightbox-description=\"Palmberg: Tubes by Designstudio speziell\u00ae - Pappmodell des Stauraumm\u00f6bels mit einem Regalbrett, Sitzkissen und Garderobenstange\" data-e-action-hash=\"#elementor-action%3Aaction%3Dlightbox%26settings%3DeyJpZCI6NTQ4OSwidXJsIjoiaHR0cHM6XC9cL3d3dy5zcGV6aWVsbC5uZXRcL2JldGFcL3dwLWNvbnRlbnRcL3VwbG9hZHNcLzIwMjVcLzAzXC8yMDI0X1BhbG1iZXJnX1RVQkVTX2J5LXNwZXppZWxsX1BhcHBtb2RlbGxfU3RhdXJhdW0tbWl0LUtpc3Nlbi11bmQtS2xlaWRlcnN0YW5nZS5qcGciLCJzbGlkZXNob3ciOiIxMDliZGVkNiJ9\">\n\t\t\t\t\t<div class=\"e-gallery-image elementor-gallery-item__image\" data-thumbnail=\"https:\/\/www.speziell.net\/beta\/wp-content\/uploads\/2025\/03\/2024_Palmberg_TUBES_by-speziell_Pappmodell_Stauraum-mit-Kissen-und-Kleiderstange-683x1024.jpg\" data-width=\"683\" data-height=\"1024\" aria-label=\"Palmberg: Tubes by Designstudio speziell\u00ae - Pappmodell des Stauraumm\u00f6bels mit einem Regalbrett, Sitzkissen und Garderobenstange\" role=\"img\" ><\/div>\n\t\t\t\t\t\t\t\t\t\t\t\t\t\t<\/a>\n\t\t\t\t\t\t\t<a class=\"e-gallery-item elementor-gallery-item elementor-animated-content\" href=\"https:\/\/www.speziell.net\/beta\/wp-content\/uploads\/2025\/03\/2024_Palmberg_TUBES_by-speziell_Pappmodell_Stauraum-mit-Kleiderstange.jpg\" data-elementor-open-lightbox=\"yes\" data-elementor-lightbox-slideshow=\"109bded6\" data-elementor-lightbox-title=\"2024_Palmberg_TUBES_by speziell_Pappmodell_Stauraum mit Kleiderstange\" data-elementor-lightbox-description=\"Palmberg: Tubes by Designstudio speziell\u00ae - Pappmodell des Stauraumm\u00f6bels mit einem Regalbrett und Garderobenstange\" data-e-action-hash=\"#elementor-action%3Aaction%3Dlightbox%26settings%3DeyJpZCI6NTQ5MCwidXJsIjoiaHR0cHM6XC9cL3d3dy5zcGV6aWVsbC5uZXRcL2JldGFcL3dwLWNvbnRlbnRcL3VwbG9hZHNcLzIwMjVcLzAzXC8yMDI0X1BhbG1iZXJnX1RVQkVTX2J5LXNwZXppZWxsX1BhcHBtb2RlbGxfU3RhdXJhdW0tbWl0LUtsZWlkZXJzdGFuZ2UuanBnIiwic2xpZGVzaG93IjoiMTA5YmRlZDYifQ%3D%3D\">\n\t\t\t\t\t<div class=\"e-gallery-image elementor-gallery-item__image\" data-thumbnail=\"https:\/\/www.speziell.net\/beta\/wp-content\/uploads\/2025\/03\/2024_Palmberg_TUBES_by-speziell_Pappmodell_Stauraum-mit-Kleiderstange-683x1024.jpg\" data-width=\"683\" data-height=\"1024\" aria-label=\"Palmberg: Tubes by Designstudio speziell\u00ae - Pappmodell des Stauraumm\u00f6bels mit einem Regalbrett und Garderobenstange\" role=\"img\" ><\/div>\n\t\t\t\t\t\t\t\t\t\t\t\t\t\t<\/a>\n\t\t\t\t\t\t\t<a class=\"e-gallery-item elementor-gallery-item elementor-animated-content\" href=\"https:\/\/www.speziell.net\/beta\/wp-content\/uploads\/2025\/03\/2024_Palmberg_TUBES_by-speziell_Pappmodelle_gestaffelter-Tisch_Sybille-Fleckenstein.jpg\" data-elementor-open-lightbox=\"yes\" data-elementor-lightbox-slideshow=\"109bded6\" data-elementor-lightbox-title=\"2024_Palmberg_TUBES_by speziell_Pappmodelle_gestaffelter Tisch_Sybille Fleckenstein\" data-elementor-lightbox-description=\"Palmberg: Tubes by Designstudio speziell\u00ae - Sybille Fleckenstein pr\u00fcft die H\u00f6he des Sitzarbeitsplatzes am gestaffelten Tisch (Pappmodell)\" data-e-action-hash=\"#elementor-action%3Aaction%3Dlightbox%26settings%3DeyJpZCI6NTQ5MywidXJsIjoiaHR0cHM6XC9cL3d3dy5zcGV6aWVsbC5uZXRcL2JldGFcL3dwLWNvbnRlbnRcL3VwbG9hZHNcLzIwMjVcLzAzXC8yMDI0X1BhbG1iZXJnX1RVQkVTX2J5LXNwZXppZWxsX1BhcHBtb2RlbGxlX2dlc3RhZmZlbHRlci1UaXNjaF9TeWJpbGxlLUZsZWNrZW5zdGVpbi5qcGciLCJzbGlkZXNob3ciOiIxMDliZGVkNiJ9\">\n\t\t\t\t\t<div class=\"e-gallery-image elementor-gallery-item__image\" data-thumbnail=\"https:\/\/www.speziell.net\/beta\/wp-content\/uploads\/2025\/03\/2024_Palmberg_TUBES_by-speziell_Pappmodelle_gestaffelter-Tisch_Sybille-Fleckenstein-683x1024.jpg\" data-width=\"683\" data-height=\"1024\" aria-label=\"Palmberg: Tubes by Designstudio speziell\u00ae - Sybille Fleckenstein pr\u00fcft die H\u00f6he des Sitzarbeitsplatzes am gestaffelten Tisch (Pappmodell)\" role=\"img\" ><\/div>\n\t\t\t\t\t\t\t\t\t\t\t\t\t\t<\/a>\n\t\t\t\t\t\t\t<a class=\"e-gallery-item elementor-gallery-item elementor-animated-content\" href=\"https:\/\/www.speziell.net\/beta\/wp-content\/uploads\/2025\/03\/2024_Palmberg_TUBES_by-speziell_Pappmodelle_gestaffelter-Tisch_Jens-Pohlmann.jpg\" data-elementor-open-lightbox=\"yes\" data-elementor-lightbox-slideshow=\"109bded6\" data-elementor-lightbox-title=\"2024_Palmberg_TUBES_by speziell_Pappmodelle_gestaffelter Tisch_Jens Pohlmann\" data-elementor-lightbox-description=\"Palmberg: Tubes by Designstudio speziell\u00ae - Jens Pohlmann am Steharbeitsplatz des gestaffelten Tisches (Pappmodell)\" data-e-action-hash=\"#elementor-action%3Aaction%3Dlightbox%26settings%3DeyJpZCI6NTQ5MiwidXJsIjoiaHR0cHM6XC9cL3d3dy5zcGV6aWVsbC5uZXRcL2JldGFcL3dwLWNvbnRlbnRcL3VwbG9hZHNcLzIwMjVcLzAzXC8yMDI0X1BhbG1iZXJnX1RVQkVTX2J5LXNwZXppZWxsX1BhcHBtb2RlbGxlX2dlc3RhZmZlbHRlci1UaXNjaF9KZW5zLVBvaGxtYW5uLmpwZyIsInNsaWRlc2hvdyI6IjEwOWJkZWQ2In0%3D\">\n\t\t\t\t\t<div class=\"e-gallery-image elementor-gallery-item__image\" data-thumbnail=\"https:\/\/www.speziell.net\/beta\/wp-content\/uploads\/2025\/03\/2024_Palmberg_TUBES_by-speziell_Pappmodelle_gestaffelter-Tisch_Jens-Pohlmann-683x1024.jpg\" data-width=\"683\" data-height=\"1024\" aria-label=\"Palmberg: Tubes by Designstudio speziell\u00ae - Jens Pohlmann am Steharbeitsplatz des gestaffelten Tisches (Pappmodell)\" role=\"img\" ><\/div>\n\t\t\t\t\t\t\t\t\t\t\t\t\t\t<\/a>\n\t\t\t\t\t\t\t<a class=\"e-gallery-item elementor-gallery-item elementor-animated-content\" href=\"https:\/\/www.speziell.net\/beta\/wp-content\/uploads\/2025\/03\/2024_Palmberg_TUBES_by-speziell_Pappmodelle.jpg\" data-elementor-open-lightbox=\"yes\" data-elementor-lightbox-slideshow=\"109bded6\" data-elementor-lightbox-title=\"2024_Palmberg_TUBES_by speziell_Pappmodelle\" data-elementor-lightbox-description=\"Palmberg: Tubes by Designstudio speziell\u00ae - Verschiedene Tische aus der Serie als Pappmodell\" data-e-action-hash=\"#elementor-action%3Aaction%3Dlightbox%26settings%3DeyJpZCI6NTQ5MSwidXJsIjoiaHR0cHM6XC9cL3d3dy5zcGV6aWVsbC5uZXRcL2JldGFcL3dwLWNvbnRlbnRcL3VwbG9hZHNcLzIwMjVcLzAzXC8yMDI0X1BhbG1iZXJnX1RVQkVTX2J5LXNwZXppZWxsX1BhcHBtb2RlbGxlLmpwZyIsInNsaWRlc2hvdyI6IjEwOWJkZWQ2In0%3D\">\n\t\t\t\t\t<div class=\"e-gallery-image elementor-gallery-item__image\" data-thumbnail=\"https:\/\/www.speziell.net\/beta\/wp-content\/uploads\/2025\/03\/2024_Palmberg_TUBES_by-speziell_Pappmodelle-1024x683.jpg\" data-width=\"800\" data-height=\"534\" aria-label=\"Palmberg: Tubes by Designstudio speziell\u00ae - Verschiedene Tische aus der Serie als Pappmodell\" role=\"img\" ><\/div>\n\t\t\t\t\t\t\t\t\t\t\t\t\t\t<\/a>\n\t\t\t\t\t<\/div>\n\t\t\t\t\t<\/div>\n\t\t\t\t<\/div>\n\t\t\t\t\t<\/div>\n\t\t<\/div>\n\t\t\t\t\t<\/div>\n\t\t<\/section>\n\t\t\t\t<\/div>\n\t\t","protected":false},"excerpt":{"rendered":"<p>PALMBERG: TUBES Nachhaltige Tische und Stauraumm\u00f6bel mit anschaulichen Funktionen Insgesamt stellt der Wandel der Arbeit, in seiner Schnelligkeit und Komplexit\u00e4t, enorme Anforderungen an die kognitiven F\u00e4higkeiten der Mitarbeitenden. In Folge dessen gibt es eine gesellschaftliche Sehnsucht nach Niederkomplexit\u00e4t und nachvollziehbaren physischen Dingen. Verbunden mit dem Wunsch nach Nachhaltigkeit, sympathischen Materialien und einer harmonischen Atmosph\u00e4re. Dies [&hellip;]<\/p>\n","protected":false},"author":3,"featured_media":5523,"parent":9,"menu_order":0,"comment_status":"closed","ping_status":"closed","template":"","meta":{"footnotes":""},"class_list":["post-5485","page","type-page","status-publish","has-post-thumbnail","hentry"],"_links":{"self":[{"href":"https:\/\/www.speziell.net\/beta\/wp-json\/wp\/v2\/pages\/5485","targetHints":{"allow":["GET"]}}],"collection":[{"href":"https:\/\/www.speziell.net\/beta\/wp-json\/wp\/v2\/pages"}],"about":[{"href":"https:\/\/www.speziell.net\/beta\/wp-json\/wp\/v2\/types\/page"}],"author":[{"embeddable":true,"href":"https:\/\/www.speziell.net\/beta\/wp-json\/wp\/v2\/users\/3"}],"replies":[{"embeddable":true,"href":"https:\/\/www.speziell.net\/beta\/wp-json\/wp\/v2\/comments?post=5485"}],"version-history":[{"count":94,"href":"https:\/\/www.speziell.net\/beta\/wp-json\/wp\/v2\/pages\/5485\/revisions"}],"predecessor-version":[{"id":5881,"href":"https:\/\/www.speziell.net\/beta\/wp-json\/wp\/v2\/pages\/5485\/revisions\/5881"}],"up":[{"embeddable":true,"href":"https:\/\/www.speziell.net\/beta\/wp-json\/wp\/v2\/pages\/9"}],"wp:featuredmedia":[{"embeddable":true,"href":"https:\/\/www.speziell.net\/beta\/wp-json\/wp\/v2\/media\/5523"}],"wp:attachment":[{"href":"https:\/\/www.speziell.net\/beta\/wp-json\/wp\/v2\/media?parent=5485"}],"curies":[{"name":"wp","href":"https:\/\/api.w.org\/{rel}","templated":true}]}}