{"id":9,"date":"2023-02-14T17:27:14","date_gmt":"2023-02-14T16:27:14","guid":{"rendered":"https:\/\/www.speziell.net\/beta\/?page_id=9"},"modified":"2025-03-07T13:07:43","modified_gmt":"2025-03-07T12:07:43","slug":"home","status":"publish","type":"page","link":"https:\/\/www.speziell.net\/beta\/","title":{"rendered":"HOME"},"content":{"rendered":"\t\t<div data-elementor-type=\"wp-page\" data-elementor-id=\"9\" class=\"elementor elementor-9\" data-elementor-post-type=\"page\">\n\t\t\t\t\t\t<section class=\"elementor-section elementor-top-section elementor-element elementor-element-6b6ed839 elementor-section-boxed elementor-section-height-default elementor-section-height-default\" data-id=\"6b6ed839\" data-element_type=\"section\" data-e-type=\"section\">\n\t\t\t\t\t\t<div class=\"elementor-container elementor-column-gap-default\">\n\t\t\t\t\t<div class=\"elementor-column elementor-col-100 elementor-top-column elementor-element elementor-element-582092b6\" data-id=\"582092b6\" data-element_type=\"column\" data-e-type=\"column\">\n\t\t\t<div class=\"elementor-widget-wrap elementor-element-populated\">\n\t\t\t\t\t\t<div class=\"elementor-element elementor-element-7e3e43dc elementor-hidden-mobile elementor-hidden-tablet elementor-widget elementor-widget-image\" data-id=\"7e3e43dc\" data-element_type=\"widget\" data-e-type=\"widget\" data-widget_type=\"image.default\">\n\t\t\t\t<div class=\"elementor-widget-container\">\n\t\t\t\t\t\t\t\t\t\t\t\t\t\t\t\t<a href=\"https:\/\/www.speziell.net\/beta\/home\/\">\n\t\t\t\t\t\t\t<img decoding=\"async\" width=\"100\" height=\"100\" src=\"https:\/\/www.speziell.net\/beta\/wp-content\/uploads\/2023\/02\/speziell_logo_grau-1.svg\" class=\"attachment-large size-large wp-image-731\" alt=\"Designstudio speziell\u00ae \u2013 Fleckenstein Pohlmann Schwer GbR\" \/>\t\t\t\t\t\t\t\t<\/a>\n\t\t\t\t\t\t\t\t\t\t\t\t\t\t\t<\/div>\n\t\t\t\t<\/div>\n\t\t\t\t<div class=\"elementor-element elementor-element-5e580596 elementor-hidden-desktop elementor-widget elementor-widget-image\" data-id=\"5e580596\" data-element_type=\"widget\" data-e-type=\"widget\" data-widget_type=\"image.default\">\n\t\t\t\t<div class=\"elementor-widget-container\">\n\t\t\t\t\t\t\t\t\t\t\t\t\t\t\t\t<a href=\"https:\/\/www.speziell.net\/beta\/home\/\">\n\t\t\t\t\t\t\t<img decoding=\"async\" width=\"100\" height=\"100\" src=\"https:\/\/www.speziell.net\/beta\/wp-content\/uploads\/2023\/03\/speziell_logo_oSubline.svg\" class=\"attachment-large size-large wp-image-2739\" alt=\"\" \/>\t\t\t\t\t\t\t\t<\/a>\n\t\t\t\t\t\t\t\t\t\t\t\t\t\t\t<\/div>\n\t\t\t\t<\/div>\n\t\t\t\t\t<\/div>\n\t\t<\/div>\n\t\t\t\t\t<\/div>\n\t\t<\/section>\n\t\t\t\t<section class=\"elementor-section elementor-top-section elementor-element elementor-element-0a5a08e elementor-section-boxed elementor-section-height-default elementor-section-height-default\" data-id=\"0a5a08e\" data-element_type=\"section\" data-e-type=\"section\">\n\t\t\t\t\t\t<div class=\"elementor-container elementor-column-gap-default\">\n\t\t\t\t\t<div class=\"elementor-column elementor-col-100 elementor-top-column elementor-element elementor-element-0975c15\" data-id=\"0975c15\" data-element_type=\"column\" data-e-type=\"column\">\n\t\t\t<div class=\"elementor-widget-wrap elementor-element-populated\">\n\t\t\t\t\t\t<div class=\"elementor-element elementor-element-2541c0b elementor-widget elementor-widget-spacer\" data-id=\"2541c0b\" data-element_type=\"widget\" data-e-type=\"widget\" data-widget_type=\"spacer.default\">\n\t\t\t\t<div class=\"elementor-widget-container\">\n\t\t\t\t\t\t\t<div class=\"elementor-spacer\">\n\t\t\t<div class=\"elementor-spacer-inner\"><\/div>\n\t\t<\/div>\n\t\t\t\t\t\t<\/div>\n\t\t\t\t<\/div>\n\t\t\t\t<div class=\"elementor-element elementor-element-f90ebd9 elementor-grid-3 elementor-grid-tablet-2 elementor-grid-mobile-1 elementor-widget elementor-widget-portfolio\" data-id=\"f90ebd9\" data-element_type=\"widget\" data-e-type=\"widget\" data-settings=\"{&quot;masonry&quot;:&quot;yes&quot;,&quot;row_gap&quot;:{&quot;unit&quot;:&quot;px&quot;,&quot;size&quot;:10,&quot;sizes&quot;:[]},&quot;columns&quot;:&quot;3&quot;,&quot;columns_tablet&quot;:&quot;2&quot;,&quot;columns_mobile&quot;:&quot;1&quot;,&quot;item_gap&quot;:{&quot;unit&quot;:&quot;px&quot;,&quot;size&quot;:&quot;&quot;,&quot;sizes&quot;:[]}}\" data-widget_type=\"portfolio.default\">\n\t\t\t\t<div class=\"elementor-widget-container\">\n\t\t\t\t\t\t\t<div class=\"elementor-portfolio elementor-grid elementor-posts-container\" role=\"list\">\n\t\t\t\t<article class=\"elementor-portfolio-item elementor-post  post-5839 page type-page status-publish has-post-thumbnail hentry\" role=\"listitem\">\n\t\t\t<a class=\"elementor-post__thumbnail__link\" href=\"https:\/\/www.speziell.net\/beta\/home\/marino\/\">\n\t\t\t\t<div class=\"elementor-portfolio-item__img elementor-post__thumbnail\">\n\t\t\t<img fetchpriority=\"high\" decoding=\"async\" width=\"800\" height=\"587\" src=\"https:\/\/www.speziell.net\/beta\/wp-content\/uploads\/2025\/03\/2024_Pulpo_MARINO_by-speziell_Keramiksideboard-frontal-1024x751.jpg\" class=\"attachment-large size-large wp-image-5856\" alt=\"\" srcset=\"https:\/\/www.speziell.net\/beta\/wp-content\/uploads\/2025\/03\/2024_Pulpo_MARINO_by-speziell_Keramiksideboard-frontal-1024x751.jpg 1024w, https:\/\/www.speziell.net\/beta\/wp-content\/uploads\/2025\/03\/2024_Pulpo_MARINO_by-speziell_Keramiksideboard-frontal-300x220.jpg 300w, https:\/\/www.speziell.net\/beta\/wp-content\/uploads\/2025\/03\/2024_Pulpo_MARINO_by-speziell_Keramiksideboard-frontal-768x563.jpg 768w, https:\/\/www.speziell.net\/beta\/wp-content\/uploads\/2025\/03\/2024_Pulpo_MARINO_by-speziell_Keramiksideboard-frontal-16x12.jpg 16w, https:\/\/www.speziell.net\/beta\/wp-content\/uploads\/2025\/03\/2024_Pulpo_MARINO_by-speziell_Keramiksideboard-frontal.jpg 1500w\" sizes=\"(max-width: 800px) 100vw, 800px\" \/>\t\t<\/div>\n\t\t\t\t<div class=\"elementor-portfolio-item__overlay\">\n\t\t\t\t<h3 class=\"elementor-portfolio-item__title\">\n\t\tMarino\t\t<\/h3>\n\t\t\t\t<\/div>\n\t\t\t\t<\/a>\n\t\t<\/article>\n\t\t\t\t<article class=\"elementor-portfolio-item elementor-post  post-5692 page type-page status-publish has-post-thumbnail hentry\" role=\"listitem\">\n\t\t\t<a class=\"elementor-post__thumbnail__link\" href=\"https:\/\/www.speziell.net\/beta\/home\/moeding-extrusions\/\">\n\t\t\t\t<div class=\"elementor-portfolio-item__img elementor-post__thumbnail\">\n\t\t\t<img loading=\"lazy\" decoding=\"async\" width=\"800\" height=\"800\" src=\"https:\/\/www.speziell.net\/beta\/wp-content\/uploads\/2025\/03\/2025_Moeding_EXTRUSIONS_by-speziell_Keramikprofile-mit-Blumen_15a-1024x1024.jpg\" class=\"attachment-large size-large wp-image-5782\" alt=\"Moeding: Vasen Extrusions by Designstudio speziell\u00ae \u2013 Zwei identische Keramikprofile auf Porzellantablett mit Anemonen\" srcset=\"https:\/\/www.speziell.net\/beta\/wp-content\/uploads\/2025\/03\/2025_Moeding_EXTRUSIONS_by-speziell_Keramikprofile-mit-Blumen_15a-1024x1024.jpg 1024w, https:\/\/www.speziell.net\/beta\/wp-content\/uploads\/2025\/03\/2025_Moeding_EXTRUSIONS_by-speziell_Keramikprofile-mit-Blumen_15a-300x300.jpg 300w, https:\/\/www.speziell.net\/beta\/wp-content\/uploads\/2025\/03\/2025_Moeding_EXTRUSIONS_by-speziell_Keramikprofile-mit-Blumen_15a-150x150.jpg 150w, https:\/\/www.speziell.net\/beta\/wp-content\/uploads\/2025\/03\/2025_Moeding_EXTRUSIONS_by-speziell_Keramikprofile-mit-Blumen_15a-768x768.jpg 768w, https:\/\/www.speziell.net\/beta\/wp-content\/uploads\/2025\/03\/2025_Moeding_EXTRUSIONS_by-speziell_Keramikprofile-mit-Blumen_15a-12x12.jpg 12w, https:\/\/www.speziell.net\/beta\/wp-content\/uploads\/2025\/03\/2025_Moeding_EXTRUSIONS_by-speziell_Keramikprofile-mit-Blumen_15a.jpg 1500w\" sizes=\"(max-width: 800px) 100vw, 800px\" \/>\t\t<\/div>\n\t\t\t\t<div class=\"elementor-portfolio-item__overlay\">\n\t\t\t\t<h3 class=\"elementor-portfolio-item__title\">\n\t\tExtrusions\t\t<\/h3>\n\t\t\t\t<\/div>\n\t\t\t\t<\/a>\n\t\t<\/article>\n\t\t\t\t<article class=\"elementor-portfolio-item elementor-post  post-5517 page type-page status-publish has-post-thumbnail hentry\" role=\"listitem\">\n\t\t\t<a class=\"elementor-post__thumbnail__link\" href=\"https:\/\/www.speziell.net\/beta\/home\/palmberg-tubes-seating\/\">\n\t\t\t\t<div class=\"elementor-portfolio-item__img elementor-post__thumbnail\">\n\t\t\t<img loading=\"lazy\" decoding=\"async\" width=\"800\" height=\"534\" src=\"https:\/\/www.speziell.net\/beta\/wp-content\/uploads\/2025\/03\/2024_Palmberg_TUBES_by-speziell_Rendering_Arbeitssessel-und-Hocken_blau-1024x683.jpg\" class=\"attachment-large size-large wp-image-5522\" alt=\"Palmberg: Tubes by Designstudio speziell\u00ae - Rendering des Aufbaus der Arbeits-Sessel und Hocker: Formvlies-R\u00fccken, austauschbares Kissen, Fu\u00df mit Rollen\" srcset=\"https:\/\/www.speziell.net\/beta\/wp-content\/uploads\/2025\/03\/2024_Palmberg_TUBES_by-speziell_Rendering_Arbeitssessel-und-Hocken_blau-1024x683.jpg 1024w, https:\/\/www.speziell.net\/beta\/wp-content\/uploads\/2025\/03\/2024_Palmberg_TUBES_by-speziell_Rendering_Arbeitssessel-und-Hocken_blau-300x200.jpg 300w, https:\/\/www.speziell.net\/beta\/wp-content\/uploads\/2025\/03\/2024_Palmberg_TUBES_by-speziell_Rendering_Arbeitssessel-und-Hocken_blau-768x512.jpg 768w, https:\/\/www.speziell.net\/beta\/wp-content\/uploads\/2025\/03\/2024_Palmberg_TUBES_by-speziell_Rendering_Arbeitssessel-und-Hocken_blau-18x12.jpg 18w, https:\/\/www.speziell.net\/beta\/wp-content\/uploads\/2025\/03\/2024_Palmberg_TUBES_by-speziell_Rendering_Arbeitssessel-und-Hocken_blau.jpg 1500w\" sizes=\"(max-width: 800px) 100vw, 800px\" \/>\t\t<\/div>\n\t\t\t\t<div class=\"elementor-portfolio-item__overlay\">\n\t\t\t\t<h3 class=\"elementor-portfolio-item__title\">\n\t\tTubes Seating\t\t<\/h3>\n\t\t\t\t<\/div>\n\t\t\t\t<\/a>\n\t\t<\/article>\n\t\t\t\t<article class=\"elementor-portfolio-item elementor-post  post-5485 page type-page status-publish has-post-thumbnail hentry\" role=\"listitem\">\n\t\t\t<a class=\"elementor-post__thumbnail__link\" href=\"https:\/\/www.speziell.net\/beta\/home\/palmberg-tubes\/\">\n\t\t\t\t<div class=\"elementor-portfolio-item__img elementor-post__thumbnail\">\n\t\t\t<img loading=\"lazy\" decoding=\"async\" width=\"800\" height=\"534\" src=\"https:\/\/www.speziell.net\/beta\/wp-content\/uploads\/2025\/03\/2024_Palmberg_TUBES_by-speziell_Rendering_runder-Tisch-mit-Abschirmung_blau-1024x683.jpg\" class=\"attachment-large size-large wp-image-5523\" alt=\"\" srcset=\"https:\/\/www.speziell.net\/beta\/wp-content\/uploads\/2025\/03\/2024_Palmberg_TUBES_by-speziell_Rendering_runder-Tisch-mit-Abschirmung_blau-1024x683.jpg 1024w, https:\/\/www.speziell.net\/beta\/wp-content\/uploads\/2025\/03\/2024_Palmberg_TUBES_by-speziell_Rendering_runder-Tisch-mit-Abschirmung_blau-300x200.jpg 300w, https:\/\/www.speziell.net\/beta\/wp-content\/uploads\/2025\/03\/2024_Palmberg_TUBES_by-speziell_Rendering_runder-Tisch-mit-Abschirmung_blau-768x512.jpg 768w, https:\/\/www.speziell.net\/beta\/wp-content\/uploads\/2025\/03\/2024_Palmberg_TUBES_by-speziell_Rendering_runder-Tisch-mit-Abschirmung_blau-18x12.jpg 18w, https:\/\/www.speziell.net\/beta\/wp-content\/uploads\/2025\/03\/2024_Palmberg_TUBES_by-speziell_Rendering_runder-Tisch-mit-Abschirmung_blau.jpg 1500w\" sizes=\"(max-width: 800px) 100vw, 800px\" \/>\t\t<\/div>\n\t\t\t\t<div class=\"elementor-portfolio-item__overlay\">\n\t\t\t\t<h3 class=\"elementor-portfolio-item__title\">\n\t\tTubes\t\t<\/h3>\n\t\t\t\t<\/div>\n\t\t\t\t<\/a>\n\t\t<\/article>\n\t\t\t\t<article class=\"elementor-portfolio-item elementor-post  post-5202 page type-page status-publish has-post-thumbnail hentry\" role=\"listitem\">\n\t\t\t<a class=\"elementor-post__thumbnail__link\" href=\"https:\/\/www.speziell.net\/beta\/home\/elementor-seite-5202\/\">\n\t\t\t\t<div class=\"elementor-portfolio-item__img elementor-post__thumbnail\">\n\t\t\t<img loading=\"lazy\" decoding=\"async\" width=\"800\" height=\"534\" src=\"https:\/\/www.speziell.net\/beta\/wp-content\/uploads\/2025\/02\/Erlus_KaratRS_designstudio_speziell-4-1024x683.jpg\" class=\"attachment-large size-large wp-image-5210\" alt=\"\" srcset=\"https:\/\/www.speziell.net\/beta\/wp-content\/uploads\/2025\/02\/Erlus_KaratRS_designstudio_speziell-4-1024x683.jpg 1024w, https:\/\/www.speziell.net\/beta\/wp-content\/uploads\/2025\/02\/Erlus_KaratRS_designstudio_speziell-4-300x200.jpg 300w, https:\/\/www.speziell.net\/beta\/wp-content\/uploads\/2025\/02\/Erlus_KaratRS_designstudio_speziell-4-768x512.jpg 768w, https:\/\/www.speziell.net\/beta\/wp-content\/uploads\/2025\/02\/Erlus_KaratRS_designstudio_speziell-4-18x12.jpg 18w, https:\/\/www.speziell.net\/beta\/wp-content\/uploads\/2025\/02\/Erlus_KaratRS_designstudio_speziell-4.jpg 1500w\" sizes=\"(max-width: 800px) 100vw, 800px\" \/>\t\t<\/div>\n\t\t\t\t<div class=\"elementor-portfolio-item__overlay\">\n\t\t\t\t<h3 class=\"elementor-portfolio-item__title\">\n\t\tKarat RS\t\t<\/h3>\n\t\t\t\t<\/div>\n\t\t\t\t<\/a>\n\t\t<\/article>\n\t\t\t\t<article class=\"elementor-portfolio-item elementor-post  post-3367 page type-page status-publish hentry\" role=\"listitem\">\n\t\t\t<a class=\"elementor-post__thumbnail__link\" href=\"https:\/\/www.speziell.net\/beta\/ausstellung\/\">\n\t\t\t\t<div class=\"elementor-portfolio-item__img elementor-post__thumbnail\">\n\t\t\t\t\t<\/div>\n\t\t\t\t<div class=\"elementor-portfolio-item__overlay\">\n\t\t\t\t<h3 class=\"elementor-portfolio-item__title\">\n\t\tAUSSTELLUNG\t\t<\/h3>\n\t\t\t\t<\/div>\n\t\t\t\t<\/a>\n\t\t<\/article>\n\t\t\t\t<article class=\"elementor-portfolio-item elementor-post  post-933 page type-page status-publish has-post-thumbnail hentry\" role=\"listitem\">\n\t\t\t<a class=\"elementor-post__thumbnail__link\" href=\"https:\/\/www.speziell.net\/beta\/home\/madera\/\">\n\t\t\t\t<div class=\"elementor-portfolio-item__img elementor-post__thumbnail\">\n\t\t\t<img loading=\"lazy\" decoding=\"async\" width=\"800\" height=\"800\" src=\"https:\/\/www.speziell.net\/beta\/wp-content\/uploads\/2023\/02\/2023_Umbra_MADERA_by_speziell_Top_view-1024x1024.jpg\" class=\"attachment-large size-large wp-image-940\" alt=\"Umbra: Madera by Designstudio speziell\u00ae \u2013 Couchtisch mit einem Gestell aus drei identischen Formholzteilen\" srcset=\"https:\/\/www.speziell.net\/beta\/wp-content\/uploads\/2023\/02\/2023_Umbra_MADERA_by_speziell_Top_view-1024x1024.jpg 1024w, https:\/\/www.speziell.net\/beta\/wp-content\/uploads\/2023\/02\/2023_Umbra_MADERA_by_speziell_Top_view-300x300.jpg 300w, https:\/\/www.speziell.net\/beta\/wp-content\/uploads\/2023\/02\/2023_Umbra_MADERA_by_speziell_Top_view-150x150.jpg 150w, https:\/\/www.speziell.net\/beta\/wp-content\/uploads\/2023\/02\/2023_Umbra_MADERA_by_speziell_Top_view-768x768.jpg 768w, https:\/\/www.speziell.net\/beta\/wp-content\/uploads\/2023\/02\/2023_Umbra_MADERA_by_speziell_Top_view-12x12.jpg 12w, https:\/\/www.speziell.net\/beta\/wp-content\/uploads\/2023\/02\/2023_Umbra_MADERA_by_speziell_Top_view.jpg 1500w\" sizes=\"(max-width: 800px) 100vw, 800px\" \/>\t\t<\/div>\n\t\t\t\t<div class=\"elementor-portfolio-item__overlay\">\n\t\t\t\t<h3 class=\"elementor-portfolio-item__title\">\n\t\tMADERA\t\t<\/h3>\n\t\t\t\t<\/div>\n\t\t\t\t<\/a>\n\t\t<\/article>\n\t\t\t\t<article class=\"elementor-portfolio-item elementor-post  post-116 page type-page status-publish has-post-thumbnail hentry\" role=\"listitem\">\n\t\t\t<a class=\"elementor-post__thumbnail__link\" href=\"https:\/\/www.speziell.net\/beta\/home\/steng\/\">\n\t\t\t\t<div class=\"elementor-portfolio-item__img elementor-post__thumbnail\">\n\t\t\t<img loading=\"lazy\" decoding=\"async\" width=\"800\" height=\"534\" src=\"https:\/\/www.speziell.net\/beta\/wp-content\/uploads\/2023\/02\/2021_StengLicht_TOLOU_by_speziell_Seitenansicht2-1-1024x683.jpg\" class=\"attachment-large size-large wp-image-772\" alt=\"Steng Licht: Leuchte Tolou by Designstudio speziell\u00ae, Detail Kabelumlenkung silber\" srcset=\"https:\/\/www.speziell.net\/beta\/wp-content\/uploads\/2023\/02\/2021_StengLicht_TOLOU_by_speziell_Seitenansicht2-1-1024x683.jpg 1024w, https:\/\/www.speziell.net\/beta\/wp-content\/uploads\/2023\/02\/2021_StengLicht_TOLOU_by_speziell_Seitenansicht2-1-300x200.jpg 300w, https:\/\/www.speziell.net\/beta\/wp-content\/uploads\/2023\/02\/2021_StengLicht_TOLOU_by_speziell_Seitenansicht2-1-768x512.jpg 768w, https:\/\/www.speziell.net\/beta\/wp-content\/uploads\/2023\/02\/2021_StengLicht_TOLOU_by_speziell_Seitenansicht2-1-18x12.jpg 18w, https:\/\/www.speziell.net\/beta\/wp-content\/uploads\/2023\/02\/2021_StengLicht_TOLOU_by_speziell_Seitenansicht2-1.jpg 1500w\" sizes=\"(max-width: 800px) 100vw, 800px\" \/>\t\t<\/div>\n\t\t\t\t<div class=\"elementor-portfolio-item__overlay\">\n\t\t\t\t<h3 class=\"elementor-portfolio-item__title\">\n\t\tCIRC\t\t<\/h3>\n\t\t\t\t<\/div>\n\t\t\t\t<\/a>\n\t\t<\/article>\n\t\t\t\t<article class=\"elementor-portfolio-item elementor-post  post-629 page type-page status-publish has-post-thumbnail hentry\" role=\"listitem\">\n\t\t\t<a class=\"elementor-post__thumbnail__link\" href=\"https:\/\/www.speziell.net\/beta\/home\/levelrs\/\">\n\t\t\t\t<div class=\"elementor-portfolio-item__img elementor-post__thumbnail\">\n\t\t\t<img loading=\"lazy\" decoding=\"async\" width=\"800\" height=\"800\" src=\"https:\/\/www.speziell.net\/beta\/wp-content\/uploads\/2025\/03\/2019_Erlus_LEVEL_RS_by_speziell_Draufsicht-1-1024x1024.jpg\" class=\"attachment-large size-large wp-image-5663\" alt=\"Erlus: Level RS by Designstudio speziell\u00ae \u2013 Ansicht des puristisch gestalteten Ziegels\" srcset=\"https:\/\/www.speziell.net\/beta\/wp-content\/uploads\/2025\/03\/2019_Erlus_LEVEL_RS_by_speziell_Draufsicht-1-1024x1024.jpg 1024w, https:\/\/www.speziell.net\/beta\/wp-content\/uploads\/2025\/03\/2019_Erlus_LEVEL_RS_by_speziell_Draufsicht-1-300x300.jpg 300w, https:\/\/www.speziell.net\/beta\/wp-content\/uploads\/2025\/03\/2019_Erlus_LEVEL_RS_by_speziell_Draufsicht-1-150x150.jpg 150w, https:\/\/www.speziell.net\/beta\/wp-content\/uploads\/2025\/03\/2019_Erlus_LEVEL_RS_by_speziell_Draufsicht-1-768x768.jpg 768w, https:\/\/www.speziell.net\/beta\/wp-content\/uploads\/2025\/03\/2019_Erlus_LEVEL_RS_by_speziell_Draufsicht-1-12x12.jpg 12w, https:\/\/www.speziell.net\/beta\/wp-content\/uploads\/2025\/03\/2019_Erlus_LEVEL_RS_by_speziell_Draufsicht-1.jpg 1500w\" sizes=\"(max-width: 800px) 100vw, 800px\" \/>\t\t<\/div>\n\t\t\t\t<div class=\"elementor-portfolio-item__overlay\">\n\t\t\t\t<h3 class=\"elementor-portfolio-item__title\">\n\t\tLEVEL RS\t\t<\/h3>\n\t\t\t\t<\/div>\n\t\t\t\t<\/a>\n\t\t<\/article>\n\t\t\t\t<article class=\"elementor-portfolio-item elementor-post  post-673 page type-page status-publish has-post-thumbnail hentry\" role=\"listitem\">\n\t\t\t<a class=\"elementor-post__thumbnail__link\" href=\"https:\/\/www.speziell.net\/beta\/home\/e58rs\/\">\n\t\t\t\t<div class=\"elementor-portfolio-item__img elementor-post__thumbnail\">\n\t\t\t<img loading=\"lazy\" decoding=\"async\" width=\"800\" height=\"534\" src=\"https:\/\/www.speziell.net\/beta\/wp-content\/uploads\/2023\/02\/2018_Erlus_E58_RS_by_speziell_Ansicht-1024x683.jpg\" class=\"attachment-large size-large wp-image-948\" alt=\"Erlus: E 58 RS by Designstudio speziell\u00ae \u2013 Ansicht\" srcset=\"https:\/\/www.speziell.net\/beta\/wp-content\/uploads\/2023\/02\/2018_Erlus_E58_RS_by_speziell_Ansicht-1024x683.jpg 1024w, https:\/\/www.speziell.net\/beta\/wp-content\/uploads\/2023\/02\/2018_Erlus_E58_RS_by_speziell_Ansicht-300x200.jpg 300w, https:\/\/www.speziell.net\/beta\/wp-content\/uploads\/2023\/02\/2018_Erlus_E58_RS_by_speziell_Ansicht-768x512.jpg 768w, https:\/\/www.speziell.net\/beta\/wp-content\/uploads\/2023\/02\/2018_Erlus_E58_RS_by_speziell_Ansicht-18x12.jpg 18w, https:\/\/www.speziell.net\/beta\/wp-content\/uploads\/2023\/02\/2018_Erlus_E58_RS_by_speziell_Ansicht.jpg 1500w\" sizes=\"(max-width: 800px) 100vw, 800px\" \/>\t\t<\/div>\n\t\t\t\t<div class=\"elementor-portfolio-item__overlay\">\n\t\t\t\t<h3 class=\"elementor-portfolio-item__title\">\n\t\tE 58 RS\t\t<\/h3>\n\t\t\t\t<\/div>\n\t\t\t\t<\/a>\n\t\t<\/article>\n\t\t\t\t<article class=\"elementor-portfolio-item elementor-post  post-654 page type-page status-publish has-post-thumbnail hentry\" role=\"listitem\">\n\t\t\t<a class=\"elementor-post__thumbnail__link\" href=\"https:\/\/www.speziell.net\/beta\/home\/pillowbox\/\">\n\t\t\t\t<div class=\"elementor-portfolio-item__img elementor-post__thumbnail\">\n\t\t\t<img loading=\"lazy\" decoding=\"async\" width=\"800\" height=\"534\" src=\"https:\/\/www.speziell.net\/beta\/wp-content\/uploads\/2023\/03\/2017_Interluebke_PILLOWBOX_by_speziell_Produktfoto-1024x683.jpg\" class=\"attachment-large size-large wp-image-1101\" alt=\"Interluebke: Pillowboxby Designstudio speziell\u00ae \u2013 4 Gr\u00f6\u00dfen in zwei verschiedenen H\u00f6hen\" srcset=\"https:\/\/www.speziell.net\/beta\/wp-content\/uploads\/2023\/03\/2017_Interluebke_PILLOWBOX_by_speziell_Produktfoto-1024x683.jpg 1024w, https:\/\/www.speziell.net\/beta\/wp-content\/uploads\/2023\/03\/2017_Interluebke_PILLOWBOX_by_speziell_Produktfoto-300x200.jpg 300w, https:\/\/www.speziell.net\/beta\/wp-content\/uploads\/2023\/03\/2017_Interluebke_PILLOWBOX_by_speziell_Produktfoto-768x512.jpg 768w, https:\/\/www.speziell.net\/beta\/wp-content\/uploads\/2023\/03\/2017_Interluebke_PILLOWBOX_by_speziell_Produktfoto-18x12.jpg 18w, https:\/\/www.speziell.net\/beta\/wp-content\/uploads\/2023\/03\/2017_Interluebke_PILLOWBOX_by_speziell_Produktfoto.jpg 1500w\" sizes=\"(max-width: 800px) 100vw, 800px\" \/>\t\t<\/div>\n\t\t\t\t<div class=\"elementor-portfolio-item__overlay\">\n\t\t\t\t<h3 class=\"elementor-portfolio-item__title\">\n\t\tPILLOWBOX\t\t<\/h3>\n\t\t\t\t<\/div>\n\t\t\t\t<\/a>\n\t\t<\/article>\n\t\t\t\t<article class=\"elementor-portfolio-item elementor-post  post-607 page type-page status-publish has-post-thumbnail hentry\" role=\"listitem\">\n\t\t\t<a class=\"elementor-post__thumbnail__link\" href=\"https:\/\/www.speziell.net\/beta\/home\/angle\/\">\n\t\t\t\t<div class=\"elementor-portfolio-item__img elementor-post__thumbnail\">\n\t\t\t<img loading=\"lazy\" decoding=\"async\" width=\"683\" height=\"1024\" src=\"https:\/\/www.speziell.net\/beta\/wp-content\/uploads\/2023\/02\/2016_Schoenbuch_Angle_by_speziell_Location_Kleidung-683x1024.jpg\" class=\"attachment-large size-large wp-image-816\" alt=\"Sch\u00f6nbuch: Garderobe Angle by Designstudio speziell\u00ae \u2013 Boutique\" srcset=\"https:\/\/www.speziell.net\/beta\/wp-content\/uploads\/2023\/02\/2016_Schoenbuch_Angle_by_speziell_Location_Kleidung-683x1024.jpg 683w, https:\/\/www.speziell.net\/beta\/wp-content\/uploads\/2023\/02\/2016_Schoenbuch_Angle_by_speziell_Location_Kleidung-200x300.jpg 200w, https:\/\/www.speziell.net\/beta\/wp-content\/uploads\/2023\/02\/2016_Schoenbuch_Angle_by_speziell_Location_Kleidung-768x1152.jpg 768w, https:\/\/www.speziell.net\/beta\/wp-content\/uploads\/2023\/02\/2016_Schoenbuch_Angle_by_speziell_Location_Kleidung-8x12.jpg 8w, https:\/\/www.speziell.net\/beta\/wp-content\/uploads\/2023\/02\/2016_Schoenbuch_Angle_by_speziell_Location_Kleidung.jpg 1000w\" sizes=\"(max-width: 683px) 100vw, 683px\" \/>\t\t<\/div>\n\t\t\t\t<div class=\"elementor-portfolio-item__overlay\">\n\t\t\t\t<h3 class=\"elementor-portfolio-item__title\">\n\t\tANGLE\t\t<\/h3>\n\t\t\t\t<\/div>\n\t\t\t\t<\/a>\n\t\t<\/article>\n\t\t\t\t<article class=\"elementor-portfolio-item elementor-post  post-1165 page type-page status-publish has-post-thumbnail hentry\" role=\"listitem\">\n\t\t\t<a class=\"elementor-post__thumbnail__link\" href=\"https:\/\/www.speziell.net\/beta\/home\/headamp-family\/\">\n\t\t\t\t<div class=\"elementor-portfolio-item__img elementor-post__thumbnail\">\n\t\t\t<img loading=\"lazy\" decoding=\"async\" width=\"800\" height=\"800\" src=\"https:\/\/www.speziell.net\/beta\/wp-content\/uploads\/2023\/03\/2015_LarsIvan_TubeHeadAmp_THA21_by_speziell_Detail_1-1024x1024.jpg\" class=\"attachment-large size-large wp-image-1150\" alt=\"Lars &amp; Ivan: Kopfh\u00f6rerverst\u00e4rker THA 21 by Designstudio speziell\u00ae \u2013 Class A-Ger\u00e4t mit R\u00f6hrentechnik und Netzteil in externem Geh\u00e4use\" srcset=\"https:\/\/www.speziell.net\/beta\/wp-content\/uploads\/2023\/03\/2015_LarsIvan_TubeHeadAmp_THA21_by_speziell_Detail_1-1024x1024.jpg 1024w, https:\/\/www.speziell.net\/beta\/wp-content\/uploads\/2023\/03\/2015_LarsIvan_TubeHeadAmp_THA21_by_speziell_Detail_1-300x300.jpg 300w, https:\/\/www.speziell.net\/beta\/wp-content\/uploads\/2023\/03\/2015_LarsIvan_TubeHeadAmp_THA21_by_speziell_Detail_1-150x150.jpg 150w, https:\/\/www.speziell.net\/beta\/wp-content\/uploads\/2023\/03\/2015_LarsIvan_TubeHeadAmp_THA21_by_speziell_Detail_1-768x768.jpg 768w, https:\/\/www.speziell.net\/beta\/wp-content\/uploads\/2023\/03\/2015_LarsIvan_TubeHeadAmp_THA21_by_speziell_Detail_1-12x12.jpg 12w, https:\/\/www.speziell.net\/beta\/wp-content\/uploads\/2023\/03\/2015_LarsIvan_TubeHeadAmp_THA21_by_speziell_Detail_1.jpg 1500w\" sizes=\"(max-width: 800px) 100vw, 800px\" \/>\t\t<\/div>\n\t\t\t\t<div class=\"elementor-portfolio-item__overlay\">\n\t\t\t\t<h3 class=\"elementor-portfolio-item__title\">\n\t\tHEADAMP FAMILY\t\t<\/h3>\n\t\t\t\t<\/div>\n\t\t\t\t<\/a>\n\t\t<\/article>\n\t\t\t\t<article class=\"elementor-portfolio-item elementor-post  post-1155 page type-page status-publish has-post-thumbnail hentry\" role=\"listitem\">\n\t\t\t<a class=\"elementor-post__thumbnail__link\" href=\"https:\/\/www.speziell.net\/beta\/home\/rr-45\/\">\n\t\t\t\t<div class=\"elementor-portfolio-item__img elementor-post__thumbnail\">\n\t\t\t<img loading=\"lazy\" decoding=\"async\" width=\"683\" height=\"1024\" src=\"https:\/\/www.speziell.net\/beta\/wp-content\/uploads\/2023\/03\/2015_LarsIvan_ActiveSpeaker_RR45_by_speziell_LivingRoom-683x1024.jpg\" class=\"attachment-large size-large wp-image-1139\" alt=\"\" srcset=\"https:\/\/www.speziell.net\/beta\/wp-content\/uploads\/2023\/03\/2015_LarsIvan_ActiveSpeaker_RR45_by_speziell_LivingRoom-683x1024.jpg 683w, https:\/\/www.speziell.net\/beta\/wp-content\/uploads\/2023\/03\/2015_LarsIvan_ActiveSpeaker_RR45_by_speziell_LivingRoom-200x300.jpg 200w, https:\/\/www.speziell.net\/beta\/wp-content\/uploads\/2023\/03\/2015_LarsIvan_ActiveSpeaker_RR45_by_speziell_LivingRoom-768x1152.jpg 768w, https:\/\/www.speziell.net\/beta\/wp-content\/uploads\/2023\/03\/2015_LarsIvan_ActiveSpeaker_RR45_by_speziell_LivingRoom-8x12.jpg 8w, https:\/\/www.speziell.net\/beta\/wp-content\/uploads\/2023\/03\/2015_LarsIvan_ActiveSpeaker_RR45_by_speziell_LivingRoom.jpg 1000w\" sizes=\"(max-width: 683px) 100vw, 683px\" \/>\t\t<\/div>\n\t\t\t\t<div class=\"elementor-portfolio-item__overlay\">\n\t\t\t\t<h3 class=\"elementor-portfolio-item__title\">\n\t\tRR 45\t\t<\/h3>\n\t\t\t\t<\/div>\n\t\t\t\t<\/a>\n\t\t<\/article>\n\t\t\t\t<article class=\"elementor-portfolio-item elementor-post  post-687 page type-page status-publish has-post-thumbnail hentry\" role=\"listitem\">\n\t\t\t<a class=\"elementor-post__thumbnail__link\" href=\"https:\/\/www.speziell.net\/beta\/home\/parasol\/\">\n\t\t\t\t<div class=\"elementor-portfolio-item__img elementor-post__thumbnail\">\n\t\t\t<img loading=\"lazy\" decoding=\"async\" width=\"800\" height=\"534\" src=\"https:\/\/www.speziell.net\/beta\/wp-content\/uploads\/2023\/02\/2015_Pulpo_PARASOL_by_speziell_Zweig-1024x683.jpg\" class=\"attachment-large size-large wp-image-865\" alt=\"Pulpo: Parasol by Designstudio speziell\u00ae \u2013 Unterschiedliche Porzellanmassen im Vergleich\" srcset=\"https:\/\/www.speziell.net\/beta\/wp-content\/uploads\/2023\/02\/2015_Pulpo_PARASOL_by_speziell_Zweig-1024x683.jpg 1024w, https:\/\/www.speziell.net\/beta\/wp-content\/uploads\/2023\/02\/2015_Pulpo_PARASOL_by_speziell_Zweig-300x200.jpg 300w, https:\/\/www.speziell.net\/beta\/wp-content\/uploads\/2023\/02\/2015_Pulpo_PARASOL_by_speziell_Zweig-768x512.jpg 768w, https:\/\/www.speziell.net\/beta\/wp-content\/uploads\/2023\/02\/2015_Pulpo_PARASOL_by_speziell_Zweig-18x12.jpg 18w, https:\/\/www.speziell.net\/beta\/wp-content\/uploads\/2023\/02\/2015_Pulpo_PARASOL_by_speziell_Zweig.jpg 1500w\" sizes=\"(max-width: 800px) 100vw, 800px\" \/>\t\t<\/div>\n\t\t\t\t<div class=\"elementor-portfolio-item__overlay\">\n\t\t\t\t<h3 class=\"elementor-portfolio-item__title\">\n\t\tPARASOL\t\t<\/h3>\n\t\t\t\t<\/div>\n\t\t\t\t<\/a>\n\t\t<\/article>\n\t\t\t\t<article class=\"elementor-portfolio-item elementor-post  post-3285 page type-page status-publish has-post-thumbnail hentry\" role=\"listitem\">\n\t\t\t<a class=\"elementor-post__thumbnail__link\" href=\"https:\/\/www.speziell.net\/beta\/home\/sprossentuer-sc-se\/\">\n\t\t\t\t<div class=\"elementor-portfolio-item__img elementor-post__thumbnail\">\n\t\t\t<img loading=\"lazy\" decoding=\"async\" width=\"800\" height=\"534\" src=\"https:\/\/www.speziell.net\/beta\/wp-content\/uploads\/2023\/05\/2014_SieMatic_SPROSSENTUeR_by_speziell_Kuechenblock-dunkel-1b-1024x683.jpg\" class=\"attachment-large size-large wp-image-3286\" alt=\"Die Sprossent\u00fcr kann den K\u00fcchenblock akzentuieren und so eine visuelle Verkn\u00fcpfung zum Wohnraum herstellen.\" srcset=\"https:\/\/www.speziell.net\/beta\/wp-content\/uploads\/2023\/05\/2014_SieMatic_SPROSSENTUeR_by_speziell_Kuechenblock-dunkel-1b-1024x683.jpg 1024w, https:\/\/www.speziell.net\/beta\/wp-content\/uploads\/2023\/05\/2014_SieMatic_SPROSSENTUeR_by_speziell_Kuechenblock-dunkel-1b-300x200.jpg 300w, https:\/\/www.speziell.net\/beta\/wp-content\/uploads\/2023\/05\/2014_SieMatic_SPROSSENTUeR_by_speziell_Kuechenblock-dunkel-1b-768x512.jpg 768w, https:\/\/www.speziell.net\/beta\/wp-content\/uploads\/2023\/05\/2014_SieMatic_SPROSSENTUeR_by_speziell_Kuechenblock-dunkel-1b-18x12.jpg 18w, https:\/\/www.speziell.net\/beta\/wp-content\/uploads\/2023\/05\/2014_SieMatic_SPROSSENTUeR_by_speziell_Kuechenblock-dunkel-1b.jpg 1500w\" sizes=\"(max-width: 800px) 100vw, 800px\" \/>\t\t<\/div>\n\t\t\t\t<div class=\"elementor-portfolio-item__overlay\">\n\t\t\t\t<h3 class=\"elementor-portfolio-item__title\">\n\t\tSPROSSENT\u00dcR SC\/SE\t\t<\/h3>\n\t\t\t\t<\/div>\n\t\t\t\t<\/a>\n\t\t<\/article>\n\t\t\t\t<article class=\"elementor-portfolio-item elementor-post  post-2320 page type-page status-publish has-post-thumbnail hentry\" role=\"listitem\">\n\t\t\t<a class=\"elementor-post__thumbnail__link\" href=\"https:\/\/www.speziell.net\/beta\/home\/touch\/\">\n\t\t\t\t<div class=\"elementor-portfolio-item__img elementor-post__thumbnail\">\n\t\t\t<img loading=\"lazy\" decoding=\"async\" width=\"800\" height=\"534\" src=\"https:\/\/www.speziell.net\/beta\/wp-content\/uploads\/2023\/03\/2004_Kahla_TOUCH_by_speziell_UpDate_Becher-und-Schale-pink-orange-1024x683.jpg\" class=\"attachment-large size-large wp-image-2313\" alt=\"Oberfl\u00e4chenbeschichtung TOUCH! by Designstudio speziell\u00ae \u2013 Schalen und Becher mit samtweicher und W\u00e4rme isolierender Beschichtung\" srcset=\"https:\/\/www.speziell.net\/beta\/wp-content\/uploads\/2023\/03\/2004_Kahla_TOUCH_by_speziell_UpDate_Becher-und-Schale-pink-orange-1024x683.jpg 1024w, https:\/\/www.speziell.net\/beta\/wp-content\/uploads\/2023\/03\/2004_Kahla_TOUCH_by_speziell_UpDate_Becher-und-Schale-pink-orange-300x200.jpg 300w, https:\/\/www.speziell.net\/beta\/wp-content\/uploads\/2023\/03\/2004_Kahla_TOUCH_by_speziell_UpDate_Becher-und-Schale-pink-orange-768x512.jpg 768w, https:\/\/www.speziell.net\/beta\/wp-content\/uploads\/2023\/03\/2004_Kahla_TOUCH_by_speziell_UpDate_Becher-und-Schale-pink-orange-18x12.jpg 18w, https:\/\/www.speziell.net\/beta\/wp-content\/uploads\/2023\/03\/2004_Kahla_TOUCH_by_speziell_UpDate_Becher-und-Schale-pink-orange.jpg 1500w\" sizes=\"(max-width: 800px) 100vw, 800px\" \/>\t\t<\/div>\n\t\t\t\t<div class=\"elementor-portfolio-item__overlay\">\n\t\t\t\t<h3 class=\"elementor-portfolio-item__title\">\n\t\tTOUCH!\t\t<\/h3>\n\t\t\t\t<\/div>\n\t\t\t\t<\/a>\n\t\t<\/article>\n\t\t\t\t<article class=\"elementor-portfolio-item elementor-post  post-2180 page type-page status-publish has-post-thumbnail hentry\" role=\"listitem\">\n\t\t\t<a class=\"elementor-post__thumbnail__link\" href=\"https:\/\/www.speziell.net\/beta\/home\/tommy\/\">\n\t\t\t\t<div class=\"elementor-portfolio-item__img elementor-post__thumbnail\">\n\t\t\t<img loading=\"lazy\" decoding=\"async\" width=\"800\" height=\"800\" src=\"https:\/\/www.speziell.net\/beta\/wp-content\/uploads\/2023\/03\/2014_Studio-Domo_TOMMY_by_speziell_Black-1024x1024.jpg\" class=\"attachment-large size-large wp-image-2185\" alt=\"Studio Domo: Leuchte Tommy by Designstudio speziell\u00ae \u2013 In schwarzer Ausf\u00fchrung wirkt die Gestalt wie Typografie\" srcset=\"https:\/\/www.speziell.net\/beta\/wp-content\/uploads\/2023\/03\/2014_Studio-Domo_TOMMY_by_speziell_Black-1024x1024.jpg 1024w, https:\/\/www.speziell.net\/beta\/wp-content\/uploads\/2023\/03\/2014_Studio-Domo_TOMMY_by_speziell_Black-300x300.jpg 300w, https:\/\/www.speziell.net\/beta\/wp-content\/uploads\/2023\/03\/2014_Studio-Domo_TOMMY_by_speziell_Black-150x150.jpg 150w, https:\/\/www.speziell.net\/beta\/wp-content\/uploads\/2023\/03\/2014_Studio-Domo_TOMMY_by_speziell_Black-768x768.jpg 768w, https:\/\/www.speziell.net\/beta\/wp-content\/uploads\/2023\/03\/2014_Studio-Domo_TOMMY_by_speziell_Black-12x12.jpg 12w, https:\/\/www.speziell.net\/beta\/wp-content\/uploads\/2023\/03\/2014_Studio-Domo_TOMMY_by_speziell_Black.jpg 1500w\" sizes=\"(max-width: 800px) 100vw, 800px\" \/>\t\t<\/div>\n\t\t\t\t<div class=\"elementor-portfolio-item__overlay\">\n\t\t\t\t<h3 class=\"elementor-portfolio-item__title\">\n\t\tTOMMY\t\t<\/h3>\n\t\t\t\t<\/div>\n\t\t\t\t<\/a>\n\t\t<\/article>\n\t\t\t\t<article class=\"elementor-portfolio-item elementor-post  post-2042 page type-page status-publish has-post-thumbnail hentry\" role=\"listitem\">\n\t\t\t<a class=\"elementor-post__thumbnail__link\" href=\"https:\/\/www.speziell.net\/beta\/home\/griff-sc-se\/\">\n\t\t\t\t<div class=\"elementor-portfolio-item__img elementor-post__thumbnail\">\n\t\t\t<img loading=\"lazy\" decoding=\"async\" width=\"800\" height=\"534\" src=\"https:\/\/www.speziell.net\/beta\/wp-content\/uploads\/2023\/03\/2014_SieMatic_GRIFF_by_speziell_bueniert-1024x683.jpg\" class=\"attachment-large size-large wp-image-2048\" alt=\"SieMatic: Griffe SC \/ SE by Designstudio speziell\u00ae \u2013 Kombiniert mit der feinen Rahmenfront werden die Griffe zu einem funktionalen Dekor\" srcset=\"https:\/\/www.speziell.net\/beta\/wp-content\/uploads\/2023\/03\/2014_SieMatic_GRIFF_by_speziell_bueniert-1024x683.jpg 1024w, https:\/\/www.speziell.net\/beta\/wp-content\/uploads\/2023\/03\/2014_SieMatic_GRIFF_by_speziell_bueniert-300x200.jpg 300w, https:\/\/www.speziell.net\/beta\/wp-content\/uploads\/2023\/03\/2014_SieMatic_GRIFF_by_speziell_bueniert-768x513.jpg 768w, https:\/\/www.speziell.net\/beta\/wp-content\/uploads\/2023\/03\/2014_SieMatic_GRIFF_by_speziell_bueniert-18x12.jpg 18w, https:\/\/www.speziell.net\/beta\/wp-content\/uploads\/2023\/03\/2014_SieMatic_GRIFF_by_speziell_bueniert.jpg 1500w\" sizes=\"(max-width: 800px) 100vw, 800px\" \/>\t\t<\/div>\n\t\t\t\t<div class=\"elementor-portfolio-item__overlay\">\n\t\t\t\t<h3 class=\"elementor-portfolio-item__title\">\n\t\tGRIFF SC \/ SE\t\t<\/h3>\n\t\t\t\t<\/div>\n\t\t\t\t<\/a>\n\t\t<\/article>\n\t\t\t\t<article class=\"elementor-portfolio-item elementor-post  post-1983 page type-page status-publish has-post-thumbnail hentry\" role=\"listitem\">\n\t\t\t<a class=\"elementor-post__thumbnail__link\" href=\"https:\/\/www.speziell.net\/beta\/home\/multimatic\/\">\n\t\t\t\t<div class=\"elementor-portfolio-item__img elementor-post__thumbnail\">\n\t\t\t<img loading=\"lazy\" decoding=\"async\" width=\"683\" height=\"1024\" src=\"https:\/\/www.speziell.net\/beta\/wp-content\/uploads\/2023\/03\/2014_SieMatic_MULTIMATIC_by_speziell_Tuer-mit-Kochloeffeln-683x1024.jpg\" class=\"attachment-large size-large wp-image-1977\" alt=\"SieMatic: MultiMatic by Designstudio speziell\u00ae \u2013 Rahmen in unterschiedlicher Tiefe u. a. mit Inlay f\u00fcr Kochl\u00f6ffel\" srcset=\"https:\/\/www.speziell.net\/beta\/wp-content\/uploads\/2023\/03\/2014_SieMatic_MULTIMATIC_by_speziell_Tuer-mit-Kochloeffeln-683x1024.jpg 683w, https:\/\/www.speziell.net\/beta\/wp-content\/uploads\/2023\/03\/2014_SieMatic_MULTIMATIC_by_speziell_Tuer-mit-Kochloeffeln-200x300.jpg 200w, https:\/\/www.speziell.net\/beta\/wp-content\/uploads\/2023\/03\/2014_SieMatic_MULTIMATIC_by_speziell_Tuer-mit-Kochloeffeln-768x1152.jpg 768w, https:\/\/www.speziell.net\/beta\/wp-content\/uploads\/2023\/03\/2014_SieMatic_MULTIMATIC_by_speziell_Tuer-mit-Kochloeffeln-8x12.jpg 8w, https:\/\/www.speziell.net\/beta\/wp-content\/uploads\/2023\/03\/2014_SieMatic_MULTIMATIC_by_speziell_Tuer-mit-Kochloeffeln.jpg 1000w\" sizes=\"(max-width: 683px) 100vw, 683px\" \/>\t\t<\/div>\n\t\t\t\t<div class=\"elementor-portfolio-item__overlay\">\n\t\t\t\t<h3 class=\"elementor-portfolio-item__title\">\n\t\tMULTIMATIC\t\t<\/h3>\n\t\t\t\t<\/div>\n\t\t\t\t<\/a>\n\t\t<\/article>\n\t\t\t\t<article class=\"elementor-portfolio-item elementor-post  post-999 page type-page status-publish has-post-thumbnail hentry\" role=\"listitem\">\n\t\t\t<a class=\"elementor-post__thumbnail__link\" href=\"https:\/\/www.speziell.net\/beta\/home\/schlaufenstuhl\/\">\n\t\t\t\t<div class=\"elementor-portfolio-item__img elementor-post__thumbnail\">\n\t\t\t<img loading=\"lazy\" decoding=\"async\" width=\"800\" height=\"800\" src=\"https:\/\/www.speziell.net\/beta\/wp-content\/uploads\/2023\/03\/2014_Girsberger_SCHLAUFENSTUHL_by_speziell_Steinplatten-1024x1024.jpg\" class=\"attachment-large size-large wp-image-1007\" alt=\"Girsberger: Schlaufenstuhl by Designstudio speziell\u00ae \u2013 mit anthrazitfarbenem Gestell\" srcset=\"https:\/\/www.speziell.net\/beta\/wp-content\/uploads\/2023\/03\/2014_Girsberger_SCHLAUFENSTUHL_by_speziell_Steinplatten-1024x1024.jpg 1024w, https:\/\/www.speziell.net\/beta\/wp-content\/uploads\/2023\/03\/2014_Girsberger_SCHLAUFENSTUHL_by_speziell_Steinplatten-300x300.jpg 300w, https:\/\/www.speziell.net\/beta\/wp-content\/uploads\/2023\/03\/2014_Girsberger_SCHLAUFENSTUHL_by_speziell_Steinplatten-150x150.jpg 150w, https:\/\/www.speziell.net\/beta\/wp-content\/uploads\/2023\/03\/2014_Girsberger_SCHLAUFENSTUHL_by_speziell_Steinplatten-768x768.jpg 768w, https:\/\/www.speziell.net\/beta\/wp-content\/uploads\/2023\/03\/2014_Girsberger_SCHLAUFENSTUHL_by_speziell_Steinplatten-12x12.jpg 12w, https:\/\/www.speziell.net\/beta\/wp-content\/uploads\/2023\/03\/2014_Girsberger_SCHLAUFENSTUHL_by_speziell_Steinplatten.jpg 1500w\" sizes=\"(max-width: 800px) 100vw, 800px\" \/>\t\t<\/div>\n\t\t\t\t<div class=\"elementor-portfolio-item__overlay\">\n\t\t\t\t<h3 class=\"elementor-portfolio-item__title\">\n\t\tSCHLAUFENSTUHL\t\t<\/h3>\n\t\t\t\t<\/div>\n\t\t\t\t<\/a>\n\t\t<\/article>\n\t\t\t\t<article class=\"elementor-portfolio-item elementor-post  post-3265 page type-page status-publish has-post-thumbnail hentry\" role=\"listitem\">\n\t\t\t<a class=\"elementor-post__thumbnail__link\" href=\"https:\/\/www.speziell.net\/beta\/home\/reform-sl\/\">\n\t\t\t\t<div class=\"elementor-portfolio-item__img elementor-post__thumbnail\">\n\t\t\t<img loading=\"lazy\" decoding=\"async\" width=\"800\" height=\"800\" src=\"https:\/\/www.speziell.net\/beta\/wp-content\/uploads\/2023\/05\/2019_Erlus_REFORM_SL_by_speziell_Draufsicht-anthrazit-1024x1024.jpg\" class=\"attachment-large size-large wp-image-3270\" alt=\"Dachziegel Reform SL in der Draufsicht in Anthrazit\" srcset=\"https:\/\/www.speziell.net\/beta\/wp-content\/uploads\/2023\/05\/2019_Erlus_REFORM_SL_by_speziell_Draufsicht-anthrazit-1024x1024.jpg 1024w, https:\/\/www.speziell.net\/beta\/wp-content\/uploads\/2023\/05\/2019_Erlus_REFORM_SL_by_speziell_Draufsicht-anthrazit-300x300.jpg 300w, https:\/\/www.speziell.net\/beta\/wp-content\/uploads\/2023\/05\/2019_Erlus_REFORM_SL_by_speziell_Draufsicht-anthrazit-150x150.jpg 150w, https:\/\/www.speziell.net\/beta\/wp-content\/uploads\/2023\/05\/2019_Erlus_REFORM_SL_by_speziell_Draufsicht-anthrazit-768x768.jpg 768w, https:\/\/www.speziell.net\/beta\/wp-content\/uploads\/2023\/05\/2019_Erlus_REFORM_SL_by_speziell_Draufsicht-anthrazit-12x12.jpg 12w, https:\/\/www.speziell.net\/beta\/wp-content\/uploads\/2023\/05\/2019_Erlus_REFORM_SL_by_speziell_Draufsicht-anthrazit.jpg 1500w\" sizes=\"(max-width: 800px) 100vw, 800px\" \/>\t\t<\/div>\n\t\t\t\t<div class=\"elementor-portfolio-item__overlay\">\n\t\t\t\t<h3 class=\"elementor-portfolio-item__title\">\n\t\tREFORM SL\t\t<\/h3>\n\t\t\t\t<\/div>\n\t\t\t\t<\/a>\n\t\t<\/article>\n\t\t\t\t<article class=\"elementor-portfolio-item elementor-post  post-2011 page type-page status-publish has-post-thumbnail hentry\" role=\"listitem\">\n\t\t\t<a class=\"elementor-post__thumbnail__link\" href=\"https:\/\/www.speziell.net\/beta\/home\/sf-13\/\">\n\t\t\t\t<div class=\"elementor-portfolio-item__img elementor-post__thumbnail\">\n\t\t\t<img loading=\"lazy\" decoding=\"async\" width=\"800\" height=\"534\" src=\"https:\/\/www.speziell.net\/beta\/wp-content\/uploads\/2023\/03\/2012_SieMatic_SF13_by_speziell_Auszug-dunkel-1024x683.jpg\" class=\"attachment-large size-large wp-image-2016\" alt=\"SieMatic: Aluminium Innenausstattungssystem SF 13 by Designstudio speziell\u00ae \u2013 Die grafisch wirkenden Elemente geben dem Inhalt ein ordnendes Raster, die Ausf\u00fchrung in Raucheiche wirkt elegant\" srcset=\"https:\/\/www.speziell.net\/beta\/wp-content\/uploads\/2023\/03\/2012_SieMatic_SF13_by_speziell_Auszug-dunkel-1024x683.jpg 1024w, https:\/\/www.speziell.net\/beta\/wp-content\/uploads\/2023\/03\/2012_SieMatic_SF13_by_speziell_Auszug-dunkel-300x200.jpg 300w, https:\/\/www.speziell.net\/beta\/wp-content\/uploads\/2023\/03\/2012_SieMatic_SF13_by_speziell_Auszug-dunkel-768x512.jpg 768w, https:\/\/www.speziell.net\/beta\/wp-content\/uploads\/2023\/03\/2012_SieMatic_SF13_by_speziell_Auszug-dunkel-18x12.jpg 18w, https:\/\/www.speziell.net\/beta\/wp-content\/uploads\/2023\/03\/2012_SieMatic_SF13_by_speziell_Auszug-dunkel.jpg 1500w\" sizes=\"(max-width: 800px) 100vw, 800px\" \/>\t\t<\/div>\n\t\t\t\t<div class=\"elementor-portfolio-item__overlay\">\n\t\t\t\t<h3 class=\"elementor-portfolio-item__title\">\n\t\tSF 13\t\t<\/h3>\n\t\t\t\t<\/div>\n\t\t\t\t<\/a>\n\t\t<\/article>\n\t\t\t\t<article class=\"elementor-portfolio-item elementor-post  post-1878 page type-page status-publish has-post-thumbnail hentry\" role=\"listitem\">\n\t\t\t<a class=\"elementor-post__thumbnail__link\" href=\"https:\/\/www.speziell.net\/beta\/home\/brainstorm\/\">\n\t\t\t\t<div class=\"elementor-portfolio-item__img elementor-post__thumbnail\">\n\t\t\t<img loading=\"lazy\" decoding=\"async\" width=\"773\" height=\"1024\" src=\"https:\/\/www.speziell.net\/beta\/wp-content\/uploads\/2023\/03\/2012_Sedus_BRAINSTORM_by_speziell_Desk-seitlich_1-773x1024.jpg\" class=\"attachment-large size-large wp-image-1880\" alt=\"Sedus: Brainstorm by Designstudio speziell\u00ae \u2013 Ein-Personen-Tischs mit optionaler H\u00f6henverstellung\" srcset=\"https:\/\/www.speziell.net\/beta\/wp-content\/uploads\/2023\/03\/2012_Sedus_BRAINSTORM_by_speziell_Desk-seitlich_1-773x1024.jpg 773w, https:\/\/www.speziell.net\/beta\/wp-content\/uploads\/2023\/03\/2012_Sedus_BRAINSTORM_by_speziell_Desk-seitlich_1-226x300.jpg 226w, https:\/\/www.speziell.net\/beta\/wp-content\/uploads\/2023\/03\/2012_Sedus_BRAINSTORM_by_speziell_Desk-seitlich_1-768x1018.jpg 768w, https:\/\/www.speziell.net\/beta\/wp-content\/uploads\/2023\/03\/2012_Sedus_BRAINSTORM_by_speziell_Desk-seitlich_1-9x12.jpg 9w, https:\/\/www.speziell.net\/beta\/wp-content\/uploads\/2023\/03\/2012_Sedus_BRAINSTORM_by_speziell_Desk-seitlich_1.jpg 1132w\" sizes=\"(max-width: 773px) 100vw, 773px\" \/>\t\t<\/div>\n\t\t\t\t<div class=\"elementor-portfolio-item__overlay\">\n\t\t\t\t<h3 class=\"elementor-portfolio-item__title\">\n\t\tBRAINSTORM\t\t<\/h3>\n\t\t\t\t<\/div>\n\t\t\t\t<\/a>\n\t\t<\/article>\n\t\t\t\t<article class=\"elementor-portfolio-item elementor-post  post-3244 page type-page status-publish has-post-thumbnail hentry\" role=\"listitem\">\n\t\t\t<a class=\"elementor-post__thumbnail__link\" href=\"https:\/\/www.speziell.net\/beta\/home\/plain\/\">\n\t\t\t\t<div class=\"elementor-portfolio-item__img elementor-post__thumbnail\">\n\t\t\t<img loading=\"lazy\" decoding=\"async\" width=\"800\" height=\"587\" src=\"https:\/\/www.speziell.net\/beta\/wp-content\/uploads\/2023\/05\/2012_Studio-Domo_PLAIN_by_speziell_Detail-1024x751.jpg\" class=\"attachment-large size-large wp-image-3248\" alt=\"Couchtisch PLAIN f\u00fcr Studio Domo dekoriert mit einen Blumenvase\" srcset=\"https:\/\/www.speziell.net\/beta\/wp-content\/uploads\/2023\/05\/2012_Studio-Domo_PLAIN_by_speziell_Detail-1024x751.jpg 1024w, https:\/\/www.speziell.net\/beta\/wp-content\/uploads\/2023\/05\/2012_Studio-Domo_PLAIN_by_speziell_Detail-300x220.jpg 300w, https:\/\/www.speziell.net\/beta\/wp-content\/uploads\/2023\/05\/2012_Studio-Domo_PLAIN_by_speziell_Detail-768x563.jpg 768w, https:\/\/www.speziell.net\/beta\/wp-content\/uploads\/2023\/05\/2012_Studio-Domo_PLAIN_by_speziell_Detail-16x12.jpg 16w, https:\/\/www.speziell.net\/beta\/wp-content\/uploads\/2023\/05\/2012_Studio-Domo_PLAIN_by_speziell_Detail.jpg 1500w\" sizes=\"(max-width: 800px) 100vw, 800px\" \/>\t\t<\/div>\n\t\t\t\t<div class=\"elementor-portfolio-item__overlay\">\n\t\t\t\t<h3 class=\"elementor-portfolio-item__title\">\n\t\tPLAIN\t\t<\/h3>\n\t\t\t\t<\/div>\n\t\t\t\t<\/a>\n\t\t<\/article>\n\t\t\t\t<article class=\"elementor-portfolio-item elementor-post  post-3308 page type-page status-publish has-post-thumbnail hentry\" role=\"listitem\">\n\t\t\t<a class=\"elementor-post__thumbnail__link\" href=\"https:\/\/www.speziell.net\/beta\/home\/peeze\/\">\n\t\t\t\t<div class=\"elementor-portfolio-item__img elementor-post__thumbnail\">\n\t\t\t<img loading=\"lazy\" decoding=\"async\" width=\"751\" height=\"1024\" src=\"https:\/\/www.speziell.net\/beta\/wp-content\/uploads\/2023\/05\/2011_Peeze_CORPORATE-CUPS_by_speziell_Tasse-einzeln-751x1024.jpg\" class=\"attachment-large size-large wp-image-3309\" alt=\"Peeze Barista-Tasse unter dem Siebtr\u00e4ger\" srcset=\"https:\/\/www.speziell.net\/beta\/wp-content\/uploads\/2023\/05\/2011_Peeze_CORPORATE-CUPS_by_speziell_Tasse-einzeln-751x1024.jpg 751w, https:\/\/www.speziell.net\/beta\/wp-content\/uploads\/2023\/05\/2011_Peeze_CORPORATE-CUPS_by_speziell_Tasse-einzeln-220x300.jpg 220w, https:\/\/www.speziell.net\/beta\/wp-content\/uploads\/2023\/05\/2011_Peeze_CORPORATE-CUPS_by_speziell_Tasse-einzeln-768x1047.jpg 768w, https:\/\/www.speziell.net\/beta\/wp-content\/uploads\/2023\/05\/2011_Peeze_CORPORATE-CUPS_by_speziell_Tasse-einzeln-9x12.jpg 9w, https:\/\/www.speziell.net\/beta\/wp-content\/uploads\/2023\/05\/2011_Peeze_CORPORATE-CUPS_by_speziell_Tasse-einzeln.jpg 1100w\" sizes=\"(max-width: 751px) 100vw, 751px\" \/>\t\t<\/div>\n\t\t\t\t<div class=\"elementor-portfolio-item__overlay\">\n\t\t\t\t<h3 class=\"elementor-portfolio-item__title\">\n\t\tPEEZE\t\t<\/h3>\n\t\t\t\t<\/div>\n\t\t\t\t<\/a>\n\t\t<\/article>\n\t\t\t\t<article class=\"elementor-portfolio-item elementor-post  post-2114 page type-page status-publish has-post-thumbnail hentry\" role=\"listitem\">\n\t\t\t<a class=\"elementor-post__thumbnail__link\" href=\"https:\/\/www.speziell.net\/beta\/home\/dustin\/\">\n\t\t\t\t<div class=\"elementor-portfolio-item__img elementor-post__thumbnail\">\n\t\t\t<img loading=\"lazy\" decoding=\"async\" width=\"800\" height=\"534\" src=\"https:\/\/www.speziell.net\/beta\/wp-content\/uploads\/2023\/03\/2011_Studio-Domo_DUSTIN_by_speziell_3-1024x683.jpg\" class=\"attachment-large size-large wp-image-2121\" alt=\"Studio Domo: M\u00fcllsammler Dustin by Designstudio speziell\u00ae \u2013 Ein Tragegriff auf der R\u00fcckseite fungiert gleichzeitig als Abstandshalter zur Wand\" srcset=\"https:\/\/www.speziell.net\/beta\/wp-content\/uploads\/2023\/03\/2011_Studio-Domo_DUSTIN_by_speziell_3-1024x683.jpg 1024w, https:\/\/www.speziell.net\/beta\/wp-content\/uploads\/2023\/03\/2011_Studio-Domo_DUSTIN_by_speziell_3-300x200.jpg 300w, https:\/\/www.speziell.net\/beta\/wp-content\/uploads\/2023\/03\/2011_Studio-Domo_DUSTIN_by_speziell_3-768x512.jpg 768w, https:\/\/www.speziell.net\/beta\/wp-content\/uploads\/2023\/03\/2011_Studio-Domo_DUSTIN_by_speziell_3-18x12.jpg 18w, https:\/\/www.speziell.net\/beta\/wp-content\/uploads\/2023\/03\/2011_Studio-Domo_DUSTIN_by_speziell_3.jpg 1500w\" sizes=\"(max-width: 800px) 100vw, 800px\" \/>\t\t<\/div>\n\t\t\t\t<div class=\"elementor-portfolio-item__overlay\">\n\t\t\t\t<h3 class=\"elementor-portfolio-item__title\">\n\t\tDUSTIN\t\t<\/h3>\n\t\t\t\t<\/div>\n\t\t\t\t<\/a>\n\t\t<\/article>\n\t\t\t\t<article class=\"elementor-portfolio-item elementor-post  post-2057 page type-page status-publish has-post-thumbnail hentry\" role=\"listitem\">\n\t\t\t<a class=\"elementor-post__thumbnail__link\" href=\"https:\/\/www.speziell.net\/beta\/home\/ally\/\">\n\t\t\t\t<div class=\"elementor-portfolio-item__img elementor-post__thumbnail\">\n\t\t\t<img loading=\"lazy\" decoding=\"async\" width=\"800\" height=\"800\" src=\"https:\/\/www.speziell.net\/beta\/wp-content\/uploads\/2023\/03\/20_Jahre_speziell_Studio-Domo-2-1024x1024.jpg\" class=\"attachment-large size-large wp-image-2505\" alt=\"Mutifunktionaler Trolley aus wenigen Grundmodulen, die unterschiedlich kombiniert Kleinm\u00f6bel f\u00fcr verschiedene Anwendungsbereiche erzeugen\" srcset=\"https:\/\/www.speziell.net\/beta\/wp-content\/uploads\/2023\/03\/20_Jahre_speziell_Studio-Domo-2-1024x1024.jpg 1024w, https:\/\/www.speziell.net\/beta\/wp-content\/uploads\/2023\/03\/20_Jahre_speziell_Studio-Domo-2-300x300.jpg 300w, https:\/\/www.speziell.net\/beta\/wp-content\/uploads\/2023\/03\/20_Jahre_speziell_Studio-Domo-2-150x150.jpg 150w, https:\/\/www.speziell.net\/beta\/wp-content\/uploads\/2023\/03\/20_Jahre_speziell_Studio-Domo-2-768x768.jpg 768w, https:\/\/www.speziell.net\/beta\/wp-content\/uploads\/2023\/03\/20_Jahre_speziell_Studio-Domo-2-1536x1536.jpg 1536w, https:\/\/www.speziell.net\/beta\/wp-content\/uploads\/2023\/03\/20_Jahre_speziell_Studio-Domo-2-12x12.jpg 12w, https:\/\/www.speziell.net\/beta\/wp-content\/uploads\/2023\/03\/20_Jahre_speziell_Studio-Domo-2.jpg 1686w\" sizes=\"(max-width: 800px) 100vw, 800px\" \/>\t\t<\/div>\n\t\t\t\t<div class=\"elementor-portfolio-item__overlay\">\n\t\t\t\t<h3 class=\"elementor-portfolio-item__title\">\n\t\tALLY\t\t<\/h3>\n\t\t\t\t<\/div>\n\t\t\t\t<\/a>\n\t\t<\/article>\n\t\t\t\t<article class=\"elementor-portfolio-item elementor-post  post-3254 page type-page status-publish has-post-thumbnail hentry\" role=\"listitem\">\n\t\t\t<a class=\"elementor-post__thumbnail__link\" href=\"https:\/\/www.speziell.net\/beta\/home\/griffdisplay\/\">\n\t\t\t\t<div class=\"elementor-portfolio-item__img elementor-post__thumbnail\">\n\t\t\t<img loading=\"lazy\" decoding=\"async\" width=\"800\" height=\"587\" src=\"https:\/\/www.speziell.net\/beta\/wp-content\/uploads\/2023\/05\/2011_SieMatic_GRIFF-DISPLAY_by_speziell_Detail-1024x751.jpg\" class=\"attachment-large size-large wp-image-3255\" alt=\"Die Griffe werden mit einem Verbindungspl\u00e4ttchen versehen und k\u00f6nnen damit in eine daf\u00fcr produzierte Halteleiste eingeh\u00e4ngt werden.\" srcset=\"https:\/\/www.speziell.net\/beta\/wp-content\/uploads\/2023\/05\/2011_SieMatic_GRIFF-DISPLAY_by_speziell_Detail-1024x751.jpg 1024w, https:\/\/www.speziell.net\/beta\/wp-content\/uploads\/2023\/05\/2011_SieMatic_GRIFF-DISPLAY_by_speziell_Detail-300x220.jpg 300w, https:\/\/www.speziell.net\/beta\/wp-content\/uploads\/2023\/05\/2011_SieMatic_GRIFF-DISPLAY_by_speziell_Detail-768x563.jpg 768w, https:\/\/www.speziell.net\/beta\/wp-content\/uploads\/2023\/05\/2011_SieMatic_GRIFF-DISPLAY_by_speziell_Detail-16x12.jpg 16w, https:\/\/www.speziell.net\/beta\/wp-content\/uploads\/2023\/05\/2011_SieMatic_GRIFF-DISPLAY_by_speziell_Detail.jpg 1500w\" sizes=\"(max-width: 800px) 100vw, 800px\" \/>\t\t<\/div>\n\t\t\t\t<div class=\"elementor-portfolio-item__overlay\">\n\t\t\t\t<h3 class=\"elementor-portfolio-item__title\">\n\t\tGRIFFDISPLAY\t\t<\/h3>\n\t\t\t\t<\/div>\n\t\t\t\t<\/a>\n\t\t<\/article>\n\t\t\t\t<article class=\"elementor-portfolio-item elementor-post  post-2365 page type-page status-publish has-post-thumbnail hentry\" role=\"listitem\">\n\t\t\t<a class=\"elementor-post__thumbnail__link\" href=\"https:\/\/www.speziell.net\/beta\/home\/sopha\/\">\n\t\t\t\t<div class=\"elementor-portfolio-item__img elementor-post__thumbnail\">\n\t\t\t<img loading=\"lazy\" decoding=\"async\" width=\"800\" height=\"534\" src=\"https:\/\/www.speziell.net\/beta\/wp-content\/uploads\/2023\/03\/2010_Sedus_SOPHA_by_speziell_red-Family_Freisteller-1-1024x683.jpg\" class=\"attachment-large size-large wp-image-2367\" alt=\"Sedus: Polsterm\u00f6belsystem SOPHA by Designstudio speziell\u00ae \u2013 Einzelmodule mit vielen M\u00f6glichkeiten\" srcset=\"https:\/\/www.speziell.net\/beta\/wp-content\/uploads\/2023\/03\/2010_Sedus_SOPHA_by_speziell_red-Family_Freisteller-1-1024x683.jpg 1024w, https:\/\/www.speziell.net\/beta\/wp-content\/uploads\/2023\/03\/2010_Sedus_SOPHA_by_speziell_red-Family_Freisteller-1-300x200.jpg 300w, https:\/\/www.speziell.net\/beta\/wp-content\/uploads\/2023\/03\/2010_Sedus_SOPHA_by_speziell_red-Family_Freisteller-1-768x512.jpg 768w, https:\/\/www.speziell.net\/beta\/wp-content\/uploads\/2023\/03\/2010_Sedus_SOPHA_by_speziell_red-Family_Freisteller-1-18x12.jpg 18w, https:\/\/www.speziell.net\/beta\/wp-content\/uploads\/2023\/03\/2010_Sedus_SOPHA_by_speziell_red-Family_Freisteller-1.jpg 1500w\" sizes=\"(max-width: 800px) 100vw, 800px\" \/>\t\t<\/div>\n\t\t\t\t<div class=\"elementor-portfolio-item__overlay\">\n\t\t\t\t<h3 class=\"elementor-portfolio-item__title\">\n\t\tSOPHA\t\t<\/h3>\n\t\t\t\t<\/div>\n\t\t\t\t<\/a>\n\t\t<\/article>\n\t\t\t\t<article class=\"elementor-portfolio-item elementor-post  post-2163 page type-page status-publish has-post-thumbnail hentry\" role=\"listitem\">\n\t\t\t<a class=\"elementor-post__thumbnail__link\" href=\"https:\/\/www.speziell.net\/beta\/home\/temptation-twin\/\">\n\t\t\t\t<div class=\"elementor-portfolio-item__img elementor-post__thumbnail\">\n\t\t\t<img loading=\"lazy\" decoding=\"async\" width=\"800\" height=\"568\" src=\"https:\/\/www.speziell.net\/beta\/wp-content\/uploads\/2023\/03\/2010_Sedus_TEMPTATION_Twin-Storage_Location-3-1024x727.jpg\" class=\"attachment-large size-large wp-image-2730\" alt=\"Temptation Storage bietet Kabelmanagement unabh\u00e4ngig von Bodentanks\" srcset=\"https:\/\/www.speziell.net\/beta\/wp-content\/uploads\/2023\/03\/2010_Sedus_TEMPTATION_Twin-Storage_Location-3-1024x727.jpg 1024w, https:\/\/www.speziell.net\/beta\/wp-content\/uploads\/2023\/03\/2010_Sedus_TEMPTATION_Twin-Storage_Location-3-300x213.jpg 300w, https:\/\/www.speziell.net\/beta\/wp-content\/uploads\/2023\/03\/2010_Sedus_TEMPTATION_Twin-Storage_Location-3-768x545.jpg 768w, https:\/\/www.speziell.net\/beta\/wp-content\/uploads\/2023\/03\/2010_Sedus_TEMPTATION_Twin-Storage_Location-3-18x12.jpg 18w, https:\/\/www.speziell.net\/beta\/wp-content\/uploads\/2023\/03\/2010_Sedus_TEMPTATION_Twin-Storage_Location-3.jpg 1500w\" sizes=\"(max-width: 800px) 100vw, 800px\" \/>\t\t<\/div>\n\t\t\t\t<div class=\"elementor-portfolio-item__overlay\">\n\t\t\t\t<h3 class=\"elementor-portfolio-item__title\">\n\t\tTEMPTATION TWIN\t\t<\/h3>\n\t\t\t\t<\/div>\n\t\t\t\t<\/a>\n\t\t<\/article>\n\t\t\t\t<article class=\"elementor-portfolio-item elementor-post  post-2134 page type-page status-publish has-post-thumbnail hentry\" role=\"listitem\">\n\t\t\t<a class=\"elementor-post__thumbnail__link\" href=\"https:\/\/www.speziell.net\/beta\/home\/viswall\/\">\n\t\t\t\t<div class=\"elementor-portfolio-item__img elementor-post__thumbnail\">\n\t\t\t<img loading=\"lazy\" decoding=\"async\" width=\"800\" height=\"613\" src=\"https:\/\/www.speziell.net\/beta\/wp-content\/uploads\/2023\/03\/2010_Sedus_VISWALL_by_speziell_Freisteller-offen-1-1024x784.jpg\" class=\"attachment-large size-large wp-image-2144\" alt=\"Sedus: Trennwand Viswall by Designstudio speziell\u00ae \u2013 Die Lamellen sind drehbar gelagert und k\u00f6nnen transparent oder geschlossen wirken\" srcset=\"https:\/\/www.speziell.net\/beta\/wp-content\/uploads\/2023\/03\/2010_Sedus_VISWALL_by_speziell_Freisteller-offen-1-1024x784.jpg 1024w, https:\/\/www.speziell.net\/beta\/wp-content\/uploads\/2023\/03\/2010_Sedus_VISWALL_by_speziell_Freisteller-offen-1-300x230.jpg 300w, https:\/\/www.speziell.net\/beta\/wp-content\/uploads\/2023\/03\/2010_Sedus_VISWALL_by_speziell_Freisteller-offen-1-768x588.jpg 768w, https:\/\/www.speziell.net\/beta\/wp-content\/uploads\/2023\/03\/2010_Sedus_VISWALL_by_speziell_Freisteller-offen-1-16x12.jpg 16w, https:\/\/www.speziell.net\/beta\/wp-content\/uploads\/2023\/03\/2010_Sedus_VISWALL_by_speziell_Freisteller-offen-1.jpg 1500w\" sizes=\"(max-width: 800px) 100vw, 800px\" \/>\t\t<\/div>\n\t\t\t\t<div class=\"elementor-portfolio-item__overlay\">\n\t\t\t\t<h3 class=\"elementor-portfolio-item__title\">\n\t\tVISWALL\t\t<\/h3>\n\t\t\t\t<\/div>\n\t\t\t\t<\/a>\n\t\t<\/article>\n\t\t\t\t<article class=\"elementor-portfolio-item elementor-post  post-3326 page type-page status-publish has-post-thumbnail hentry\" role=\"listitem\">\n\t\t\t<a class=\"elementor-post__thumbnail__link\" href=\"https:\/\/www.speziell.net\/beta\/home\/sf-10\/\">\n\t\t\t\t<div class=\"elementor-portfolio-item__img elementor-post__thumbnail\">\n\t\t\t<img loading=\"lazy\" decoding=\"async\" width=\"800\" height=\"534\" src=\"https:\/\/www.speziell.net\/beta\/wp-content\/uploads\/2023\/05\/2009_SieMatic_SF10_by_speziell_Dosen-1024x683.jpg\" class=\"attachment-large size-large wp-image-3332\" alt=\"Porzellandosen in verschiedenen Gr\u00f6\u00dfen\" srcset=\"https:\/\/www.speziell.net\/beta\/wp-content\/uploads\/2023\/05\/2009_SieMatic_SF10_by_speziell_Dosen-1024x683.jpg 1024w, https:\/\/www.speziell.net\/beta\/wp-content\/uploads\/2023\/05\/2009_SieMatic_SF10_by_speziell_Dosen-300x200.jpg 300w, https:\/\/www.speziell.net\/beta\/wp-content\/uploads\/2023\/05\/2009_SieMatic_SF10_by_speziell_Dosen-768x512.jpg 768w, https:\/\/www.speziell.net\/beta\/wp-content\/uploads\/2023\/05\/2009_SieMatic_SF10_by_speziell_Dosen-18x12.jpg 18w, https:\/\/www.speziell.net\/beta\/wp-content\/uploads\/2023\/05\/2009_SieMatic_SF10_by_speziell_Dosen.jpg 1500w\" sizes=\"(max-width: 800px) 100vw, 800px\" \/>\t\t<\/div>\n\t\t\t\t<div class=\"elementor-portfolio-item__overlay\">\n\t\t\t\t<h3 class=\"elementor-portfolio-item__title\">\n\t\tSF 10\t\t<\/h3>\n\t\t\t\t<\/div>\n\t\t\t\t<\/a>\n\t\t<\/article>\n\t\t\t\t<article class=\"elementor-portfolio-item elementor-post  post-2257 page type-page status-publish has-post-thumbnail hentry\" role=\"listitem\">\n\t\t\t<a class=\"elementor-post__thumbnail__link\" href=\"https:\/\/www.speziell.net\/beta\/home\/tao\/\">\n\t\t\t\t<div class=\"elementor-portfolio-item__img elementor-post__thumbnail\">\n\t\t\t<img loading=\"lazy\" decoding=\"async\" width=\"800\" height=\"800\" src=\"https:\/\/www.speziell.net\/beta\/wp-content\/uploads\/2023\/03\/2009_Kahal_TAO_by_speziell_Tellerstapel_RGB.jpg\" class=\"attachment-large size-large wp-image-2270\" alt=\"Kahla Porzellan: Hotelporzellanserie TAO by Designstudio speziell\u00ae \u2013 Tellerstapel\" srcset=\"https:\/\/www.speziell.net\/beta\/wp-content\/uploads\/2023\/03\/2009_Kahal_TAO_by_speziell_Tellerstapel_RGB.jpg 1000w, https:\/\/www.speziell.net\/beta\/wp-content\/uploads\/2023\/03\/2009_Kahal_TAO_by_speziell_Tellerstapel_RGB-300x300.jpg 300w, https:\/\/www.speziell.net\/beta\/wp-content\/uploads\/2023\/03\/2009_Kahal_TAO_by_speziell_Tellerstapel_RGB-150x150.jpg 150w, https:\/\/www.speziell.net\/beta\/wp-content\/uploads\/2023\/03\/2009_Kahal_TAO_by_speziell_Tellerstapel_RGB-768x768.jpg 768w, https:\/\/www.speziell.net\/beta\/wp-content\/uploads\/2023\/03\/2009_Kahal_TAO_by_speziell_Tellerstapel_RGB-12x12.jpg 12w\" sizes=\"(max-width: 800px) 100vw, 800px\" \/>\t\t<\/div>\n\t\t\t\t<div class=\"elementor-portfolio-item__overlay\">\n\t\t\t\t<h3 class=\"elementor-portfolio-item__title\">\n\t\tTAO\t\t<\/h3>\n\t\t\t\t<\/div>\n\t\t\t\t<\/a>\n\t\t<\/article>\n\t\t\t\t<article class=\"elementor-portfolio-item elementor-post  post-2203 page type-page status-publish has-post-thumbnail hentry\" role=\"listitem\">\n\t\t\t<a class=\"elementor-post__thumbnail__link\" href=\"https:\/\/www.speziell.net\/beta\/home\/porter\/\">\n\t\t\t\t<div class=\"elementor-portfolio-item__img elementor-post__thumbnail\">\n\t\t\t<img loading=\"lazy\" decoding=\"async\" width=\"800\" height=\"534\" src=\"https:\/\/www.speziell.net\/beta\/wp-content\/uploads\/2023\/03\/2008_Studio-Domo_PORTER-MAGGY_by_speziell_white-quer-1024x683.jpg\" class=\"attachment-large size-large wp-image-2206\" alt=\"Studio Domo: Tabletttisch Porter mit Zeitschriftenst\u00e4nder Maggie by Designstudio speziell\u00ae \u2013 Der Zeitschriftenhalter l\u00e4sst sich auf das Gestell aufclipsen, der Drahtb\u00fcgel dient als St\u00fctze und Griff\" srcset=\"https:\/\/www.speziell.net\/beta\/wp-content\/uploads\/2023\/03\/2008_Studio-Domo_PORTER-MAGGY_by_speziell_white-quer-1024x683.jpg 1024w, https:\/\/www.speziell.net\/beta\/wp-content\/uploads\/2023\/03\/2008_Studio-Domo_PORTER-MAGGY_by_speziell_white-quer-300x200.jpg 300w, https:\/\/www.speziell.net\/beta\/wp-content\/uploads\/2023\/03\/2008_Studio-Domo_PORTER-MAGGY_by_speziell_white-quer-768x512.jpg 768w, https:\/\/www.speziell.net\/beta\/wp-content\/uploads\/2023\/03\/2008_Studio-Domo_PORTER-MAGGY_by_speziell_white-quer-18x12.jpg 18w, https:\/\/www.speziell.net\/beta\/wp-content\/uploads\/2023\/03\/2008_Studio-Domo_PORTER-MAGGY_by_speziell_white-quer.jpg 1500w\" sizes=\"(max-width: 800px) 100vw, 800px\" \/>\t\t<\/div>\n\t\t\t\t<div class=\"elementor-portfolio-item__overlay\">\n\t\t\t\t<h3 class=\"elementor-portfolio-item__title\">\n\t\tPORTER\t\t<\/h3>\n\t\t\t\t<\/div>\n\t\t\t\t<\/a>\n\t\t<\/article>\n\t\t\t\t<article class=\"elementor-portfolio-item elementor-post  post-2224 page type-page status-publish has-post-thumbnail hentry\" role=\"listitem\">\n\t\t\t<a class=\"elementor-post__thumbnail__link\" href=\"https:\/\/www.speziell.net\/beta\/home\/privy\/\">\n\t\t\t\t<div class=\"elementor-portfolio-item__img elementor-post__thumbnail\">\n\t\t\t<img loading=\"lazy\" decoding=\"async\" width=\"683\" height=\"1024\" src=\"https:\/\/www.speziell.net\/beta\/wp-content\/uploads\/2023\/03\/2011_Studio-Domo_PRIVY_by_speziell_Set-Toibuerste-geoeffnet-683x1024.jpg\" class=\"attachment-large size-large wp-image-2232\" alt=\"Studio Domo: Badaccessoireserie Privy by Designstudio speziell\u00ae \u2013 Toilettenb\u00fcrste mit M\u00fclleimer\" srcset=\"https:\/\/www.speziell.net\/beta\/wp-content\/uploads\/2023\/03\/2011_Studio-Domo_PRIVY_by_speziell_Set-Toibuerste-geoeffnet-683x1024.jpg 683w, https:\/\/www.speziell.net\/beta\/wp-content\/uploads\/2023\/03\/2011_Studio-Domo_PRIVY_by_speziell_Set-Toibuerste-geoeffnet-200x300.jpg 200w, https:\/\/www.speziell.net\/beta\/wp-content\/uploads\/2023\/03\/2011_Studio-Domo_PRIVY_by_speziell_Set-Toibuerste-geoeffnet-768x1152.jpg 768w, https:\/\/www.speziell.net\/beta\/wp-content\/uploads\/2023\/03\/2011_Studio-Domo_PRIVY_by_speziell_Set-Toibuerste-geoeffnet-8x12.jpg 8w, https:\/\/www.speziell.net\/beta\/wp-content\/uploads\/2023\/03\/2011_Studio-Domo_PRIVY_by_speziell_Set-Toibuerste-geoeffnet.jpg 1000w\" sizes=\"(max-width: 683px) 100vw, 683px\" \/>\t\t<\/div>\n\t\t\t\t<div class=\"elementor-portfolio-item__overlay\">\n\t\t\t\t<h3 class=\"elementor-portfolio-item__title\">\n\t\tPRIVY\t\t<\/h3>\n\t\t\t\t<\/div>\n\t\t\t\t<\/a>\n\t\t<\/article>\n\t\t\t\t<article class=\"elementor-portfolio-item elementor-post  post-1960 page type-page status-publish has-post-thumbnail hentry\" role=\"listitem\">\n\t\t\t<a class=\"elementor-post__thumbnail__link\" href=\"https:\/\/www.speziell.net\/beta\/home\/opus\/\">\n\t\t\t\t<div class=\"elementor-portfolio-item__img elementor-post__thumbnail\">\n\t\t\t<img loading=\"lazy\" decoding=\"async\" width=\"800\" height=\"534\" src=\"https:\/\/www.speziell.net\/beta\/wp-content\/uploads\/2023\/03\/2007_Kahla_OPUS_by_speziell_2Teile_Detail-1024x683.jpg\" class=\"attachment-large size-large wp-image-1963\" alt=\"Kahla Porzellan: OPUS by Designstudio speziell\u00ae \u2013 Mini Platte und Dip-Schale\" srcset=\"https:\/\/www.speziell.net\/beta\/wp-content\/uploads\/2023\/03\/2007_Kahla_OPUS_by_speziell_2Teile_Detail-1024x683.jpg 1024w, https:\/\/www.speziell.net\/beta\/wp-content\/uploads\/2023\/03\/2007_Kahla_OPUS_by_speziell_2Teile_Detail-300x200.jpg 300w, https:\/\/www.speziell.net\/beta\/wp-content\/uploads\/2023\/03\/2007_Kahla_OPUS_by_speziell_2Teile_Detail-768x512.jpg 768w, https:\/\/www.speziell.net\/beta\/wp-content\/uploads\/2023\/03\/2007_Kahla_OPUS_by_speziell_2Teile_Detail-18x12.jpg 18w, https:\/\/www.speziell.net\/beta\/wp-content\/uploads\/2023\/03\/2007_Kahla_OPUS_by_speziell_2Teile_Detail.jpg 1500w\" sizes=\"(max-width: 800px) 100vw, 800px\" \/>\t\t<\/div>\n\t\t\t\t<div class=\"elementor-portfolio-item__overlay\">\n\t\t\t\t<h3 class=\"elementor-portfolio-item__title\">\n\t\tOPUS\t\t<\/h3>\n\t\t\t\t<\/div>\n\t\t\t\t<\/a>\n\t\t<\/article>\n\t\t\t\t<article class=\"elementor-portfolio-item elementor-post  post-1903 page type-page status-publish has-post-thumbnail hentry\" role=\"listitem\">\n\t\t\t<a class=\"elementor-post__thumbnail__link\" href=\"https:\/\/www.speziell.net\/beta\/home\/kollege\/\">\n\t\t\t\t<div class=\"elementor-portfolio-item__img elementor-post__thumbnail\">\n\t\t\t<img loading=\"lazy\" decoding=\"async\" width=\"800\" height=\"534\" src=\"https:\/\/www.speziell.net\/beta\/wp-content\/uploads\/2023\/03\/2007_anthologieQuartett_KOLLEGE_by_speziell_Funktion_Freisteller-1024x683.jpg\" class=\"attachment-large size-large wp-image-1906\" alt=\"anthologie Quartett: Kollege by Designstudio speziell\u00ae \u2013 Die Leuchte kann in 5 Stufen geneigt werden, der Leuchtenschirm bleibt dabei immer waagrecht ausgerichtet\" srcset=\"https:\/\/www.speziell.net\/beta\/wp-content\/uploads\/2023\/03\/2007_anthologieQuartett_KOLLEGE_by_speziell_Funktion_Freisteller-1024x683.jpg 1024w, https:\/\/www.speziell.net\/beta\/wp-content\/uploads\/2023\/03\/2007_anthologieQuartett_KOLLEGE_by_speziell_Funktion_Freisteller-300x200.jpg 300w, https:\/\/www.speziell.net\/beta\/wp-content\/uploads\/2023\/03\/2007_anthologieQuartett_KOLLEGE_by_speziell_Funktion_Freisteller-768x512.jpg 768w, https:\/\/www.speziell.net\/beta\/wp-content\/uploads\/2023\/03\/2007_anthologieQuartett_KOLLEGE_by_speziell_Funktion_Freisteller-18x12.jpg 18w, https:\/\/www.speziell.net\/beta\/wp-content\/uploads\/2023\/03\/2007_anthologieQuartett_KOLLEGE_by_speziell_Funktion_Freisteller.jpg 1500w\" sizes=\"(max-width: 800px) 100vw, 800px\" \/>\t\t<\/div>\n\t\t\t\t<div class=\"elementor-portfolio-item__overlay\">\n\t\t\t\t<h3 class=\"elementor-portfolio-item__title\">\n\t\tKOLLEGE\t\t<\/h3>\n\t\t\t\t<\/div>\n\t\t\t\t<\/a>\n\t\t<\/article>\n\t\t\t\t<article class=\"elementor-portfolio-item elementor-post  post-1999 page type-page status-publish has-post-thumbnail hentry\" role=\"listitem\">\n\t\t\t<a class=\"elementor-post__thumbnail__link\" href=\"https:\/\/www.speziell.net\/beta\/home\/meli\/\">\n\t\t\t\t<div class=\"elementor-portfolio-item__img elementor-post__thumbnail\">\n\t\t\t<img loading=\"lazy\" decoding=\"async\" width=\"800\" height=\"603\" src=\"https:\/\/www.speziell.net\/beta\/wp-content\/uploads\/2023\/03\/2006_Steng_Meli_by_speziell_5er-1024x772.jpg\" class=\"attachment-large size-large wp-image-1994\" alt=\"Steng Licht: MELI by Designstudio speziell\u00ae \u2013 Durch das d\u00fcnne Hartporzellan scheint das Halogenlicht hindurch\" srcset=\"https:\/\/www.speziell.net\/beta\/wp-content\/uploads\/2023\/03\/2006_Steng_Meli_by_speziell_5er-1024x772.jpg 1024w, https:\/\/www.speziell.net\/beta\/wp-content\/uploads\/2023\/03\/2006_Steng_Meli_by_speziell_5er-300x226.jpg 300w, https:\/\/www.speziell.net\/beta\/wp-content\/uploads\/2023\/03\/2006_Steng_Meli_by_speziell_5er-768x579.jpg 768w, https:\/\/www.speziell.net\/beta\/wp-content\/uploads\/2023\/03\/2006_Steng_Meli_by_speziell_5er-16x12.jpg 16w, https:\/\/www.speziell.net\/beta\/wp-content\/uploads\/2023\/03\/2006_Steng_Meli_by_speziell_5er.jpg 1500w\" sizes=\"(max-width: 800px) 100vw, 800px\" \/>\t\t<\/div>\n\t\t\t\t<div class=\"elementor-portfolio-item__overlay\">\n\t\t\t\t<h3 class=\"elementor-portfolio-item__title\">\n\t\tMELI\t\t<\/h3>\n\t\t\t\t<\/div>\n\t\t\t\t<\/a>\n\t\t<\/article>\n\t\t\t\t<article class=\"elementor-portfolio-item elementor-post  post-3346 page type-page status-publish has-post-thumbnail hentry\" role=\"listitem\">\n\t\t\t<a class=\"elementor-post__thumbnail__link\" href=\"https:\/\/www.speziell.net\/beta\/home\/beflockte-tapeten\/\">\n\t\t\t\t<div class=\"elementor-portfolio-item__img elementor-post__thumbnail\">\n\t\t\t<img loading=\"lazy\" decoding=\"async\" width=\"800\" height=\"534\" src=\"https:\/\/www.speziell.net\/beta\/wp-content\/uploads\/2023\/05\/2005_Kreativa_Flocktapete_by_speziell_Loops_2-1024x683.jpg\" class=\"attachment-large size-large wp-image-3351\" alt=\"Das beflockte Dekor in wei\u00df auf einem naturwei\u00dfen Vlies hebt die Dreidimensionalit\u00e4t hervor\" srcset=\"https:\/\/www.speziell.net\/beta\/wp-content\/uploads\/2023\/05\/2005_Kreativa_Flocktapete_by_speziell_Loops_2-1024x683.jpg 1024w, https:\/\/www.speziell.net\/beta\/wp-content\/uploads\/2023\/05\/2005_Kreativa_Flocktapete_by_speziell_Loops_2-300x200.jpg 300w, https:\/\/www.speziell.net\/beta\/wp-content\/uploads\/2023\/05\/2005_Kreativa_Flocktapete_by_speziell_Loops_2-768x512.jpg 768w, https:\/\/www.speziell.net\/beta\/wp-content\/uploads\/2023\/05\/2005_Kreativa_Flocktapete_by_speziell_Loops_2-18x12.jpg 18w, https:\/\/www.speziell.net\/beta\/wp-content\/uploads\/2023\/05\/2005_Kreativa_Flocktapete_by_speziell_Loops_2.jpg 1500w\" sizes=\"(max-width: 800px) 100vw, 800px\" \/>\t\t<\/div>\n\t\t\t\t<div class=\"elementor-portfolio-item__overlay\">\n\t\t\t\t<h3 class=\"elementor-portfolio-item__title\">\n\t\tBEFLOCKTE TAPETEN\t\t<\/h3>\n\t\t\t\t<\/div>\n\t\t\t\t<\/a>\n\t\t<\/article>\n\t\t\t\t<article class=\"elementor-portfolio-item elementor-post  post-1943 page type-page status-publish has-post-thumbnail hentry\" role=\"listitem\">\n\t\t\t<a class=\"elementor-post__thumbnail__link\" href=\"https:\/\/www.speziell.net\/beta\/home\/aura\/\">\n\t\t\t\t<div class=\"elementor-portfolio-item__img elementor-post__thumbnail\">\n\t\t\t<img loading=\"lazy\" decoding=\"async\" width=\"800\" height=\"534\" src=\"https:\/\/www.speziell.net\/beta\/wp-content\/uploads\/2023\/03\/2005_AURA_by_speziell_board-einzeln-1024x683.jpg\" class=\"attachment-large size-large wp-image-1945\" alt=\"Aura Kollektion by Designstudio speziell\u00ae \u2013 CD-Regal mit faszinierendem Abstrahleffekt an der Wand\" srcset=\"https:\/\/www.speziell.net\/beta\/wp-content\/uploads\/2023\/03\/2005_AURA_by_speziell_board-einzeln-1024x683.jpg 1024w, https:\/\/www.speziell.net\/beta\/wp-content\/uploads\/2023\/03\/2005_AURA_by_speziell_board-einzeln-300x200.jpg 300w, https:\/\/www.speziell.net\/beta\/wp-content\/uploads\/2023\/03\/2005_AURA_by_speziell_board-einzeln-768x512.jpg 768w, https:\/\/www.speziell.net\/beta\/wp-content\/uploads\/2023\/03\/2005_AURA_by_speziell_board-einzeln-18x12.jpg 18w, https:\/\/www.speziell.net\/beta\/wp-content\/uploads\/2023\/03\/2005_AURA_by_speziell_board-einzeln.jpg 1500w\" sizes=\"(max-width: 800px) 100vw, 800px\" \/>\t\t<\/div>\n\t\t\t\t<div class=\"elementor-portfolio-item__overlay\">\n\t\t\t\t<h3 class=\"elementor-portfolio-item__title\">\n\t\tAURA\t\t<\/h3>\n\t\t\t\t<\/div>\n\t\t\t\t<\/a>\n\t\t<\/article>\n\t\t\t\t<article class=\"elementor-portfolio-item elementor-post  post-2408 page type-page status-publish has-post-thumbnail hentry\" role=\"listitem\">\n\t\t\t<a class=\"elementor-post__thumbnail__link\" href=\"https:\/\/www.speziell.net\/beta\/home\/talents\/\">\n\t\t\t\t<div class=\"elementor-portfolio-item__img elementor-post__thumbnail\">\n\t\t\t<img loading=\"lazy\" decoding=\"async\" width=\"711\" height=\"1024\" src=\"https:\/\/www.speziell.net\/beta\/wp-content\/uploads\/2023\/03\/2004_Messe-Frankfurt_Tendence_by_speziell_Aufkleber-711x1024.jpg\" class=\"attachment-large size-large wp-image-2382\" alt=\"Messe Frankfurt: Plakatentw\u00fcrfe by Designstudio speziell\u00ae \u2013 Tendence Lifestyle 2004\" srcset=\"https:\/\/www.speziell.net\/beta\/wp-content\/uploads\/2023\/03\/2004_Messe-Frankfurt_Tendence_by_speziell_Aufkleber-711x1024.jpg 711w, https:\/\/www.speziell.net\/beta\/wp-content\/uploads\/2023\/03\/2004_Messe-Frankfurt_Tendence_by_speziell_Aufkleber-208x300.jpg 208w, https:\/\/www.speziell.net\/beta\/wp-content\/uploads\/2023\/03\/2004_Messe-Frankfurt_Tendence_by_speziell_Aufkleber-768x1106.jpg 768w, https:\/\/www.speziell.net\/beta\/wp-content\/uploads\/2023\/03\/2004_Messe-Frankfurt_Tendence_by_speziell_Aufkleber-8x12.jpg 8w, https:\/\/www.speziell.net\/beta\/wp-content\/uploads\/2023\/03\/2004_Messe-Frankfurt_Tendence_by_speziell_Aufkleber.jpg 1042w\" sizes=\"(max-width: 711px) 100vw, 711px\" \/>\t\t<\/div>\n\t\t\t\t<div class=\"elementor-portfolio-item__overlay\">\n\t\t\t\t<h3 class=\"elementor-portfolio-item__title\">\n\t\tTALENTS\t\t<\/h3>\n\t\t\t\t<\/div>\n\t\t\t\t<\/a>\n\t\t<\/article>\n\t\t\t\t<article class=\"elementor-portfolio-item elementor-post  post-2247 page type-page status-publish has-post-thumbnail hentry\" role=\"listitem\">\n\t\t\t<a class=\"elementor-post__thumbnail__link\" href=\"https:\/\/www.speziell.net\/beta\/home\/polly\/\">\n\t\t\t\t<div class=\"elementor-portfolio-item__img elementor-post__thumbnail\">\n\t\t\t<img loading=\"lazy\" decoding=\"async\" width=\"763\" height=\"1024\" src=\"https:\/\/www.speziell.net\/beta\/wp-content\/uploads\/2023\/03\/2014_StudioDomo_POLLY_by_speziell_gereiht-763x1024.jpg\" class=\"attachment-large size-large wp-image-2245\" alt=\"Studio Domo: W\u00e4schesammler Polly by Designstudio speziell\u00ae \u2013 Der W\u00e4schesack besteht aus einem Abstandsgewirke f\u00fcr gute Durchl\u00fcftung, er kann abgenommen werden, um die W\u00e4sche zu transportieren\" srcset=\"https:\/\/www.speziell.net\/beta\/wp-content\/uploads\/2023\/03\/2014_StudioDomo_POLLY_by_speziell_gereiht-763x1024.jpg 763w, https:\/\/www.speziell.net\/beta\/wp-content\/uploads\/2023\/03\/2014_StudioDomo_POLLY_by_speziell_gereiht-224x300.jpg 224w, https:\/\/www.speziell.net\/beta\/wp-content\/uploads\/2023\/03\/2014_StudioDomo_POLLY_by_speziell_gereiht-768x1030.jpg 768w, https:\/\/www.speziell.net\/beta\/wp-content\/uploads\/2023\/03\/2014_StudioDomo_POLLY_by_speziell_gereiht-9x12.jpg 9w, https:\/\/www.speziell.net\/beta\/wp-content\/uploads\/2023\/03\/2014_StudioDomo_POLLY_by_speziell_gereiht.jpg 1118w\" sizes=\"(max-width: 763px) 100vw, 763px\" \/>\t\t<\/div>\n\t\t\t\t<div class=\"elementor-portfolio-item__overlay\">\n\t\t\t\t<h3 class=\"elementor-portfolio-item__title\">\n\t\tPOLLY\t\t<\/h3>\n\t\t\t\t<\/div>\n\t\t\t\t<\/a>\n\t\t<\/article>\n\t\t\t\t<article class=\"elementor-portfolio-item elementor-post  post-2085 page type-page status-publish has-post-thumbnail hentry\" role=\"listitem\">\n\t\t\t<a class=\"elementor-post__thumbnail__link\" href=\"https:\/\/www.speziell.net\/beta\/home\/butterfly\/\">\n\t\t\t\t<div class=\"elementor-portfolio-item__img elementor-post__thumbnail\">\n\t\t\t<img loading=\"lazy\" decoding=\"async\" width=\"683\" height=\"1024\" src=\"https:\/\/www.speziell.net\/beta\/wp-content\/uploads\/2023\/03\/2008_Studio-Domo_BUTTERFLY_by_speziell_4er-683x1024.jpg\" class=\"attachment-large size-large wp-image-2089\" alt=\"Studio Domo: Butterfly by Designstudio speziell\u00ae \u2013 Der flache Schuhschrank eignet sich f\u00fcr Eingangsbereiche, der Draht bildet die Struktur, die einzelnen F\u00e4cher bilden das Volumen\" srcset=\"https:\/\/www.speziell.net\/beta\/wp-content\/uploads\/2023\/03\/2008_Studio-Domo_BUTTERFLY_by_speziell_4er-683x1024.jpg 683w, https:\/\/www.speziell.net\/beta\/wp-content\/uploads\/2023\/03\/2008_Studio-Domo_BUTTERFLY_by_speziell_4er-200x300.jpg 200w, https:\/\/www.speziell.net\/beta\/wp-content\/uploads\/2023\/03\/2008_Studio-Domo_BUTTERFLY_by_speziell_4er-768x1152.jpg 768w, https:\/\/www.speziell.net\/beta\/wp-content\/uploads\/2023\/03\/2008_Studio-Domo_BUTTERFLY_by_speziell_4er-8x12.jpg 8w, https:\/\/www.speziell.net\/beta\/wp-content\/uploads\/2023\/03\/2008_Studio-Domo_BUTTERFLY_by_speziell_4er.jpg 1000w\" sizes=\"(max-width: 683px) 100vw, 683px\" \/>\t\t<\/div>\n\t\t\t\t<div class=\"elementor-portfolio-item__overlay\">\n\t\t\t\t<h3 class=\"elementor-portfolio-item__title\">\n\t\tBUTTERFLY\t\t<\/h3>\n\t\t\t\t<\/div>\n\t\t\t\t<\/a>\n\t\t<\/article>\n\t\t\t\t<article class=\"elementor-portfolio-item elementor-post  post-2337 page type-page status-publish has-post-thumbnail hentry\" role=\"listitem\">\n\t\t\t<a class=\"elementor-post__thumbnail__link\" href=\"https:\/\/www.speziell.net\/beta\/home\/flockprojekt\/\">\n\t\t\t\t<div class=\"elementor-portfolio-item__img elementor-post__thumbnail\">\n\t\t\t<img loading=\"lazy\" decoding=\"async\" width=\"758\" height=\"1024\" src=\"https:\/\/www.speziell.net\/beta\/wp-content\/uploads\/2023\/03\/2003_Flockverband_KOMMODE_by_speziell_hoch-und-niedrig-758x1024.jpg\" class=\"attachment-large size-large wp-image-2331\" alt=\"Flock Association of Europe: Produktentwicklung und Imagekampagne by Designstudio speziell\u00ae \u2013 Produktbeispiel Flockkomode, Prototyp, alle Bauteile k\u00f6nnen werkzeuglos zusammengesteckt werden\" srcset=\"https:\/\/www.speziell.net\/beta\/wp-content\/uploads\/2023\/03\/2003_Flockverband_KOMMODE_by_speziell_hoch-und-niedrig-758x1024.jpg 758w, https:\/\/www.speziell.net\/beta\/wp-content\/uploads\/2023\/03\/2003_Flockverband_KOMMODE_by_speziell_hoch-und-niedrig-222x300.jpg 222w, https:\/\/www.speziell.net\/beta\/wp-content\/uploads\/2023\/03\/2003_Flockverband_KOMMODE_by_speziell_hoch-und-niedrig-768x1037.jpg 768w, https:\/\/www.speziell.net\/beta\/wp-content\/uploads\/2023\/03\/2003_Flockverband_KOMMODE_by_speziell_hoch-und-niedrig-9x12.jpg 9w, https:\/\/www.speziell.net\/beta\/wp-content\/uploads\/2023\/03\/2003_Flockverband_KOMMODE_by_speziell_hoch-und-niedrig.jpg 1111w\" sizes=\"(max-width: 758px) 100vw, 758px\" \/>\t\t<\/div>\n\t\t\t\t<div class=\"elementor-portfolio-item__overlay\">\n\t\t\t\t<h3 class=\"elementor-portfolio-item__title\">\n\t\tFLOCK\t\t<\/h3>\n\t\t\t\t<\/div>\n\t\t\t\t<\/a>\n\t\t<\/article>\n\t\t\t\t<\/div>\n\t\t\t\t\t\t<\/div>\n\t\t\t\t<\/div>\n\t\t\t\t\t<\/div>\n\t\t<\/div>\n\t\t\t\t\t<\/div>\n\t\t<\/section>\n\t\t\t\t<\/div>\n\t\t","protected":false},"excerpt":{"rendered":"","protected":false},"author":1,"featured_media":0,"parent":0,"menu_order":0,"comment_status":"closed","ping_status":"closed","template":"","meta":{"footnotes":""},"class_list":["post-9","page","type-page","status-publish","hentry"],"_links":{"self":[{"href":"https:\/\/www.speziell.net\/beta\/wp-json\/wp\/v2\/pages\/9","targetHints":{"allow":["GET"]}}],"collection":[{"href":"https:\/\/www.speziell.net\/beta\/wp-json\/wp\/v2\/pages"}],"about":[{"href":"https:\/\/www.speziell.net\/beta\/wp-json\/wp\/v2\/types\/page"}],"author":[{"embeddable":true,"href":"https:\/\/www.speziell.net\/beta\/wp-json\/wp\/v2\/users\/1"}],"replies":[{"embeddable":true,"href":"https:\/\/www.speziell.net\/beta\/wp-json\/wp\/v2\/comments?post=9"}],"version-history":[{"count":260,"href":"https:\/\/www.speziell.net\/beta\/wp-json\/wp\/v2\/pages\/9\/revisions"}],"predecessor-version":[{"id":5869,"href":"https:\/\/www.speziell.net\/beta\/wp-json\/wp\/v2\/pages\/9\/revisions\/5869"}],"wp:attachment":[{"href":"https:\/\/www.speziell.net\/beta\/wp-json\/wp\/v2\/media?parent=9"}],"curies":[{"name":"wp","href":"https:\/\/api.w.org\/{rel}","templated":true}]}}